{"id":7698,"date":"2023-01-10T20:47:34","date_gmt":"2023-01-10T18:47:34","guid":{"rendered":"https:\/\/v2.eagora.app\/coneixement\/"},"modified":"2023-02-06T16:51:33","modified_gmt":"2023-02-06T14:51:33","slug":"coneixement","status":"publish","type":"page","link":"https:\/\/www.eagora.app\/ca\/coneixement\/","title":{"rendered":"Coneixement"},"content":{"rendered":"\t\t<div data-elementor-type=\"wp-page\" data-elementor-id=\"7698\" class=\"elementor elementor-7698 elementor-1353\" data-elementor-post-type=\"page\">\n\t\t\t\t\t\t<section class=\"elementor-section elementor-top-section elementor-element elementor-element-0f529b2 elementor-section-boxed elementor-section-height-default elementor-section-height-default\" data-id=\"0f529b2\" data-element_type=\"section\" data-e-type=\"section\">\n\t\t\t\t\t\t<div class=\"elementor-container elementor-column-gap-default\">\n\t\t\t\t\t<div class=\"elementor-column elementor-col-100 elementor-top-column elementor-element elementor-element-e2da431\" data-id=\"e2da431\" data-element_type=\"column\" data-e-type=\"column\">\n\t\t\t<div class=\"elementor-widget-wrap\">\n\t\t\t\t\t\t\t<\/div>\n\t\t<\/div>\n\t\t\t\t\t<\/div>\n\t\t<\/section>\n\t\t\t\t<section class=\"elementor-section elementor-top-section elementor-element elementor-element-f6ab197 container elementor-section-boxed elementor-section-height-default elementor-section-height-default\" data-id=\"f6ab197\" data-element_type=\"section\" data-e-type=\"section\" data-settings=\"{&quot;background_background&quot;:&quot;classic&quot;}\">\n\t\t\t\t\t\t<div class=\"elementor-container elementor-column-gap-default\">\n\t\t\t\t\t<div class=\"elementor-column elementor-col-100 elementor-top-column elementor-element elementor-element-c3a8f83\" data-id=\"c3a8f83\" data-element_type=\"column\" data-e-type=\"column\">\n\t\t\t<div class=\"elementor-widget-wrap elementor-element-populated\">\n\t\t\t\t\t\t<section class=\"elementor-section elementor-inner-section elementor-element elementor-element-28eb6f2 elementor-section-boxed elementor-section-height-default elementor-section-height-default\" data-id=\"28eb6f2\" data-element_type=\"section\" data-e-type=\"section\">\n\t\t\t\t\t\t<div class=\"elementor-container elementor-column-gap-default\">\n\t\t\t\t\t<div class=\"elementor-column elementor-col-100 elementor-inner-column elementor-element elementor-element-c79c05a\" data-id=\"c79c05a\" data-element_type=\"column\" data-e-type=\"column\">\n\t\t\t<div class=\"elementor-widget-wrap elementor-element-populated\">\n\t\t\t\t\t\t<div class=\"elementor-element elementor-element-c91da15 elementor-widget elementor-widget-heading\" data-id=\"c91da15\" data-element_type=\"widget\" data-e-type=\"widget\" data-widget_type=\"heading.default\">\n\t\t\t\t<div class=\"elementor-widget-container\">\n\t\t\t\t\t<h1 class=\"elementor-heading-title elementor-size-default\">Coneixement<\/h1>\t\t\t\t<\/div>\n\t\t\t\t<\/div>\n\t\t\t\t<div class=\"elementor-element elementor-element-9156cba elementor-widget elementor-widget-text-editor\" data-id=\"9156cba\" data-element_type=\"widget\" data-e-type=\"widget\" data-widget_type=\"text-editor.default\">\n\t\t\t\t<div class=\"elementor-widget-container\">\n\t\t\t\t\t\t\t\t\t<p>El coneixement \u00e9s un dels pilars d&#8217;aquesta comunitat, descobreix la biblioteca de l&#8217;\u00c0gora i fes-la teva.<\/p>\n\t\t\t\t\t\t\t\t<\/div>\n\t\t\t\t<\/div>\n\t\t\t\t\t<\/div>\n\t\t<\/div>\n\t\t\t\t\t<\/div>\n\t\t<\/section>\n\t\t\t\t<section class=\"elementor-section elementor-inner-section elementor-element elementor-element-4c537ba elementor-section-boxed elementor-section-height-default elementor-section-height-default\" data-id=\"4c537ba\" data-element_type=\"section\" data-e-type=\"section\">\n\t\t\t\t\t\t<div class=\"elementor-container elementor-column-gap-default\">\n\t\t\t\t\t<div class=\"elementor-column elementor-col-100 elementor-inner-column elementor-element elementor-element-9f3b229\" data-id=\"9f3b229\" data-element_type=\"column\" data-e-type=\"column\">\n\t\t\t<div class=\"elementor-widget-wrap elementor-element-populated\">\n\t\t\t\t\t\t<div class=\"elementor-element elementor-element-3addc88 elementor-tabs-alignment-center conocimiento-tab elementor-tabs-view-horizontal elementor-widget elementor-widget-tabs\" data-id=\"3addc88\" data-element_type=\"widget\" data-e-type=\"widget\" data-widget_type=\"tabs.default\">\n\t\t\t\t<div class=\"elementor-widget-container\">\n\t\t\t\t\t\t\t<div class=\"elementor-tabs\">\n\t\t\t<div class=\"elementor-tabs-wrapper\" role=\"tablist\" >\n\t\t\t\t\t\t\t\t\t<div id=\"elementor-tab-title-6171\" class=\"elementor-tab-title elementor-tab-desktop-title\" aria-selected=\"true\" data-tab=\"1\" role=\"tab\" tabindex=\"0\" aria-controls=\"elementor-tab-content-6171\" aria-expanded=\"false\">Tots<\/div>\n\t\t\t\t\t\t\t\t\t<div id=\"elementor-tab-title-6172\" class=\"elementor-tab-title elementor-tab-desktop-title\" aria-selected=\"false\" data-tab=\"2\" role=\"tab\" tabindex=\"-1\" aria-controls=\"elementor-tab-content-6172\" aria-expanded=\"false\">Not\u00edcies<\/div>\n\t\t\t\t\t\t\t\t\t<div id=\"elementor-tab-title-6173\" class=\"elementor-tab-title elementor-tab-desktop-title\" aria-selected=\"false\" data-tab=\"3\" role=\"tab\" tabindex=\"-1\" aria-controls=\"elementor-tab-content-6173\" aria-expanded=\"false\">Articles<\/div>\n\t\t\t\t\t\t\t\t\t<div id=\"elementor-tab-title-6174\" class=\"elementor-tab-title elementor-tab-desktop-title\" aria-selected=\"false\" data-tab=\"4\" role=\"tab\" tabindex=\"-1\" aria-controls=\"elementor-tab-content-6174\" aria-expanded=\"false\">Tutorials<\/div>\n\t\t\t\t\t\t\t\t\t<div id=\"elementor-tab-title-6175\" class=\"elementor-tab-title elementor-tab-desktop-title\" aria-selected=\"false\" data-tab=\"5\" role=\"tab\" tabindex=\"-1\" aria-controls=\"elementor-tab-content-6175\" aria-expanded=\"false\">Clipping premsa<\/div>\n\t\t\t\t\t\t\t\t\t<div id=\"elementor-tab-title-6176\" class=\"elementor-tab-title elementor-tab-desktop-title\" aria-selected=\"false\" data-tab=\"6\" role=\"tab\" tabindex=\"-1\" aria-controls=\"elementor-tab-content-6176\" aria-expanded=\"false\">Casos d'\u00e8xit<\/div>\n\t\t\t\t\t\t\t<\/div>\n\t\t\t<div class=\"elementor-tabs-content-wrapper\" role=\"tablist\" aria-orientation=\"vertical\">\n\t\t\t\t\t\t\t\t\t<div class=\"elementor-tab-title elementor-tab-mobile-title\" aria-selected=\"true\" data-tab=\"1\" role=\"tab\" tabindex=\"0\" aria-controls=\"elementor-tab-content-6171\" aria-expanded=\"false\">Tots<\/div>\n\t\t\t\t\t<div id=\"elementor-tab-content-6171\" class=\"elementor-tab-content elementor-clearfix\" data-tab=\"1\" role=\"tabpanel\" aria-labelledby=\"elementor-tab-title-6171\" tabindex=\"0\" hidden=\"false\">\t\t<div data-elementor-type=\"section\" data-elementor-id=\"7130\" class=\"elementor elementor-7130 elementor-2904\" data-elementor-post-type=\"elementor_library\">\n\t\t\t\t\t<section class=\"elementor-section elementor-top-section elementor-element elementor-element-d3ea3b6 elementor-section-boxed elementor-section-height-default elementor-section-height-default\" data-id=\"d3ea3b6\" data-element_type=\"section\" data-e-type=\"section\" id=\"infinit-pagination\" data-settings=\"{&quot;background_background&quot;:&quot;classic&quot;}\">\n\t\t\t\t\t\t<div class=\"elementor-container elementor-column-gap-default\">\n\t\t\t\t\t<div class=\"elementor-column elementor-col-100 elementor-top-column elementor-element elementor-element-8a9a8f0\" data-id=\"8a9a8f0\" data-element_type=\"column\" data-e-type=\"column\">\n\t\t\t<div class=\"elementor-widget-wrap elementor-element-populated\">\n\t\t\t\t\t\t<div class=\"elementor-element elementor-element-8226a2d elementor-grid-1 conocimiento sticky elementor-grid-tablet-2 elementor-grid-mobile-1 elementor-posts--thumbnail-top elementor-posts__hover-gradient elementor-widget elementor-widget-posts\" data-id=\"8226a2d\" data-element_type=\"widget\" data-e-type=\"widget\" data-settings=\"{&quot;cards_columns&quot;:&quot;1&quot;,&quot;cards_columns_tablet&quot;:&quot;2&quot;,&quot;cards_columns_mobile&quot;:&quot;1&quot;,&quot;cards_row_gap&quot;:{&quot;unit&quot;:&quot;px&quot;,&quot;size&quot;:35,&quot;sizes&quot;:[]},&quot;cards_row_gap_tablet&quot;:{&quot;unit&quot;:&quot;px&quot;,&quot;size&quot;:&quot;&quot;,&quot;sizes&quot;:[]},&quot;cards_row_gap_mobile&quot;:{&quot;unit&quot;:&quot;px&quot;,&quot;size&quot;:&quot;&quot;,&quot;sizes&quot;:[]}}\" data-widget_type=\"posts.cards\">\n\t\t\t\t<div class=\"elementor-widget-container\">\n\t\t\t\t\t\t\t<div class=\"elementor-posts-container elementor-posts elementor-posts--skin-cards elementor-grid\" role=\"list\">\n\t\t\t\t<article class=\"elementor-post elementor-grid-item post-50285 post type-post status-publish format-standard hentry category-articles-ca category-noticies\" role=\"listitem\">\n\t\t\t<div class=\"elementor-post__card\">\n\t\t\t\t<div class=\"elementor-post__text\">\n\t\t\t\t<h3 class=\"elementor-post__title\">\n\t\t\t<a href=\"https:\/\/www.eagora.app\/ca\/tasabasuras\/\" >\n\t\t\t\tTasa de Basuras i eAgora: ajuntaments que ja ho fan f\u00e0cil\t\t\t<\/a>\n\t\t<\/h3>\n\t\t\t\t<div class=\"elementor-post__excerpt\">\n\t\t\t<p>A partir d&#8217;abril de 2025, els ajuntaments han d&#8217;aplicar la nova taxa d&#8217;escombraries amb bonificacions per als qui gestionin correctament els seus residus. Aquesta mesura<\/p>\n\t\t<\/div>\n\t\t\n\t\t<a class=\"elementor-post__read-more\" href=\"https:\/\/www.eagora.app\/ca\/tasabasuras\/\" aria-label=\"Read more about Tasa de Basuras i eAgora: ajuntaments que ja ho fan f\u00e0cil\" tabindex=\"-1\" >\n\t\t\tContinuar llegint \u00bb\t\t<\/a>\n\n\t\t\t\t<\/div>\n\t\t\t\t<div class=\"elementor-post__meta-data\">\n\t\t\t\t\t<span class=\"elementor-post-date\">\n\t\t\t5 de febrer de 2025\t\t<\/span>\n\t\t\t\t<\/div>\n\t\t\t\t\t<\/div>\n\t\t<\/article>\n\t\t\t\t<\/div>\n\t\t\n\t\t\t\t\t\t<\/div>\n\t\t\t\t<\/div>\n\t\t\t\t<div class=\"elementor-element elementor-element-bd9bb14 elementor-widget elementor-widget-html\" data-id=\"bd9bb14\" data-element_type=\"widget\" data-e-type=\"widget\" data-widget_type=\"html.default\">\n\t\t\t\t<div class=\"elementor-widget-container\">\n\t\t\t\t\t<script>jQuery(document).ready(function($) {\n  \/\/ Get all elements with data-next-page attribute\n  var elementsWithDataNextPage = $('[data-next-page]');\n  \n  \/\/ Loop through each element\n  elementsWithDataNextPage.each(function() {\n    \/\/ Access the value of the data-next-page attribute\n    var nextPageValue = $(this).data('next-page');\n    var page = $(this).data('page');\n    let maxPage = $(this).data('max-page');\n    if (page <maxPage) { \/\/ Replace the number in the data-next-page attribute with the incremented value $(this).attr('data-next-page', nextPageValue.replace(\/(\\d+)\/, 'page\/' + (page + 1))); } }); }); <\/script>\t\t\t\t<\/div>\n\t\t\t\t<\/div>\n\t\t\t\t<div class=\"elementor-element elementor-element-a7ebdb8 conocimiento elementor-grid-3 elementor-grid-tablet-2 elementor-grid-mobile-1 elementor-posts--thumbnail-top elementor-posts__hover-gradient elementor-widget elementor-widget-posts\" data-id=\"a7ebdb8\" data-element_type=\"widget\" data-e-type=\"widget\" data-settings=\"{&quot;pagination_type&quot;:&quot;load_more_infinite_scroll&quot;,&quot;cards_row_gap&quot;:{&quot;unit&quot;:&quot;px&quot;,&quot;size&quot;:40,&quot;sizes&quot;:[]},&quot;cards_columns&quot;:&quot;3&quot;,&quot;cards_columns_tablet&quot;:&quot;2&quot;,&quot;cards_columns_mobile&quot;:&quot;1&quot;,&quot;cards_row_gap_tablet&quot;:{&quot;unit&quot;:&quot;px&quot;,&quot;size&quot;:&quot;&quot;,&quot;sizes&quot;:[]},&quot;cards_row_gap_mobile&quot;:{&quot;unit&quot;:&quot;px&quot;,&quot;size&quot;:&quot;&quot;,&quot;sizes&quot;:[]},&quot;load_more_spinner&quot;:{&quot;value&quot;:&quot;fas fa-spinner&quot;,&quot;library&quot;:&quot;fa-solid&quot;}}\" data-widget_type=\"posts.cards\">\n\t\t\t\t<div class=\"elementor-widget-container\">\n\t\t\t\t\t\t\t<div class=\"elementor-posts-container elementor-posts elementor-posts--skin-cards elementor-grid\" role=\"list\">\n\t\t\t\t<article class=\"elementor-post elementor-grid-item post-27985 post type-post status-publish format-standard has-post-thumbnail hentry category-tutorials\" role=\"listitem\">\n\t\t\t<div class=\"elementor-post__card\">\n\t\t\t\t<a class=\"elementor-post__thumbnail__link\" href=\"https:\/\/www.eagora.app\/ca\/conocimiento\/condicions-i-acord-dus-del-servei-de-tpv-eagora-per-a-venda-de-tiquets-mitjancant-la-plataforma-eagora\/\" tabindex=\"-1\" ><div class=\"elementor-post__thumbnail\"><img decoding=\"async\" width=\"300\" height=\"138\" src=\"https:\/\/www.eagora.app\/wp-content\/uploads\/2024\/04\/TPV_eAgora-1-300x138.jpg\" class=\"attachment-medium size-medium wp-image-27926\" alt=\"TPV_eAgora\" srcset=\"https:\/\/www.eagora.app\/wp-content\/uploads\/2024\/04\/TPV_eAgora-1-300x138.jpg 300w, https:\/\/www.eagora.app\/wp-content\/uploads\/2024\/04\/TPV_eAgora-1-1024x469.jpg 1024w, https:\/\/www.eagora.app\/wp-content\/uploads\/2024\/04\/TPV_eAgora-1-768x352.jpg 768w, https:\/\/www.eagora.app\/wp-content\/uploads\/2024\/04\/TPV_eAgora-1-600x275.jpg 600w, https:\/\/www.eagora.app\/wp-content\/uploads\/2024\/04\/TPV_eAgora-1.jpg 1200w\" sizes=\"(max-width: 300px) 100vw, 300px\" \/><\/div><\/a>\n\t\t\t\t<div class=\"elementor-post__badge\">Tutorials<\/div>\n\t\t\t\t<div class=\"elementor-post__text\">\n\t\t\t\t<h3 class=\"elementor-post__title\">\n\t\t\t<a href=\"https:\/\/www.eagora.app\/ca\/conocimiento\/condicions-i-acord-dus-del-servei-de-tpv-eagora-per-a-venda-de-tiquets-mitjancant-la-plataforma-eagora\/\" >\n\t\t\t\tCondicions i Acord d&#8217;\u00das Del Servei de Tpv eAgora per a Venda de Tiquets Mitjan\u00e7ant la Plataforma eAgora\t\t\t<\/a>\n\t\t<\/h3>\n\t\t\t\t<div class=\"elementor-post__excerpt\">\n\t\t\t<p>Condicions i acord d&#8217;\u00fas del servei de tpv eagora per a venda de tiquets mitjan\u00e7ant la plataforma eAgora \u00c9s objecte d&#8217;aquestes condicions determinar el servei<\/p>\n\t\t<\/div>\n\t\t\n\t\t<a class=\"elementor-post__read-more\" href=\"https:\/\/www.eagora.app\/ca\/conocimiento\/condicions-i-acord-dus-del-servei-de-tpv-eagora-per-a-venda-de-tiquets-mitjancant-la-plataforma-eagora\/\" aria-label=\"Read more about Condicions i Acord d&#8217;\u00das Del Servei de Tpv eAgora per a Venda de Tiquets Mitjan\u00e7ant la Plataforma eAgora\" tabindex=\"-1\" >\n\t\t\tContinuar llegint \u00bb\t\t<\/a>\n\n\t\t\t\t<\/div>\n\t\t\t\t<div class=\"elementor-post__meta-data\">\n\t\t\t\t\t<span class=\"elementor-post-date\">\n\t\t\t29 d'abril de 2024\t\t<\/span>\n\t\t\t\t<\/div>\n\t\t\t\t\t<\/div>\n\t\t<\/article>\n\t\t\t\t<article class=\"elementor-post elementor-grid-item post-23216 post type-post status-publish format-standard has-post-thumbnail hentry category-articles-ca\" role=\"listitem\">\n\t\t\t<div class=\"elementor-post__card\">\n\t\t\t\t<a class=\"elementor-post__thumbnail__link\" href=\"https:\/\/www.eagora.app\/ca\/conocimiento\/kit-digital-a-eagora-impulsant-la-transformacio-digital-de-les-empreses\/\" tabindex=\"-1\" ><div class=\"elementor-post__thumbnail\"><img decoding=\"async\" width=\"300\" height=\"141\" src=\"https:\/\/www.eagora.app\/wp-content\/uploads\/2024\/02\/KIT_DIGITAL_EAGORA-300x141.jpg\" class=\"attachment-medium size-medium wp-image-23092\" alt=\"Kit Digital\" srcset=\"https:\/\/www.eagora.app\/wp-content\/uploads\/2024\/02\/KIT_DIGITAL_EAGORA-300x141.jpg 300w, https:\/\/www.eagora.app\/wp-content\/uploads\/2024\/02\/KIT_DIGITAL_EAGORA-1024x480.jpg 1024w, https:\/\/www.eagora.app\/wp-content\/uploads\/2024\/02\/KIT_DIGITAL_EAGORA-768x360.jpg 768w, https:\/\/www.eagora.app\/wp-content\/uploads\/2024\/02\/KIT_DIGITAL_EAGORA-1536x720.jpg 1536w, https:\/\/www.eagora.app\/wp-content\/uploads\/2024\/02\/KIT_DIGITAL_EAGORA-600x281.jpg 600w, https:\/\/www.eagora.app\/wp-content\/uploads\/2024\/02\/KIT_DIGITAL_EAGORA.jpg 2030w\" sizes=\"(max-width: 300px) 100vw, 300px\" \/><\/div><\/a>\n\t\t\t\t<div class=\"elementor-post__badge\">Articles<\/div>\n\t\t\t\t<div class=\"elementor-post__text\">\n\t\t\t\t<h3 class=\"elementor-post__title\">\n\t\t\t<a href=\"https:\/\/www.eagora.app\/ca\/conocimiento\/kit-digital-a-eagora-impulsant-la-transformacio-digital-de-les-empreses\/\" >\n\t\t\t\tKit Digital a eAgora?: Impulsant la Transformaci\u00f3 Digital de les Empreses\t\t\t<\/a>\n\t\t<\/h3>\n\t\t\t\t<div class=\"elementor-post__excerpt\">\n\t\t\t<p>Impulsant la Transformaci\u00f3 Digital de les Empreses amb el Kit Digital eAgora En plena era digital, les empreses busquen constantment maneres d&#8217;adaptar-se i prosperar. Aqu\u00ed<\/p>\n\t\t<\/div>\n\t\t\n\t\t<a class=\"elementor-post__read-more\" href=\"https:\/\/www.eagora.app\/ca\/conocimiento\/kit-digital-a-eagora-impulsant-la-transformacio-digital-de-les-empreses\/\" aria-label=\"Read more about Kit Digital a eAgora?: Impulsant la Transformaci\u00f3 Digital de les Empreses\" tabindex=\"-1\" >\n\t\t\tContinuar llegint \u00bb\t\t<\/a>\n\n\t\t\t\t<\/div>\n\t\t\t\t<div class=\"elementor-post__meta-data\">\n\t\t\t\t\t<span class=\"elementor-post-date\">\n\t\t\t29 de febrer de 2024\t\t<\/span>\n\t\t\t\t<\/div>\n\t\t\t\t\t<\/div>\n\t\t<\/article>\n\t\t\t\t<article class=\"elementor-post elementor-grid-item post-21952 post type-post status-publish format-standard has-post-thumbnail hentry category-articles-ca\" role=\"listitem\">\n\t\t\t<div class=\"elementor-post__card\">\n\t\t\t\t<a class=\"elementor-post__thumbnail__link\" href=\"https:\/\/www.eagora.app\/ca\/conocimiento\/10-idees-per-a-recaptar-fons-per-nadal-i-la-plataforma-eagora-per-a-gestionar-ho\/\" tabindex=\"-1\" ><div class=\"elementor-post__thumbnail\"><img fetchpriority=\"high\" decoding=\"async\" width=\"300\" height=\"169\" src=\"https:\/\/www.eagora.app\/wp-content\/uploads\/2023\/12\/10-Ideas-para-recaudar-fondos-en-Navidad-y-la-plataforma-eAgora-para-gestionarlo-300x169.jpg\" class=\"attachment-medium size-medium wp-image-21847\" alt=\"10 Ideas para recaudar fondos en Navidad y la plataforma eAgora para gestionarlo\" srcset=\"https:\/\/www.eagora.app\/wp-content\/uploads\/2023\/12\/10-Ideas-para-recaudar-fondos-en-Navidad-y-la-plataforma-eAgora-para-gestionarlo-300x169.jpg 300w, https:\/\/www.eagora.app\/wp-content\/uploads\/2023\/12\/10-Ideas-para-recaudar-fondos-en-Navidad-y-la-plataforma-eAgora-para-gestionarlo-1024x576.jpg 1024w, https:\/\/www.eagora.app\/wp-content\/uploads\/2023\/12\/10-Ideas-para-recaudar-fondos-en-Navidad-y-la-plataforma-eAgora-para-gestionarlo-768x432.jpg 768w, https:\/\/www.eagora.app\/wp-content\/uploads\/2023\/12\/10-Ideas-para-recaudar-fondos-en-Navidad-y-la-plataforma-eAgora-para-gestionarlo-1536x864.jpg 1536w, https:\/\/www.eagora.app\/wp-content\/uploads\/2023\/12\/10-Ideas-para-recaudar-fondos-en-Navidad-y-la-plataforma-eAgora-para-gestionarlo-600x338.jpg 600w, https:\/\/www.eagora.app\/wp-content\/uploads\/2023\/12\/10-Ideas-para-recaudar-fondos-en-Navidad-y-la-plataforma-eAgora-para-gestionarlo.jpg 1920w\" sizes=\"(max-width: 300px) 100vw, 300px\" \/><\/div><\/a>\n\t\t\t\t<div class=\"elementor-post__badge\">Articles<\/div>\n\t\t\t\t<div class=\"elementor-post__text\">\n\t\t\t\t<h3 class=\"elementor-post__title\">\n\t\t\t<a href=\"https:\/\/www.eagora.app\/ca\/conocimiento\/10-idees-per-a-recaptar-fons-per-nadal-i-la-plataforma-eagora-per-a-gestionar-ho\/\" >\n\t\t\t\t10 Idees per a recaptar fons per Nadal i la plataforma eAgora per a gestionar-ho\t\t\t<\/a>\n\t\t<\/h3>\n\t\t\t\t<div class=\"elementor-post__excerpt\">\n\t\t\t<p>La temporada de Nadal \u00e9s el moment perfecte per a compartir alegria i generar un impacte positiu. \u00c9s per aix\u00f2 que moltes organitzacions aprofiten per<\/p>\n\t\t<\/div>\n\t\t\n\t\t<a class=\"elementor-post__read-more\" href=\"https:\/\/www.eagora.app\/ca\/conocimiento\/10-idees-per-a-recaptar-fons-per-nadal-i-la-plataforma-eagora-per-a-gestionar-ho\/\" aria-label=\"Read more about 10 Idees per a recaptar fons per Nadal i la plataforma eAgora per a gestionar-ho\" tabindex=\"-1\" >\n\t\t\tContinuar llegint \u00bb\t\t<\/a>\n\n\t\t\t\t<\/div>\n\t\t\t\t<div class=\"elementor-post__meta-data\">\n\t\t\t\t\t<span class=\"elementor-post-date\">\n\t\t\t27 de desembre de 2023\t\t<\/span>\n\t\t\t\t<\/div>\n\t\t\t\t\t<\/div>\n\t\t<\/article>\n\t\t\t\t<article class=\"elementor-post elementor-grid-item post-21827 post type-post status-publish format-standard has-post-thumbnail hentry category-articles-ca\" role=\"listitem\">\n\t\t\t<div class=\"elementor-post__card\">\n\t\t\t\t<a class=\"elementor-post__thumbnail__link\" href=\"https:\/\/www.eagora.app\/ca\/conocimiento\/carnet-de-soci-digital-la-revolucio-en-la-gestio-associativa-amb-innovacio-i-comoditat\/\" tabindex=\"-1\" ><div class=\"elementor-post__thumbnail\"><img loading=\"lazy\" decoding=\"async\" width=\"300\" height=\"169\" src=\"https:\/\/www.eagora.app\/wp-content\/uploads\/2023\/12\/Carnet-de-Socio-Digital-La-revolucion-en-la-gestion-asociativa-con-innovacion-y-comodidad-300x169.jpg\" class=\"attachment-medium size-medium wp-image-21814\" alt=\"Carnet de Socio Digital: La revoluci\u00f3n en la gesti\u00f3n asociativa con innovaci\u00f3n y comodidad\" srcset=\"https:\/\/www.eagora.app\/wp-content\/uploads\/2023\/12\/Carnet-de-Socio-Digital-La-revolucion-en-la-gestion-asociativa-con-innovacion-y-comodidad-300x169.jpg 300w, https:\/\/www.eagora.app\/wp-content\/uploads\/2023\/12\/Carnet-de-Socio-Digital-La-revolucion-en-la-gestion-asociativa-con-innovacion-y-comodidad-1024x576.jpg 1024w, https:\/\/www.eagora.app\/wp-content\/uploads\/2023\/12\/Carnet-de-Socio-Digital-La-revolucion-en-la-gestion-asociativa-con-innovacion-y-comodidad-768x432.jpg 768w, https:\/\/www.eagora.app\/wp-content\/uploads\/2023\/12\/Carnet-de-Socio-Digital-La-revolucion-en-la-gestion-asociativa-con-innovacion-y-comodidad-1536x864.jpg 1536w, https:\/\/www.eagora.app\/wp-content\/uploads\/2023\/12\/Carnet-de-Socio-Digital-La-revolucion-en-la-gestion-asociativa-con-innovacion-y-comodidad-600x338.jpg 600w, https:\/\/www.eagora.app\/wp-content\/uploads\/2023\/12\/Carnet-de-Socio-Digital-La-revolucion-en-la-gestion-asociativa-con-innovacion-y-comodidad.jpg 1920w\" sizes=\"(max-width: 300px) 100vw, 300px\" \/><\/div><\/a>\n\t\t\t\t<div class=\"elementor-post__badge\">Articles<\/div>\n\t\t\t\t<div class=\"elementor-post__text\">\n\t\t\t\t<h3 class=\"elementor-post__title\">\n\t\t\t<a href=\"https:\/\/www.eagora.app\/ca\/conocimiento\/carnet-de-soci-digital-la-revolucio-en-la-gestio-associativa-amb-innovacio-i-comoditat\/\" >\n\t\t\t\tCarnet de Soci Digital: La revoluci\u00f3 en la gesti\u00f3 associativa amb innovaci\u00f3 i comoditat\t\t\t<\/a>\n\t\t<\/h3>\n\t\t\t\t<div class=\"elementor-post__excerpt\">\n\t\t\t<p>La gesti\u00f3 de socis en qualsevol organitzaci\u00f3 ha aconseguit un nou nivell d&#8217;efici\u00e8ncia i comoditat amb la introducci\u00f3 del Carnet de Soci Digital. En aquest<\/p>\n\t\t<\/div>\n\t\t\n\t\t<a class=\"elementor-post__read-more\" href=\"https:\/\/www.eagora.app\/ca\/conocimiento\/carnet-de-soci-digital-la-revolucio-en-la-gestio-associativa-amb-innovacio-i-comoditat\/\" aria-label=\"Read more about Carnet de Soci Digital: La revoluci\u00f3 en la gesti\u00f3 associativa amb innovaci\u00f3 i comoditat\" tabindex=\"-1\" >\n\t\t\tContinuar llegint \u00bb\t\t<\/a>\n\n\t\t\t\t<\/div>\n\t\t\t\t<div class=\"elementor-post__meta-data\">\n\t\t\t\t\t<span class=\"elementor-post-date\">\n\t\t\t21 de desembre de 2023\t\t<\/span>\n\t\t\t\t<\/div>\n\t\t\t\t\t<\/div>\n\t\t<\/article>\n\t\t\t\t<article class=\"elementor-post elementor-grid-item post-21728 post type-post status-publish format-standard has-post-thumbnail hentry category-articles-ca\" role=\"listitem\">\n\t\t\t<div class=\"elementor-post__card\">\n\t\t\t\t<a class=\"elementor-post__thumbnail__link\" href=\"https:\/\/www.eagora.app\/ca\/conocimiento\/estrategies-infallibles-per-a-augmentar-lassistencia-als-teus-esdeveniments\/\" tabindex=\"-1\" ><div class=\"elementor-post__thumbnail\"><img loading=\"lazy\" decoding=\"async\" width=\"300\" height=\"169\" src=\"https:\/\/www.eagora.app\/wp-content\/uploads\/2023\/12\/Estrategias-infalibles-para-aumentar-la-asistencia-a-tus-eventos-300x169.jpg\" class=\"attachment-medium size-medium wp-image-21706\" alt=\"Estrategias infalibles para aumentar la asistencia a tus eventos\" srcset=\"https:\/\/www.eagora.app\/wp-content\/uploads\/2023\/12\/Estrategias-infalibles-para-aumentar-la-asistencia-a-tus-eventos-300x169.jpg 300w, https:\/\/www.eagora.app\/wp-content\/uploads\/2023\/12\/Estrategias-infalibles-para-aumentar-la-asistencia-a-tus-eventos-1024x576.jpg 1024w, https:\/\/www.eagora.app\/wp-content\/uploads\/2023\/12\/Estrategias-infalibles-para-aumentar-la-asistencia-a-tus-eventos-768x432.jpg 768w, https:\/\/www.eagora.app\/wp-content\/uploads\/2023\/12\/Estrategias-infalibles-para-aumentar-la-asistencia-a-tus-eventos-1536x864.jpg 1536w, https:\/\/www.eagora.app\/wp-content\/uploads\/2023\/12\/Estrategias-infalibles-para-aumentar-la-asistencia-a-tus-eventos-600x338.jpg 600w, https:\/\/www.eagora.app\/wp-content\/uploads\/2023\/12\/Estrategias-infalibles-para-aumentar-la-asistencia-a-tus-eventos.jpg 1920w\" sizes=\"(max-width: 300px) 100vw, 300px\" \/><\/div><\/a>\n\t\t\t\t<div class=\"elementor-post__badge\">Articles<\/div>\n\t\t\t\t<div class=\"elementor-post__text\">\n\t\t\t\t<h3 class=\"elementor-post__title\">\n\t\t\t<a href=\"https:\/\/www.eagora.app\/ca\/conocimiento\/estrategies-infallibles-per-a-augmentar-lassistencia-als-teus-esdeveniments\/\" >\n\t\t\t\tEstrat\u00e8gies infal\u00b7libles per a augmentar l&#8217;assist\u00e8ncia als teus esdeveniments\t\t\t<\/a>\n\t\t<\/h3>\n\t\t\t\t<div class=\"elementor-post__excerpt\">\n\t\t\t<p>Organitzar un esdeveniment reeixit va m\u00e9s enll\u00e0 de tenir una excel\u00b7lent proposta; la clau est\u00e0 a assegurar-se que l&#8217;audi\u00e8ncia adequada sigui present per a gaudir-ho.<\/p>\n\t\t<\/div>\n\t\t\n\t\t<a class=\"elementor-post__read-more\" href=\"https:\/\/www.eagora.app\/ca\/conocimiento\/estrategies-infallibles-per-a-augmentar-lassistencia-als-teus-esdeveniments\/\" aria-label=\"Read more about Estrat\u00e8gies infal\u00b7libles per a augmentar l&#8217;assist\u00e8ncia als teus esdeveniments\" tabindex=\"-1\" >\n\t\t\tContinuar llegint \u00bb\t\t<\/a>\n\n\t\t\t\t<\/div>\n\t\t\t\t<div class=\"elementor-post__meta-data\">\n\t\t\t\t\t<span class=\"elementor-post-date\">\n\t\t\t14 de desembre de 2023\t\t<\/span>\n\t\t\t\t<\/div>\n\t\t\t\t\t<\/div>\n\t\t<\/article>\n\t\t\t\t<article class=\"elementor-post elementor-grid-item post-21722 post type-post status-publish format-standard has-post-thumbnail hentry category-noticies\" role=\"listitem\">\n\t\t\t<div class=\"elementor-post__card\">\n\t\t\t\t<a class=\"elementor-post__thumbnail__link\" href=\"https:\/\/www.eagora.app\/ca\/conocimiento\/eagora-arriba-a-portugal-vila-nova-danha-inaugura-la-primera-agora-portuguesa\/\" tabindex=\"-1\" ><div class=\"elementor-post__thumbnail\"><img loading=\"lazy\" decoding=\"async\" width=\"300\" height=\"169\" src=\"https:\/\/www.eagora.app\/wp-content\/uploads\/2023\/12\/Vila-Nova-de-Anha-se-une-a-eAgora-una-revolucion-en-su-conexion-comunitaria-300x169.jpg\" class=\"attachment-medium size-medium wp-image-21638\" alt=\"Vila Nova de Anha se une a eAgora: una revoluci\u00f3n en su conexi\u00f3n comunitaria\" srcset=\"https:\/\/www.eagora.app\/wp-content\/uploads\/2023\/12\/Vila-Nova-de-Anha-se-une-a-eAgora-una-revolucion-en-su-conexion-comunitaria-300x169.jpg 300w, https:\/\/www.eagora.app\/wp-content\/uploads\/2023\/12\/Vila-Nova-de-Anha-se-une-a-eAgora-una-revolucion-en-su-conexion-comunitaria-1024x576.jpg 1024w, https:\/\/www.eagora.app\/wp-content\/uploads\/2023\/12\/Vila-Nova-de-Anha-se-une-a-eAgora-una-revolucion-en-su-conexion-comunitaria-768x432.jpg 768w, https:\/\/www.eagora.app\/wp-content\/uploads\/2023\/12\/Vila-Nova-de-Anha-se-une-a-eAgora-una-revolucion-en-su-conexion-comunitaria-1536x864.jpg 1536w, https:\/\/www.eagora.app\/wp-content\/uploads\/2023\/12\/Vila-Nova-de-Anha-se-une-a-eAgora-una-revolucion-en-su-conexion-comunitaria-600x338.jpg 600w, https:\/\/www.eagora.app\/wp-content\/uploads\/2023\/12\/Vila-Nova-de-Anha-se-une-a-eAgora-una-revolucion-en-su-conexion-comunitaria.jpg 1920w\" sizes=\"(max-width: 300px) 100vw, 300px\" \/><\/div><\/a>\n\t\t\t\t<div class=\"elementor-post__badge\">Not\u00edcies<\/div>\n\t\t\t\t<div class=\"elementor-post__text\">\n\t\t\t\t<h3 class=\"elementor-post__title\">\n\t\t\t<a href=\"https:\/\/www.eagora.app\/ca\/conocimiento\/eagora-arriba-a-portugal-vila-nova-danha-inaugura-la-primera-agora-portuguesa\/\" >\n\t\t\t\teAgora arriba a Portugal: Vila Nova d&#8217;Anha inaugura la primera \u00e0gora portuguesa\t\t\t<\/a>\n\t\t<\/h3>\n\t\t\t\t<div class=\"elementor-post__excerpt\">\n\t\t\t<p>En un emocionant avan\u00e7 cap al futur de la comunicaci\u00f3 local, Vila Nova d&#8217;Anha s&#8217;uneix amb entusiasme a la xarxa d&#8217;eAgora, marcant l&#8217;arribada de la<\/p>\n\t\t<\/div>\n\t\t\n\t\t<a class=\"elementor-post__read-more\" href=\"https:\/\/www.eagora.app\/ca\/conocimiento\/eagora-arriba-a-portugal-vila-nova-danha-inaugura-la-primera-agora-portuguesa\/\" aria-label=\"Read more about eAgora arriba a Portugal: Vila Nova d&#8217;Anha inaugura la primera \u00e0gora portuguesa\" tabindex=\"-1\" >\n\t\t\tContinuar llegint \u00bb\t\t<\/a>\n\n\t\t\t\t<\/div>\n\t\t\t\t<div class=\"elementor-post__meta-data\">\n\t\t\t\t\t<span class=\"elementor-post-date\">\n\t\t\t14 de desembre de 2023\t\t<\/span>\n\t\t\t\t<\/div>\n\t\t\t\t\t<\/div>\n\t\t<\/article>\n\t\t\t\t<article class=\"elementor-post elementor-grid-item post-21655 post type-post status-publish format-standard has-post-thumbnail hentry category-tutorials\" role=\"listitem\">\n\t\t\t<div class=\"elementor-post__card\">\n\t\t\t\t<a class=\"elementor-post__thumbnail__link\" href=\"https:\/\/www.eagora.app\/ca\/conocimiento\/com-eliminar-el-meu-compte-o-donar-me-de-baixa-dels-comunicats-a-eagora\/\" tabindex=\"-1\" ><div class=\"elementor-post__thumbnail\"><img loading=\"lazy\" decoding=\"async\" width=\"300\" height=\"169\" src=\"https:\/\/www.eagora.app\/wp-content\/uploads\/2023\/12\/Como-eliminar-mi-cuenta-o-darme-de-baja-de-los-comunicados-en-eAgora-300x169.jpg\" class=\"attachment-medium size-medium wp-image-21628\" alt=\"C\u00f3mo eliminar mi cuenta o darme de baja de los comunicados en eAgora\" srcset=\"https:\/\/www.eagora.app\/wp-content\/uploads\/2023\/12\/Como-eliminar-mi-cuenta-o-darme-de-baja-de-los-comunicados-en-eAgora-300x169.jpg 300w, https:\/\/www.eagora.app\/wp-content\/uploads\/2023\/12\/Como-eliminar-mi-cuenta-o-darme-de-baja-de-los-comunicados-en-eAgora-1024x576.jpg 1024w, https:\/\/www.eagora.app\/wp-content\/uploads\/2023\/12\/Como-eliminar-mi-cuenta-o-darme-de-baja-de-los-comunicados-en-eAgora-768x432.jpg 768w, https:\/\/www.eagora.app\/wp-content\/uploads\/2023\/12\/Como-eliminar-mi-cuenta-o-darme-de-baja-de-los-comunicados-en-eAgora-1536x864.jpg 1536w, https:\/\/www.eagora.app\/wp-content\/uploads\/2023\/12\/Como-eliminar-mi-cuenta-o-darme-de-baja-de-los-comunicados-en-eAgora-600x338.jpg 600w, https:\/\/www.eagora.app\/wp-content\/uploads\/2023\/12\/Como-eliminar-mi-cuenta-o-darme-de-baja-de-los-comunicados-en-eAgora.jpg 1920w\" sizes=\"(max-width: 300px) 100vw, 300px\" \/><\/div><\/a>\n\t\t\t\t<div class=\"elementor-post__badge\">Tutorials<\/div>\n\t\t\t\t<div class=\"elementor-post__text\">\n\t\t\t\t<h3 class=\"elementor-post__title\">\n\t\t\t<a href=\"https:\/\/www.eagora.app\/ca\/conocimiento\/com-eliminar-el-meu-compte-o-donar-me-de-baixa-dels-comunicats-a-eagora\/\" >\n\t\t\t\tCom eliminar el meu compte o donar-me de baixa dels comunicats a eAgora\t\t\t<\/a>\n\t\t<\/h3>\n\t\t\t\t<div class=\"elementor-post__excerpt\">\n\t\t\t<p>Si est\u00e0s llegint aquest post, \u00e9s possible que estiguis considerant donar-te de baixa d&#8217;eAgora. Ja sigui que estiguis buscant tancar el teu compte en l&#8217;app,<\/p>\n\t\t<\/div>\n\t\t\n\t\t<a class=\"elementor-post__read-more\" href=\"https:\/\/www.eagora.app\/ca\/conocimiento\/com-eliminar-el-meu-compte-o-donar-me-de-baixa-dels-comunicats-a-eagora\/\" aria-label=\"Read more about Com eliminar el meu compte o donar-me de baixa dels comunicats a eAgora\" tabindex=\"-1\" >\n\t\t\tContinuar llegint \u00bb\t\t<\/a>\n\n\t\t\t\t<\/div>\n\t\t\t\t<div class=\"elementor-post__meta-data\">\n\t\t\t\t\t<span class=\"elementor-post-date\">\n\t\t\t10 de desembre de 2023\t\t<\/span>\n\t\t\t\t<\/div>\n\t\t\t\t\t<\/div>\n\t\t<\/article>\n\t\t\t\t<article class=\"elementor-post elementor-grid-item post-21277 post type-post status-publish format-standard has-post-thumbnail hentry category-articles-ca\" role=\"listitem\">\n\t\t\t<div class=\"elementor-post__card\">\n\t\t\t\t<a class=\"elementor-post__thumbnail__link\" href=\"https:\/\/www.eagora.app\/ca\/conocimiento\/cooperacio-entre-ajuntaments-de-diferents-paisos\/\" tabindex=\"-1\" ><div class=\"elementor-post__thumbnail\"><img loading=\"lazy\" decoding=\"async\" width=\"300\" height=\"169\" src=\"https:\/\/www.eagora.app\/wp-content\/uploads\/2023\/11\/BLOG-portadas-posts-40-300x169.jpg\" class=\"attachment-medium size-medium wp-image-21254\" alt=\"\" srcset=\"https:\/\/www.eagora.app\/wp-content\/uploads\/2023\/11\/BLOG-portadas-posts-40-300x169.jpg 300w, https:\/\/www.eagora.app\/wp-content\/uploads\/2023\/11\/BLOG-portadas-posts-40-1024x576.jpg 1024w, https:\/\/www.eagora.app\/wp-content\/uploads\/2023\/11\/BLOG-portadas-posts-40-768x432.jpg 768w, https:\/\/www.eagora.app\/wp-content\/uploads\/2023\/11\/BLOG-portadas-posts-40-1536x864.jpg 1536w, https:\/\/www.eagora.app\/wp-content\/uploads\/2023\/11\/BLOG-portadas-posts-40-600x338.jpg 600w, https:\/\/www.eagora.app\/wp-content\/uploads\/2023\/11\/BLOG-portadas-posts-40.jpg 1920w\" sizes=\"(max-width: 300px) 100vw, 300px\" \/><\/div><\/a>\n\t\t\t\t<div class=\"elementor-post__badge\">Articles<\/div>\n\t\t\t\t<div class=\"elementor-post__text\">\n\t\t\t\t<h3 class=\"elementor-post__title\">\n\t\t\t<a href=\"https:\/\/www.eagora.app\/ca\/conocimiento\/cooperacio-entre-ajuntaments-de-diferents-paisos\/\" >\n\t\t\t\tCooperaci\u00f3 entre ajuntaments de diferents pa\u00efsos\t\t\t<\/a>\n\t\t<\/h3>\n\t\t\t\t<div class=\"elementor-post__excerpt\">\n\t\t\t<p>Cooperaci\u00f3 entre ajuntaments de diferents pa\u00efsos &nbsp; &nbsp; La cooperaci\u00f3 entre ajuntaments de diferents pa\u00efsos \u00e9s un fenomen que ha pres rellev\u00e0ncia a l&#8217;esfera internacional.<\/p>\n\t\t<\/div>\n\t\t\n\t\t<a class=\"elementor-post__read-more\" href=\"https:\/\/www.eagora.app\/ca\/conocimiento\/cooperacio-entre-ajuntaments-de-diferents-paisos\/\" aria-label=\"Read more about Cooperaci\u00f3 entre ajuntaments de diferents pa\u00efsos\" tabindex=\"-1\" >\n\t\t\tContinuar llegint \u00bb\t\t<\/a>\n\n\t\t\t\t<\/div>\n\t\t\t\t<div class=\"elementor-post__meta-data\">\n\t\t\t\t\t<span class=\"elementor-post-date\">\n\t\t\t28 de novembre de 2023\t\t<\/span>\n\t\t\t\t<\/div>\n\t\t\t\t\t<\/div>\n\t\t<\/article>\n\t\t\t\t<article class=\"elementor-post elementor-grid-item post-21248 post type-post status-publish format-standard has-post-thumbnail hentry category-noticies\" role=\"listitem\">\n\t\t\t<div class=\"elementor-post__card\">\n\t\t\t\t<a class=\"elementor-post__thumbnail__link\" href=\"https:\/\/www.eagora.app\/ca\/conocimiento\/nova-alianca-noves-facilitats-per-a-tu-descobreix-la-integracio-de-eagora-amb-reservaplay\/\" tabindex=\"-1\" ><div class=\"elementor-post__thumbnail\"><img loading=\"lazy\" decoding=\"async\" width=\"300\" height=\"169\" src=\"https:\/\/www.eagora.app\/wp-content\/uploads\/2023\/11\/Descubre-la-integracion-de-eAgora-con-ReservaPlay-300x169.jpg\" class=\"attachment-medium size-medium wp-image-21236\" alt=\"\u00a1Nueva alianza, nuevas facilidades para ti! Descubre la integraci\u00f3n de eAgora con ReservaPlay\" srcset=\"https:\/\/www.eagora.app\/wp-content\/uploads\/2023\/11\/Descubre-la-integracion-de-eAgora-con-ReservaPlay-300x169.jpg 300w, https:\/\/www.eagora.app\/wp-content\/uploads\/2023\/11\/Descubre-la-integracion-de-eAgora-con-ReservaPlay-1024x576.jpg 1024w, https:\/\/www.eagora.app\/wp-content\/uploads\/2023\/11\/Descubre-la-integracion-de-eAgora-con-ReservaPlay-768x432.jpg 768w, https:\/\/www.eagora.app\/wp-content\/uploads\/2023\/11\/Descubre-la-integracion-de-eAgora-con-ReservaPlay-1536x864.jpg 1536w, https:\/\/www.eagora.app\/wp-content\/uploads\/2023\/11\/Descubre-la-integracion-de-eAgora-con-ReservaPlay-600x338.jpg 600w, https:\/\/www.eagora.app\/wp-content\/uploads\/2023\/11\/Descubre-la-integracion-de-eAgora-con-ReservaPlay.jpg 1920w\" sizes=\"(max-width: 300px) 100vw, 300px\" \/><\/div><\/a>\n\t\t\t\t<div class=\"elementor-post__badge\">Not\u00edcies<\/div>\n\t\t\t\t<div class=\"elementor-post__text\">\n\t\t\t\t<h3 class=\"elementor-post__title\">\n\t\t\t<a href=\"https:\/\/www.eagora.app\/ca\/conocimiento\/nova-alianca-noves-facilitats-per-a-tu-descobreix-la-integracio-de-eagora-amb-reservaplay\/\" >\n\t\t\t\tNova alian\u00e7a, noves facilitats per a tu! Descobreix la integraci\u00f3 de eAgora amb Reservaplay\t\t\t<\/a>\n\t\t<\/h3>\n\t\t\t\t<div class=\"elementor-post__excerpt\">\n\t\t\t<p>A punt de comen\u00e7ar 2024, en eAgora estem entusiasmades de portar-te m\u00e9s raons per a simplificar la gesti\u00f3 de la teva entitat. En la nostra<\/p>\n\t\t<\/div>\n\t\t\n\t\t<a class=\"elementor-post__read-more\" href=\"https:\/\/www.eagora.app\/ca\/conocimiento\/nova-alianca-noves-facilitats-per-a-tu-descobreix-la-integracio-de-eagora-amb-reservaplay\/\" aria-label=\"Read more about Nova alian\u00e7a, noves facilitats per a tu! Descobreix la integraci\u00f3 de eAgora amb Reservaplay\" tabindex=\"-1\" >\n\t\t\tContinuar llegint \u00bb\t\t<\/a>\n\n\t\t\t\t<\/div>\n\t\t\t\t<div class=\"elementor-post__meta-data\">\n\t\t\t\t\t<span class=\"elementor-post-date\">\n\t\t\t27 de novembre de 2023\t\t<\/span>\n\t\t\t\t<\/div>\n\t\t\t\t\t<\/div>\n\t\t<\/article>\n\t\t\t\t<article class=\"elementor-post elementor-grid-item post-21127 post type-post status-publish format-standard has-post-thumbnail hentry category-casos-dexit\" role=\"listitem\">\n\t\t\t<div class=\"elementor-post__card\">\n\t\t\t\t<a class=\"elementor-post__thumbnail__link\" href=\"https:\/\/www.eagora.app\/ca\/conocimiento\/pili-garcia-coordinadora-demun-fm-a-lidereslocalchangers\/\" tabindex=\"-1\" ><div class=\"elementor-post__thumbnail\"><img loading=\"lazy\" decoding=\"async\" width=\"300\" height=\"169\" src=\"https:\/\/www.eagora.app\/wp-content\/uploads\/2023\/11\/VIDEOS-portada-lidereslocalchangers-300x169.png\" class=\"attachment-medium size-medium wp-image-21123\" alt=\"\" srcset=\"https:\/\/www.eagora.app\/wp-content\/uploads\/2023\/11\/VIDEOS-portada-lidereslocalchangers-300x169.png 300w, https:\/\/www.eagora.app\/wp-content\/uploads\/2023\/11\/VIDEOS-portada-lidereslocalchangers-1024x576.png 1024w, https:\/\/www.eagora.app\/wp-content\/uploads\/2023\/11\/VIDEOS-portada-lidereslocalchangers-768x432.png 768w, https:\/\/www.eagora.app\/wp-content\/uploads\/2023\/11\/VIDEOS-portada-lidereslocalchangers-1536x864.png 1536w, https:\/\/www.eagora.app\/wp-content\/uploads\/2023\/11\/VIDEOS-portada-lidereslocalchangers-600x338.png 600w, https:\/\/www.eagora.app\/wp-content\/uploads\/2023\/11\/VIDEOS-portada-lidereslocalchangers.png 1920w\" sizes=\"(max-width: 300px) 100vw, 300px\" \/><\/div><\/a>\n\t\t\t\t<div class=\"elementor-post__badge\">Casos d&#039;\u00e8xit<\/div>\n\t\t\t\t<div class=\"elementor-post__text\">\n\t\t\t\t<h3 class=\"elementor-post__title\">\n\t\t\t<a href=\"https:\/\/www.eagora.app\/ca\/conocimiento\/pili-garcia-coordinadora-demun-fm-a-lidereslocalchangers\/\" >\n\t\t\t\tPili Garcia, Coordinadora d&#8217;EMUN FM, a #L\u00edderesLocalChangers\t\t\t<\/a>\n\t\t<\/h3>\n\t\t\t\t<div class=\"elementor-post__excerpt\">\n\t\t\t<p>Entrevista amb Pili Garcia a L\u00edders Local Changers #12 &nbsp; Hola a totes! En aquest cap\u00edtol #12 de #L\u00edderesLocalChangers us presentem una entrevista molt entretinguda<\/p>\n\t\t<\/div>\n\t\t\n\t\t<a class=\"elementor-post__read-more\" href=\"https:\/\/www.eagora.app\/ca\/conocimiento\/pili-garcia-coordinadora-demun-fm-a-lidereslocalchangers\/\" aria-label=\"Read more about Pili Garcia, Coordinadora d&#8217;EMUN FM, a #L\u00edderesLocalChangers\" tabindex=\"-1\" >\n\t\t\tContinuar llegint \u00bb\t\t<\/a>\n\n\t\t\t\t<\/div>\n\t\t\t\t<div class=\"elementor-post__meta-data\">\n\t\t\t\t\t<span class=\"elementor-post-date\">\n\t\t\t24 de novembre de 2023\t\t<\/span>\n\t\t\t\t<\/div>\n\t\t\t\t\t<\/div>\n\t\t<\/article>\n\t\t\t\t<article class=\"elementor-post elementor-grid-item post-21095 post type-post status-publish format-standard has-post-thumbnail hentry category-articles-ca\" role=\"listitem\">\n\t\t\t<div class=\"elementor-post__card\">\n\t\t\t\t<a class=\"elementor-post__thumbnail__link\" href=\"https:\/\/www.eagora.app\/ca\/conocimiento\/el-problema-de-la-despoblacio-rural-solucions-i-tendencies\/\" tabindex=\"-1\" ><div class=\"elementor-post__thumbnail\"><img loading=\"lazy\" decoding=\"async\" width=\"300\" height=\"169\" src=\"https:\/\/www.eagora.app\/wp-content\/uploads\/2023\/11\/BLOG-portadas-posts-36-300x169.jpg\" class=\"attachment-medium size-medium wp-image-21058\" alt=\"\" srcset=\"https:\/\/www.eagora.app\/wp-content\/uploads\/2023\/11\/BLOG-portadas-posts-36-300x169.jpg 300w, https:\/\/www.eagora.app\/wp-content\/uploads\/2023\/11\/BLOG-portadas-posts-36-1024x576.jpg 1024w, https:\/\/www.eagora.app\/wp-content\/uploads\/2023\/11\/BLOG-portadas-posts-36-768x432.jpg 768w, https:\/\/www.eagora.app\/wp-content\/uploads\/2023\/11\/BLOG-portadas-posts-36-1536x864.jpg 1536w, https:\/\/www.eagora.app\/wp-content\/uploads\/2023\/11\/BLOG-portadas-posts-36-600x338.jpg 600w, https:\/\/www.eagora.app\/wp-content\/uploads\/2023\/11\/BLOG-portadas-posts-36.jpg 1920w\" sizes=\"(max-width: 300px) 100vw, 300px\" \/><\/div><\/a>\n\t\t\t\t<div class=\"elementor-post__badge\">Articles<\/div>\n\t\t\t\t<div class=\"elementor-post__text\">\n\t\t\t\t<h3 class=\"elementor-post__title\">\n\t\t\t<a href=\"https:\/\/www.eagora.app\/ca\/conocimiento\/el-problema-de-la-despoblacio-rural-solucions-i-tendencies\/\" >\n\t\t\t\tEl problema de la despoblaci\u00f3 rural: solucions i tend\u00e8ncies\t\t\t<\/a>\n\t\t<\/h3>\n\t\t\t\t<div class=\"elementor-post__excerpt\">\n\t\t\t<p>El problema de la despoblaci\u00f3 rural: solucions i tend\u00e8ncies &nbsp; &nbsp; &nbsp; El problema de la despoblaci\u00f3 rural: solucions i tend\u00e8ncies La despoblaci\u00f3 rural representa<\/p>\n\t\t<\/div>\n\t\t\n\t\t<a class=\"elementor-post__read-more\" href=\"https:\/\/www.eagora.app\/ca\/conocimiento\/el-problema-de-la-despoblacio-rural-solucions-i-tendencies\/\" aria-label=\"Read more about El problema de la despoblaci\u00f3 rural: solucions i tend\u00e8ncies\" tabindex=\"-1\" >\n\t\t\tContinuar llegint \u00bb\t\t<\/a>\n\n\t\t\t\t<\/div>\n\t\t\t\t<div class=\"elementor-post__meta-data\">\n\t\t\t\t\t<span class=\"elementor-post-date\">\n\t\t\t23 de novembre de 2023\t\t<\/span>\n\t\t\t\t<\/div>\n\t\t\t\t\t<\/div>\n\t\t<\/article>\n\t\t\t\t<article class=\"elementor-post elementor-grid-item post-20932 post type-post status-publish format-standard has-post-thumbnail hentry category-casos-dexit\" role=\"listitem\">\n\t\t\t<div class=\"elementor-post__card\">\n\t\t\t\t<a class=\"elementor-post__thumbnail__link\" href=\"https:\/\/www.eagora.app\/ca\/conocimiento\/local-changers-que-ens-inspiren-processos-participatius-per-anomenar-nous-carrers-altafulla\/\" tabindex=\"-1\" ><div class=\"elementor-post__thumbnail\"><img loading=\"lazy\" decoding=\"async\" width=\"300\" height=\"169\" src=\"https:\/\/www.eagora.app\/wp-content\/uploads\/2023\/11\/BLOG-portadas-posts-31-300x169.jpg\" class=\"attachment-medium size-medium wp-image-20902\" alt=\"\" srcset=\"https:\/\/www.eagora.app\/wp-content\/uploads\/2023\/11\/BLOG-portadas-posts-31-300x169.jpg 300w, https:\/\/www.eagora.app\/wp-content\/uploads\/2023\/11\/BLOG-portadas-posts-31-1024x576.jpg 1024w, https:\/\/www.eagora.app\/wp-content\/uploads\/2023\/11\/BLOG-portadas-posts-31-768x432.jpg 768w, https:\/\/www.eagora.app\/wp-content\/uploads\/2023\/11\/BLOG-portadas-posts-31-1536x864.jpg 1536w, https:\/\/www.eagora.app\/wp-content\/uploads\/2023\/11\/BLOG-portadas-posts-31-600x338.jpg 600w, https:\/\/www.eagora.app\/wp-content\/uploads\/2023\/11\/BLOG-portadas-posts-31.jpg 1920w\" sizes=\"(max-width: 300px) 100vw, 300px\" \/><\/div><\/a>\n\t\t\t\t<div class=\"elementor-post__badge\">Casos d&#039;\u00e8xit<\/div>\n\t\t\t\t<div class=\"elementor-post__text\">\n\t\t\t\t<h3 class=\"elementor-post__title\">\n\t\t\t<a href=\"https:\/\/www.eagora.app\/ca\/conocimiento\/local-changers-que-ens-inspiren-processos-participatius-per-anomenar-nous-carrers-altafulla\/\" >\n\t\t\t\tLocal Changers que ens inspiren: processos participatius per anomenar nous carrers #ALTAFULLA\t\t\t<\/a>\n\t\t<\/h3>\n\t\t\t\t<div class=\"elementor-post__excerpt\">\n\t\t\t<p>Processos participatius per nomenar nous carrers a Altafulla &nbsp; Enhorabona a l&#8217;Ajuntament d&#8217;Altafulla per Promoure la Participaci\u00f3 Ciutadana a la Nominaci\u00f3 de Carrers amb eAgora!<\/p>\n\t\t<\/div>\n\t\t\n\t\t<a class=\"elementor-post__read-more\" href=\"https:\/\/www.eagora.app\/ca\/conocimiento\/local-changers-que-ens-inspiren-processos-participatius-per-anomenar-nous-carrers-altafulla\/\" aria-label=\"Read more about Local Changers que ens inspiren: processos participatius per anomenar nous carrers #ALTAFULLA\" tabindex=\"-1\" >\n\t\t\tContinuar llegint \u00bb\t\t<\/a>\n\n\t\t\t\t<\/div>\n\t\t\t\t<div class=\"elementor-post__meta-data\">\n\t\t\t\t\t<span class=\"elementor-post-date\">\n\t\t\t16 de novembre de 2023\t\t<\/span>\n\t\t\t\t<\/div>\n\t\t\t\t\t<\/div>\n\t\t<\/article>\n\t\t\t\t<\/div>\n\t\t\t\t\t<span class=\"e-load-more-spinner\">\n\t\t\t\t<i aria-hidden=\"true\" class=\"fas fa-spinner\"><\/i>\t\t\t<\/span>\n\t\t\n\t\t\t\t<div class=\"e-load-more-anchor\" data-page=\"1\" data-max-page=\"13\" data-next-page=\"https:\/\/www.eagora.app\/ca\/coneixement\/2\/\"><\/div>\n\t\t\t\t<div class=\"e-load-more-message\">No hi ha m\u00e9s entrades per mostrar<\/div>\n\t\t\t\t\t\t<\/div>\n\t\t\t\t<\/div>\n\t\t\t\t\t<\/div>\n\t\t<\/div>\n\t\t\t\t\t<\/div>\n\t\t<\/section>\n\t\t\t\t<\/div>\n\t\t\n<\/div>\n\t\t\t\t\t\t\t\t\t<div class=\"elementor-tab-title elementor-tab-mobile-title\" aria-selected=\"false\" data-tab=\"2\" role=\"tab\" tabindex=\"-1\" aria-controls=\"elementor-tab-content-6172\" aria-expanded=\"false\">Not\u00edcies<\/div>\n\t\t\t\t\t<div id=\"elementor-tab-content-6172\" class=\"elementor-tab-content elementor-clearfix\" data-tab=\"2\" role=\"tabpanel\" aria-labelledby=\"elementor-tab-title-6172\" tabindex=\"0\" hidden=\"hidden\">\t\t<div data-elementor-type=\"section\" data-elementor-id=\"7128\" class=\"elementor elementor-7128 elementor-2986\" data-elementor-post-type=\"elementor_library\">\n\t\t\t\t\t<section class=\"elementor-section elementor-top-section elementor-element elementor-element-13ac4690 elementor-section-boxed elementor-section-height-default elementor-section-height-default\" data-id=\"13ac4690\" data-element_type=\"section\" data-e-type=\"section\" data-settings=\"{&quot;background_background&quot;:&quot;classic&quot;}\">\n\t\t\t\t\t\t<div class=\"elementor-container elementor-column-gap-default\">\n\t\t\t\t\t<div class=\"elementor-column elementor-col-100 elementor-top-column elementor-element elementor-element-465d5372\" data-id=\"465d5372\" data-element_type=\"column\" data-e-type=\"column\">\n\t\t\t<div class=\"elementor-widget-wrap elementor-element-populated\">\n\t\t\t\t\t\t<div class=\"elementor-element elementor-element-5627bdf3 elementor-grid-1 conocimiento sticky elementor-grid-tablet-2 elementor-grid-mobile-1 elementor-posts--thumbnail-top elementor-posts__hover-gradient elementor-widget elementor-widget-posts\" data-id=\"5627bdf3\" data-element_type=\"widget\" data-e-type=\"widget\" data-settings=\"{&quot;cards_columns&quot;:&quot;1&quot;,&quot;cards_columns_tablet&quot;:&quot;2&quot;,&quot;cards_columns_mobile&quot;:&quot;1&quot;,&quot;cards_row_gap&quot;:{&quot;unit&quot;:&quot;px&quot;,&quot;size&quot;:35,&quot;sizes&quot;:[]},&quot;cards_row_gap_tablet&quot;:{&quot;unit&quot;:&quot;px&quot;,&quot;size&quot;:&quot;&quot;,&quot;sizes&quot;:[]},&quot;cards_row_gap_mobile&quot;:{&quot;unit&quot;:&quot;px&quot;,&quot;size&quot;:&quot;&quot;,&quot;sizes&quot;:[]}}\" data-widget_type=\"posts.cards\">\n\t\t\t\t<div class=\"elementor-widget-container\">\n\t\t\t\t\t\t\t<div class=\"elementor-posts-container elementor-posts elementor-posts--skin-cards elementor-grid\" role=\"list\">\n\t\t\t\t<article class=\"elementor-post elementor-grid-item post-50285 post type-post status-publish format-standard hentry category-articles-ca category-noticies\" role=\"listitem\">\n\t\t\t<div class=\"elementor-post__card\">\n\t\t\t\t<div class=\"elementor-post__text\">\n\t\t\t\t<h3 class=\"elementor-post__title\">\n\t\t\t<a href=\"https:\/\/www.eagora.app\/ca\/tasabasuras\/\" >\n\t\t\t\tTasa de Basuras i eAgora: ajuntaments que ja ho fan f\u00e0cil\t\t\t<\/a>\n\t\t<\/h3>\n\t\t\t\t<div class=\"elementor-post__excerpt\">\n\t\t\t<p>A partir d&#8217;abril de 2025, els ajuntaments han d&#8217;aplicar la nova taxa d&#8217;escombraries amb bonificacions per als qui gestionin correctament els seus residus. Aquesta mesura<\/p>\n\t\t<\/div>\n\t\t\n\t\t<a class=\"elementor-post__read-more\" href=\"https:\/\/www.eagora.app\/ca\/tasabasuras\/\" aria-label=\"Read more about Tasa de Basuras i eAgora: ajuntaments que ja ho fan f\u00e0cil\" tabindex=\"-1\" >\n\t\t\tContinuar llegint \u00bb\t\t<\/a>\n\n\t\t\t\t<\/div>\n\t\t\t\t<div class=\"elementor-post__meta-data\">\n\t\t\t\t\t<span class=\"elementor-post-date\">\n\t\t\t5 de febrer de 2025\t\t<\/span>\n\t\t\t\t<\/div>\n\t\t\t\t\t<\/div>\n\t\t<\/article>\n\t\t\t\t<\/div>\n\t\t\n\t\t\t\t\t\t<\/div>\n\t\t\t\t<\/div>\n\t\t\t\t<div class=\"elementor-element elementor-element-34c6dddd conocimiento elementor-grid-3 elementor-grid-tablet-2 elementor-grid-mobile-1 elementor-posts--thumbnail-top elementor-posts__hover-gradient load-more-align-center elementor-widget elementor-widget-posts\" data-id=\"34c6dddd\" data-element_type=\"widget\" data-e-type=\"widget\" data-settings=\"{&quot;pagination_type&quot;:&quot;load_more_on_click&quot;,&quot;cards_row_gap&quot;:{&quot;unit&quot;:&quot;px&quot;,&quot;size&quot;:40,&quot;sizes&quot;:[]},&quot;cards_columns&quot;:&quot;3&quot;,&quot;cards_columns_tablet&quot;:&quot;2&quot;,&quot;cards_columns_mobile&quot;:&quot;1&quot;,&quot;cards_row_gap_tablet&quot;:{&quot;unit&quot;:&quot;px&quot;,&quot;size&quot;:&quot;&quot;,&quot;sizes&quot;:[]},&quot;cards_row_gap_mobile&quot;:{&quot;unit&quot;:&quot;px&quot;,&quot;size&quot;:&quot;&quot;,&quot;sizes&quot;:[]},&quot;load_more_spinner&quot;:{&quot;value&quot;:&quot;fas fa-spinner&quot;,&quot;library&quot;:&quot;fa-solid&quot;}}\" data-widget_type=\"posts.cards\">\n\t\t\t\t<div class=\"elementor-widget-container\">\n\t\t\t\t\t\t\t<div class=\"elementor-posts-container elementor-posts elementor-posts--skin-cards elementor-grid\" role=\"list\">\n\t\t\t\t<article class=\"elementor-post elementor-grid-item post-50299 post type-post status-publish format-standard hentry category-articles-ca category-noticies category-tutorials\" role=\"listitem\">\n\t\t\t<div class=\"elementor-post__card\">\n\t\t\t\t<div class=\"elementor-post__text\">\n\t\t\t\t<h3 class=\"elementor-post__title\">\n\t\t\t<a href=\"https:\/\/www.eagora.app\/ca\/carnestoltes-setmanasanta\/\" >\n\t\t\t\tCarnestoltes i Setmana Santa sense complicacions: gesti\u00f3, entrades i comunicaci\u00f3 en eAgora\t\t\t<\/a>\n\t\t<\/h3>\n\t\t\t\t<div class=\"elementor-post__excerpt\">\n\t\t\t<p>Les grans festivitats com a Carnestoltes i Setmana Santa no sols atreuen la ciutadania, sin\u00f3 tamb\u00e9 a turistes i visitants. Gestionar tota la informaci\u00f3, coordinar<\/p>\n\t\t<\/div>\n\t\t\n\t\t<a class=\"elementor-post__read-more\" href=\"https:\/\/www.eagora.app\/ca\/carnestoltes-setmanasanta\/\" aria-label=\"Read more about Carnestoltes i Setmana Santa sense complicacions: gesti\u00f3, entrades i comunicaci\u00f3 en eAgora\" tabindex=\"-1\" >\n\t\t\tContinuar llegint \u00bb\t\t<\/a>\n\n\t\t\t\t<\/div>\n\t\t\t\t<div class=\"elementor-post__meta-data\">\n\t\t\t\t\t<span class=\"elementor-post-date\">\n\t\t\t5 de febrer de 2025\t\t<\/span>\n\t\t\t\t<\/div>\n\t\t\t\t\t<\/div>\n\t\t<\/article>\n\t\t\t\t<article class=\"elementor-post elementor-grid-item post-21722 post type-post status-publish format-standard has-post-thumbnail hentry category-noticies\" role=\"listitem\">\n\t\t\t<div class=\"elementor-post__card\">\n\t\t\t\t<a class=\"elementor-post__thumbnail__link\" href=\"https:\/\/www.eagora.app\/ca\/conocimiento\/eagora-arriba-a-portugal-vila-nova-danha-inaugura-la-primera-agora-portuguesa\/\" tabindex=\"-1\" ><div class=\"elementor-post__thumbnail\"><img loading=\"lazy\" decoding=\"async\" width=\"300\" height=\"169\" src=\"https:\/\/www.eagora.app\/wp-content\/uploads\/2023\/12\/Vila-Nova-de-Anha-se-une-a-eAgora-una-revolucion-en-su-conexion-comunitaria-300x169.jpg\" class=\"attachment-medium size-medium wp-image-21638\" alt=\"Vila Nova de Anha se une a eAgora: una revoluci\u00f3n en su conexi\u00f3n comunitaria\" srcset=\"https:\/\/www.eagora.app\/wp-content\/uploads\/2023\/12\/Vila-Nova-de-Anha-se-une-a-eAgora-una-revolucion-en-su-conexion-comunitaria-300x169.jpg 300w, https:\/\/www.eagora.app\/wp-content\/uploads\/2023\/12\/Vila-Nova-de-Anha-se-une-a-eAgora-una-revolucion-en-su-conexion-comunitaria-1024x576.jpg 1024w, https:\/\/www.eagora.app\/wp-content\/uploads\/2023\/12\/Vila-Nova-de-Anha-se-une-a-eAgora-una-revolucion-en-su-conexion-comunitaria-768x432.jpg 768w, https:\/\/www.eagora.app\/wp-content\/uploads\/2023\/12\/Vila-Nova-de-Anha-se-une-a-eAgora-una-revolucion-en-su-conexion-comunitaria-1536x864.jpg 1536w, https:\/\/www.eagora.app\/wp-content\/uploads\/2023\/12\/Vila-Nova-de-Anha-se-une-a-eAgora-una-revolucion-en-su-conexion-comunitaria-600x338.jpg 600w, https:\/\/www.eagora.app\/wp-content\/uploads\/2023\/12\/Vila-Nova-de-Anha-se-une-a-eAgora-una-revolucion-en-su-conexion-comunitaria.jpg 1920w\" sizes=\"(max-width: 300px) 100vw, 300px\" \/><\/div><\/a>\n\t\t\t\t<div class=\"elementor-post__badge\">Not\u00edcies<\/div>\n\t\t\t\t<div class=\"elementor-post__text\">\n\t\t\t\t<h3 class=\"elementor-post__title\">\n\t\t\t<a href=\"https:\/\/www.eagora.app\/ca\/conocimiento\/eagora-arriba-a-portugal-vila-nova-danha-inaugura-la-primera-agora-portuguesa\/\" >\n\t\t\t\teAgora arriba a Portugal: Vila Nova d&#8217;Anha inaugura la primera \u00e0gora portuguesa\t\t\t<\/a>\n\t\t<\/h3>\n\t\t\t\t<div class=\"elementor-post__excerpt\">\n\t\t\t<p>En un emocionant avan\u00e7 cap al futur de la comunicaci\u00f3 local, Vila Nova d&#8217;Anha s&#8217;uneix amb entusiasme a la xarxa d&#8217;eAgora, marcant l&#8217;arribada de la<\/p>\n\t\t<\/div>\n\t\t\n\t\t<a class=\"elementor-post__read-more\" href=\"https:\/\/www.eagora.app\/ca\/conocimiento\/eagora-arriba-a-portugal-vila-nova-danha-inaugura-la-primera-agora-portuguesa\/\" aria-label=\"Read more about eAgora arriba a Portugal: Vila Nova d&#8217;Anha inaugura la primera \u00e0gora portuguesa\" tabindex=\"-1\" >\n\t\t\tContinuar llegint \u00bb\t\t<\/a>\n\n\t\t\t\t<\/div>\n\t\t\t\t<div class=\"elementor-post__meta-data\">\n\t\t\t\t\t<span class=\"elementor-post-date\">\n\t\t\t14 de desembre de 2023\t\t<\/span>\n\t\t\t\t<\/div>\n\t\t\t\t\t<\/div>\n\t\t<\/article>\n\t\t\t\t<article class=\"elementor-post elementor-grid-item post-21248 post type-post status-publish format-standard has-post-thumbnail hentry category-noticies\" role=\"listitem\">\n\t\t\t<div class=\"elementor-post__card\">\n\t\t\t\t<a class=\"elementor-post__thumbnail__link\" href=\"https:\/\/www.eagora.app\/ca\/conocimiento\/nova-alianca-noves-facilitats-per-a-tu-descobreix-la-integracio-de-eagora-amb-reservaplay\/\" tabindex=\"-1\" ><div class=\"elementor-post__thumbnail\"><img loading=\"lazy\" decoding=\"async\" width=\"300\" height=\"169\" src=\"https:\/\/www.eagora.app\/wp-content\/uploads\/2023\/11\/Descubre-la-integracion-de-eAgora-con-ReservaPlay-300x169.jpg\" class=\"attachment-medium size-medium wp-image-21236\" alt=\"\u00a1Nueva alianza, nuevas facilidades para ti! Descubre la integraci\u00f3n de eAgora con ReservaPlay\" srcset=\"https:\/\/www.eagora.app\/wp-content\/uploads\/2023\/11\/Descubre-la-integracion-de-eAgora-con-ReservaPlay-300x169.jpg 300w, https:\/\/www.eagora.app\/wp-content\/uploads\/2023\/11\/Descubre-la-integracion-de-eAgora-con-ReservaPlay-1024x576.jpg 1024w, https:\/\/www.eagora.app\/wp-content\/uploads\/2023\/11\/Descubre-la-integracion-de-eAgora-con-ReservaPlay-768x432.jpg 768w, https:\/\/www.eagora.app\/wp-content\/uploads\/2023\/11\/Descubre-la-integracion-de-eAgora-con-ReservaPlay-1536x864.jpg 1536w, https:\/\/www.eagora.app\/wp-content\/uploads\/2023\/11\/Descubre-la-integracion-de-eAgora-con-ReservaPlay-600x338.jpg 600w, https:\/\/www.eagora.app\/wp-content\/uploads\/2023\/11\/Descubre-la-integracion-de-eAgora-con-ReservaPlay.jpg 1920w\" sizes=\"(max-width: 300px) 100vw, 300px\" \/><\/div><\/a>\n\t\t\t\t<div class=\"elementor-post__badge\">Not\u00edcies<\/div>\n\t\t\t\t<div class=\"elementor-post__text\">\n\t\t\t\t<h3 class=\"elementor-post__title\">\n\t\t\t<a href=\"https:\/\/www.eagora.app\/ca\/conocimiento\/nova-alianca-noves-facilitats-per-a-tu-descobreix-la-integracio-de-eagora-amb-reservaplay\/\" >\n\t\t\t\tNova alian\u00e7a, noves facilitats per a tu! Descobreix la integraci\u00f3 de eAgora amb Reservaplay\t\t\t<\/a>\n\t\t<\/h3>\n\t\t\t\t<div class=\"elementor-post__excerpt\">\n\t\t\t<p>A punt de comen\u00e7ar 2024, en eAgora estem entusiasmades de portar-te m\u00e9s raons per a simplificar la gesti\u00f3 de la teva entitat. En la nostra<\/p>\n\t\t<\/div>\n\t\t\n\t\t<a class=\"elementor-post__read-more\" href=\"https:\/\/www.eagora.app\/ca\/conocimiento\/nova-alianca-noves-facilitats-per-a-tu-descobreix-la-integracio-de-eagora-amb-reservaplay\/\" aria-label=\"Read more about Nova alian\u00e7a, noves facilitats per a tu! Descobreix la integraci\u00f3 de eAgora amb Reservaplay\" tabindex=\"-1\" >\n\t\t\tContinuar llegint \u00bb\t\t<\/a>\n\n\t\t\t\t<\/div>\n\t\t\t\t<div class=\"elementor-post__meta-data\">\n\t\t\t\t\t<span class=\"elementor-post-date\">\n\t\t\t27 de novembre de 2023\t\t<\/span>\n\t\t\t\t<\/div>\n\t\t\t\t\t<\/div>\n\t\t<\/article>\n\t\t\t\t<article class=\"elementor-post elementor-grid-item post-20814 post type-post status-publish format-standard has-post-thumbnail hentry category-noticies\" role=\"listitem\">\n\t\t\t<div class=\"elementor-post__card\">\n\t\t\t\t<a class=\"elementor-post__thumbnail__link\" href=\"https:\/\/www.eagora.app\/ca\/conocimiento\/lestevesdadessonvitals-per-a-la-ciutat-amb-cities-health-2023\/\" tabindex=\"-1\" ><div class=\"elementor-post__thumbnail\"><img loading=\"lazy\" decoding=\"async\" width=\"300\" height=\"169\" src=\"https:\/\/www.eagora.app\/wp-content\/uploads\/2023\/11\/BLOG-portadas-posts-26-300x169.jpg\" class=\"attachment-medium size-medium wp-image-20781\" alt=\"\" srcset=\"https:\/\/www.eagora.app\/wp-content\/uploads\/2023\/11\/BLOG-portadas-posts-26-300x169.jpg 300w, https:\/\/www.eagora.app\/wp-content\/uploads\/2023\/11\/BLOG-portadas-posts-26-1024x576.jpg 1024w, https:\/\/www.eagora.app\/wp-content\/uploads\/2023\/11\/BLOG-portadas-posts-26-768x432.jpg 768w, https:\/\/www.eagora.app\/wp-content\/uploads\/2023\/11\/BLOG-portadas-posts-26-1536x864.jpg 1536w, https:\/\/www.eagora.app\/wp-content\/uploads\/2023\/11\/BLOG-portadas-posts-26-600x338.jpg 600w, https:\/\/www.eagora.app\/wp-content\/uploads\/2023\/11\/BLOG-portadas-posts-26.jpg 1920w\" sizes=\"(max-width: 300px) 100vw, 300px\" \/><\/div><\/a>\n\t\t\t\t<div class=\"elementor-post__badge\">Not\u00edcies<\/div>\n\t\t\t\t<div class=\"elementor-post__text\">\n\t\t\t\t<h3 class=\"elementor-post__title\">\n\t\t\t<a href=\"https:\/\/www.eagora.app\/ca\/conocimiento\/lestevesdadessonvitals-per-a-la-ciutat-amb-cities-health-2023\/\" >\n\t\t\t\t#LesTevesDadesS\u00f3nVitals per a la ciutat amb CitieS-Health 2023\t\t\t<\/a>\n\t\t<\/h3>\n\t\t\t\t<div class=\"elementor-post__excerpt\">\n\t\t\t<p>#LesTevesDadesS\u00f3nVitals per a la ciutat amb CitieS-Health 2023 &nbsp; Estem emocionades de compartir-vos la not\u00edcia de la nostra recent col\u00b7laboraci\u00f3 amb Salus.Coop al fascinant projecte<\/p>\n\t\t<\/div>\n\t\t\n\t\t<a class=\"elementor-post__read-more\" href=\"https:\/\/www.eagora.app\/ca\/conocimiento\/lestevesdadessonvitals-per-a-la-ciutat-amb-cities-health-2023\/\" aria-label=\"Read more about #LesTevesDadesS\u00f3nVitals per a la ciutat amb CitieS-Health 2023\" tabindex=\"-1\" >\n\t\t\tContinuar llegint \u00bb\t\t<\/a>\n\n\t\t\t\t<\/div>\n\t\t\t\t<div class=\"elementor-post__meta-data\">\n\t\t\t\t\t<span class=\"elementor-post-date\">\n\t\t\t10 de novembre de 2023\t\t<\/span>\n\t\t\t\t<\/div>\n\t\t\t\t\t<\/div>\n\t\t<\/article>\n\t\t\t\t<article class=\"elementor-post elementor-grid-item post-20420 post type-post status-publish format-standard has-post-thumbnail hentry category-noticies category-tutorials\" role=\"listitem\">\n\t\t\t<div class=\"elementor-post__card\">\n\t\t\t\t<a class=\"elementor-post__thumbnail__link\" href=\"https:\/\/www.eagora.app\/ca\/conocimiento\/el-poder-de-compartir-enfortint-la-xarxa-comunitaria\/\" tabindex=\"-1\" ><div class=\"elementor-post__thumbnail\"><img loading=\"lazy\" decoding=\"async\" width=\"300\" height=\"169\" src=\"https:\/\/www.eagora.app\/wp-content\/uploads\/2023\/10\/BLOG-portadas-posts-3-300x169.png\" class=\"attachment-medium size-medium wp-image-20607\" alt=\"\" srcset=\"https:\/\/www.eagora.app\/wp-content\/uploads\/2023\/10\/BLOG-portadas-posts-3-300x169.png 300w, https:\/\/www.eagora.app\/wp-content\/uploads\/2023\/10\/BLOG-portadas-posts-3-1024x576.png 1024w, https:\/\/www.eagora.app\/wp-content\/uploads\/2023\/10\/BLOG-portadas-posts-3-768x432.png 768w, https:\/\/www.eagora.app\/wp-content\/uploads\/2023\/10\/BLOG-portadas-posts-3-1536x864.png 1536w, https:\/\/www.eagora.app\/wp-content\/uploads\/2023\/10\/BLOG-portadas-posts-3-600x338.png 600w, https:\/\/www.eagora.app\/wp-content\/uploads\/2023\/10\/BLOG-portadas-posts-3.png 1920w\" sizes=\"(max-width: 300px) 100vw, 300px\" \/><\/div><\/a>\n\t\t\t\t<div class=\"elementor-post__badge\">Not\u00edcies<\/div>\n\t\t\t\t<div class=\"elementor-post__text\">\n\t\t\t\t<h3 class=\"elementor-post__title\">\n\t\t\t<a href=\"https:\/\/www.eagora.app\/ca\/conocimiento\/el-poder-de-compartir-enfortint-la-xarxa-comunitaria\/\" >\n\t\t\t\tEl poder de compartir: enfortint la xarxa comunit\u00e0ria\t\t\t<\/a>\n\t\t<\/h3>\n\t\t\t\t<div class=\"elementor-post__excerpt\">\n\t\t\t<p>El poder de compartir: enfortint la xarxa comunit\u00e0ria &nbsp; Transformant Comunitats: El Poder de la Col\u00b7laboraci\u00f3 En un m\u00f3n cada cop m\u00e9s interconnectat, la col\u00b7laboraci\u00f3<\/p>\n\t\t<\/div>\n\t\t\n\t\t<a class=\"elementor-post__read-more\" href=\"https:\/\/www.eagora.app\/ca\/conocimiento\/el-poder-de-compartir-enfortint-la-xarxa-comunitaria\/\" aria-label=\"Read more about El poder de compartir: enfortint la xarxa comunit\u00e0ria\" tabindex=\"-1\" >\n\t\t\tContinuar llegint \u00bb\t\t<\/a>\n\n\t\t\t\t<\/div>\n\t\t\t\t<div class=\"elementor-post__meta-data\">\n\t\t\t\t\t<span class=\"elementor-post-date\">\n\t\t\t26 d&#8217;octubre de 2023\t\t<\/span>\n\t\t\t\t<\/div>\n\t\t\t\t\t<\/div>\n\t\t<\/article>\n\t\t\t\t<article class=\"elementor-post elementor-grid-item post-20239 post type-post status-publish format-standard has-post-thumbnail hentry category-noticies category-tutorials\" role=\"listitem\">\n\t\t\t<div class=\"elementor-post__card\">\n\t\t\t\t<a class=\"elementor-post__thumbnail__link\" href=\"https:\/\/www.eagora.app\/ca\/conocimiento\/troba-agores-properes-a-tu-amb-geolocalitzacio-a-eagora\/\" tabindex=\"-1\" ><div class=\"elementor-post__thumbnail\"><img loading=\"lazy\" decoding=\"async\" width=\"300\" height=\"169\" src=\"https:\/\/www.eagora.app\/wp-content\/uploads\/2023\/10\/BLOG-portadas-posts-300x169.png\" class=\"attachment-medium size-medium wp-image-20163\" alt=\"\" srcset=\"https:\/\/www.eagora.app\/wp-content\/uploads\/2023\/10\/BLOG-portadas-posts-300x169.png 300w, https:\/\/www.eagora.app\/wp-content\/uploads\/2023\/10\/BLOG-portadas-posts-1024x576.png 1024w, https:\/\/www.eagora.app\/wp-content\/uploads\/2023\/10\/BLOG-portadas-posts-768x432.png 768w, https:\/\/www.eagora.app\/wp-content\/uploads\/2023\/10\/BLOG-portadas-posts-1536x864.png 1536w, https:\/\/www.eagora.app\/wp-content\/uploads\/2023\/10\/BLOG-portadas-posts-600x338.png 600w, https:\/\/www.eagora.app\/wp-content\/uploads\/2023\/10\/BLOG-portadas-posts.png 1920w\" sizes=\"(max-width: 300px) 100vw, 300px\" \/><\/div><\/a>\n\t\t\t\t<div class=\"elementor-post__badge\">Not\u00edcies<\/div>\n\t\t\t\t<div class=\"elementor-post__text\">\n\t\t\t\t<h3 class=\"elementor-post__title\">\n\t\t\t<a href=\"https:\/\/www.eagora.app\/ca\/conocimiento\/troba-agores-properes-a-tu-amb-geolocalitzacio-a-eagora\/\" >\n\t\t\t\tTroba \u00e0gores properes a tu amb geolocalitzaci\u00f3 a eAgora\t\t\t<\/a>\n\t\t<\/h3>\n\t\t\t\t<div class=\"elementor-post__excerpt\">\n\t\t\t<p>Troba \u00e0gores properes a tu amb geolocalitzaci\u00f3 a eAgora &nbsp; L&#8217;aplicaci\u00f3 eAgora ha fet un pas endavant en la missi\u00f3 de connectar persones i entitats<\/p>\n\t\t<\/div>\n\t\t\n\t\t<a class=\"elementor-post__read-more\" href=\"https:\/\/www.eagora.app\/ca\/conocimiento\/troba-agores-properes-a-tu-amb-geolocalitzacio-a-eagora\/\" aria-label=\"Read more about Troba \u00e0gores properes a tu amb geolocalitzaci\u00f3 a eAgora\" tabindex=\"-1\" >\n\t\t\tContinuar llegint \u00bb\t\t<\/a>\n\n\t\t\t\t<\/div>\n\t\t\t\t<div class=\"elementor-post__meta-data\">\n\t\t\t\t\t<span class=\"elementor-post-date\">\n\t\t\t26 d&#8217;octubre de 2023\t\t<\/span>\n\t\t\t\t<\/div>\n\t\t\t\t\t<\/div>\n\t\t<\/article>\n\t\t\t\t<article class=\"elementor-post elementor-grid-item post-19966 post type-post status-publish format-standard has-post-thumbnail hentry category-noticies\" role=\"listitem\">\n\t\t\t<div class=\"elementor-post__card\">\n\t\t\t\t<a class=\"elementor-post__thumbnail__link\" href=\"https:\/\/www.eagora.app\/ca\/conocimiento\/eagora-revoluciona-lexperiencia-de-lusuari-amb-la-traduccio-automatica\/\" tabindex=\"-1\" ><div class=\"elementor-post__thumbnail\"><img loading=\"lazy\" decoding=\"async\" width=\"300\" height=\"169\" src=\"https:\/\/www.eagora.app\/wp-content\/uploads\/2023\/10\/BLOG-portadas-posts-5-300x169.jpg\" class=\"attachment-medium size-medium wp-image-19947\" alt=\"\" srcset=\"https:\/\/www.eagora.app\/wp-content\/uploads\/2023\/10\/BLOG-portadas-posts-5-300x169.jpg 300w, https:\/\/www.eagora.app\/wp-content\/uploads\/2023\/10\/BLOG-portadas-posts-5-1024x576.jpg 1024w, https:\/\/www.eagora.app\/wp-content\/uploads\/2023\/10\/BLOG-portadas-posts-5-768x432.jpg 768w, https:\/\/www.eagora.app\/wp-content\/uploads\/2023\/10\/BLOG-portadas-posts-5-1536x864.jpg 1536w, https:\/\/www.eagora.app\/wp-content\/uploads\/2023\/10\/BLOG-portadas-posts-5-600x338.jpg 600w, https:\/\/www.eagora.app\/wp-content\/uploads\/2023\/10\/BLOG-portadas-posts-5.jpg 1920w\" sizes=\"(max-width: 300px) 100vw, 300px\" \/><\/div><\/a>\n\t\t\t\t<div class=\"elementor-post__badge\">Not\u00edcies<\/div>\n\t\t\t\t<div class=\"elementor-post__text\">\n\t\t\t\t<h3 class=\"elementor-post__title\">\n\t\t\t<a href=\"https:\/\/www.eagora.app\/ca\/conocimiento\/eagora-revoluciona-lexperiencia-de-lusuari-amb-la-traduccio-automatica\/\" >\n\t\t\t\teAgora Revoluciona l&#8217;experi\u00e8ncia de l&#8217;usuari amb la traducci\u00f3 autom\u00e0tica\t\t\t<\/a>\n\t\t<\/h3>\n\t\t\t\t<div class=\"elementor-post__excerpt\">\n\t\t\t<p>En un m\u00f3n cada cop m\u00e9s globalitzat, la comunicaci\u00f3 multiling\u00fce s&#8217;ha convertit en una necessitat. Per aix\u00f2, hem volgut fer un pas m\u00e9s enll\u00e0 i<\/p>\n\t\t<\/div>\n\t\t\n\t\t<a class=\"elementor-post__read-more\" href=\"https:\/\/www.eagora.app\/ca\/conocimiento\/eagora-revoluciona-lexperiencia-de-lusuari-amb-la-traduccio-automatica\/\" aria-label=\"Read more about eAgora Revoluciona l&#8217;experi\u00e8ncia de l&#8217;usuari amb la traducci\u00f3 autom\u00e0tica\" tabindex=\"-1\" >\n\t\t\tContinuar llegint \u00bb\t\t<\/a>\n\n\t\t\t\t<\/div>\n\t\t\t\t<div class=\"elementor-post__meta-data\">\n\t\t\t\t\t<span class=\"elementor-post-date\">\n\t\t\t23 d&#8217;octubre de 2023\t\t<\/span>\n\t\t\t\t<\/div>\n\t\t\t\t\t<\/div>\n\t\t<\/article>\n\t\t\t\t<article class=\"elementor-post elementor-grid-item post-19445 post type-post status-publish format-standard has-post-thumbnail hentry category-noticies\" role=\"listitem\">\n\t\t\t<div class=\"elementor-post__card\">\n\t\t\t\t<a class=\"elementor-post__thumbnail__link\" href=\"https:\/\/www.eagora.app\/ca\/conocimiento\/coneix-nos-de-prop-eagora-participara-a-la-fira-municipalia-i-al-cnis-aquest-octubre\/\" tabindex=\"-1\" ><div class=\"elementor-post__thumbnail\"><img loading=\"lazy\" decoding=\"async\" width=\"300\" height=\"169\" src=\"https:\/\/www.eagora.app\/wp-content\/uploads\/2023\/09\/BLOG-portadas-posts-1-300x169.jpg\" class=\"attachment-medium size-medium wp-image-19425\" alt=\"\" srcset=\"https:\/\/www.eagora.app\/wp-content\/uploads\/2023\/09\/BLOG-portadas-posts-1-300x169.jpg 300w, https:\/\/www.eagora.app\/wp-content\/uploads\/2023\/09\/BLOG-portadas-posts-1-1024x576.jpg 1024w, https:\/\/www.eagora.app\/wp-content\/uploads\/2023\/09\/BLOG-portadas-posts-1-768x432.jpg 768w, https:\/\/www.eagora.app\/wp-content\/uploads\/2023\/09\/BLOG-portadas-posts-1-1536x864.jpg 1536w, https:\/\/www.eagora.app\/wp-content\/uploads\/2023\/09\/BLOG-portadas-posts-1-600x338.jpg 600w, https:\/\/www.eagora.app\/wp-content\/uploads\/2023\/09\/BLOG-portadas-posts-1.jpg 1920w\" sizes=\"(max-width: 300px) 100vw, 300px\" \/><\/div><\/a>\n\t\t\t\t<div class=\"elementor-post__badge\">Not\u00edcies<\/div>\n\t\t\t\t<div class=\"elementor-post__text\">\n\t\t\t\t<h3 class=\"elementor-post__title\">\n\t\t\t<a href=\"https:\/\/www.eagora.app\/ca\/conocimiento\/coneix-nos-de-prop-eagora-participara-a-la-fira-municipalia-i-al-cnis-aquest-octubre\/\" >\n\t\t\t\tConeix-nos de prop: eAgora participar\u00e0 a la Fira Municipalia i al CNIS aquest octubre\t\t\t<\/a>\n\t\t<\/h3>\n\t\t\t\t<div class=\"elementor-post__excerpt\">\n\t\t\t<p>Coneix-nos de prop: eAgora participar\u00e0 a la Fira Municipalia i al CNIS aquest octubre &nbsp; CNIS, XIII Congr\u00e9s Nacional d&#8217;Innovaci\u00f3 i Serveis P\u00fablics Del 10<\/p>\n\t\t<\/div>\n\t\t\n\t\t<a class=\"elementor-post__read-more\" href=\"https:\/\/www.eagora.app\/ca\/conocimiento\/coneix-nos-de-prop-eagora-participara-a-la-fira-municipalia-i-al-cnis-aquest-octubre\/\" aria-label=\"Read more about Coneix-nos de prop: eAgora participar\u00e0 a la Fira Municipalia i al CNIS aquest octubre\" tabindex=\"-1\" >\n\t\t\tContinuar llegint \u00bb\t\t<\/a>\n\n\t\t\t\t<\/div>\n\t\t\t\t<div class=\"elementor-post__meta-data\">\n\t\t\t\t\t<span class=\"elementor-post-date\">\n\t\t\t29 de setembre de 2023\t\t<\/span>\n\t\t\t\t<\/div>\n\t\t\t\t\t<\/div>\n\t\t<\/article>\n\t\t\t\t<article class=\"elementor-post elementor-grid-item post-19081 post type-post status-publish format-standard has-post-thumbnail hentry category-noticies\" role=\"listitem\">\n\t\t\t<div class=\"elementor-post__card\">\n\t\t\t\t<a class=\"elementor-post__thumbnail__link\" href=\"https:\/\/www.eagora.app\/ca\/conocimiento\/el-protocol-de-tiana-fita-collectiva-per-la-igualtat-i-seguretat\/\" tabindex=\"-1\" ><div class=\"elementor-post__thumbnail\"><img loading=\"lazy\" decoding=\"async\" width=\"300\" height=\"169\" src=\"https:\/\/www.eagora.app\/wp-content\/uploads\/2023\/09\/BLOG-portadas-posts-300x169.jpg\" class=\"attachment-medium size-medium wp-image-19051\" alt=\"\" srcset=\"https:\/\/www.eagora.app\/wp-content\/uploads\/2023\/09\/BLOG-portadas-posts-300x169.jpg 300w, https:\/\/www.eagora.app\/wp-content\/uploads\/2023\/09\/BLOG-portadas-posts-1024x576.jpg 1024w, https:\/\/www.eagora.app\/wp-content\/uploads\/2023\/09\/BLOG-portadas-posts-768x432.jpg 768w, https:\/\/www.eagora.app\/wp-content\/uploads\/2023\/09\/BLOG-portadas-posts-1536x864.jpg 1536w, https:\/\/www.eagora.app\/wp-content\/uploads\/2023\/09\/BLOG-portadas-posts-600x338.jpg 600w, https:\/\/www.eagora.app\/wp-content\/uploads\/2023\/09\/BLOG-portadas-posts.jpg 1920w\" sizes=\"(max-width: 300px) 100vw, 300px\" \/><\/div><\/a>\n\t\t\t\t<div class=\"elementor-post__badge\">Not\u00edcies<\/div>\n\t\t\t\t<div class=\"elementor-post__text\">\n\t\t\t\t<h3 class=\"elementor-post__title\">\n\t\t\t<a href=\"https:\/\/www.eagora.app\/ca\/conocimiento\/el-protocol-de-tiana-fita-collectiva-per-la-igualtat-i-seguretat\/\" >\n\t\t\t\tEl Protocol de Tiana: Fita Col\u00b7lectiva per la Igualtat i Seguretat \ud83c\udf89\t\t\t<\/a>\n\t\t<\/h3>\n\t\t\t\t<div class=\"elementor-post__excerpt\">\n\t\t\t<p>El Protocol de Tiana: Fita Col\u00b7lectiva per la Igualtat i Seguretat L&#8217;Ajuntament de Tiana ha aprovat un protocol festiu per a la Igualtat i Seguretat<\/p>\n\t\t<\/div>\n\t\t\n\t\t<a class=\"elementor-post__read-more\" href=\"https:\/\/www.eagora.app\/ca\/conocimiento\/el-protocol-de-tiana-fita-collectiva-per-la-igualtat-i-seguretat\/\" aria-label=\"Read more about El Protocol de Tiana: Fita Col\u00b7lectiva per la Igualtat i Seguretat \ud83c\udf89\" tabindex=\"-1\" >\n\t\t\tContinuar llegint \u00bb\t\t<\/a>\n\n\t\t\t\t<\/div>\n\t\t\t\t<div class=\"elementor-post__meta-data\">\n\t\t\t\t\t<span class=\"elementor-post-date\">\n\t\t\t13 de setembre de 2023\t\t<\/span>\n\t\t\t\t<\/div>\n\t\t\t\t\t<\/div>\n\t\t<\/article>\n\t\t\t\t<\/div>\n\t\t\t\t\t<span class=\"e-load-more-spinner\">\n\t\t\t\t<i aria-hidden=\"true\" class=\"fas fa-spinner\"><\/i>\t\t\t<\/span>\n\t\t\n\t\t\t\t<div class=\"e-load-more-anchor\" data-page=\"1\" data-max-page=\"4\" data-next-page=\"https:\/\/www.eagora.app\/ca\/coneixement\/2\/\"><\/div>\n\t\t\t\t<div class=\"elementor-button-wrapper\">\n\t\t\t<a class=\"elementor-button elementor-size-sm\" role=\"button\">\n\t\t\t\t\t\t<span class=\"elementor-button-content-wrapper\">\n\t\t\t\t\t\t\t<span class=\"elementor-button-icon\">\n\t\t\t\t<i aria-hidden=\"true\" class=\"fas fa-arrow-down\"><\/i>\t\t\t<\/span>\n\t\t\t\t\t\t\t\t\t<span class=\"elementor-button-text\">Carregar m\u00e9s contingut<\/span>\n\t\t\t\t\t<\/span>\n\t\t\t\t\t<\/a>\n\t\t<\/div>\n\t\t\t\t<div class=\"e-load-more-message\"><\/div>\n\t\t\t\t\t\t<\/div>\n\t\t\t\t<\/div>\n\t\t\t\t\t<\/div>\n\t\t<\/div>\n\t\t\t\t\t<\/div>\n\t\t<\/section>\n\t\t\t\t<\/div>\n\t\t\n<\/div>\n\t\t\t\t\t\t\t\t\t<div class=\"elementor-tab-title elementor-tab-mobile-title\" aria-selected=\"false\" data-tab=\"3\" role=\"tab\" tabindex=\"-1\" aria-controls=\"elementor-tab-content-6173\" aria-expanded=\"false\">Articles<\/div>\n\t\t\t\t\t<div id=\"elementor-tab-content-6173\" class=\"elementor-tab-content elementor-clearfix\" data-tab=\"3\" role=\"tabpanel\" aria-labelledby=\"elementor-tab-title-6173\" tabindex=\"0\" hidden=\"hidden\">\t\t<div data-elementor-type=\"section\" data-elementor-id=\"7126\" class=\"elementor elementor-7126 elementor-2994\" data-elementor-post-type=\"elementor_library\">\n\t\t\t\t\t<section class=\"elementor-section elementor-top-section elementor-element elementor-element-24b0e1b1 elementor-section-boxed elementor-section-height-default elementor-section-height-default\" data-id=\"24b0e1b1\" data-element_type=\"section\" data-e-type=\"section\" data-settings=\"{&quot;background_background&quot;:&quot;classic&quot;}\">\n\t\t\t\t\t\t<div class=\"elementor-container elementor-column-gap-default\">\n\t\t\t\t\t<div class=\"elementor-column elementor-col-100 elementor-top-column elementor-element elementor-element-60dea83e\" data-id=\"60dea83e\" data-element_type=\"column\" data-e-type=\"column\">\n\t\t\t<div class=\"elementor-widget-wrap elementor-element-populated\">\n\t\t\t\t\t\t<div class=\"elementor-element elementor-element-770be710 elementor-grid-1 conocimiento sticky elementor-grid-tablet-2 elementor-grid-mobile-1 elementor-posts--thumbnail-top elementor-posts__hover-gradient elementor-widget elementor-widget-posts\" data-id=\"770be710\" data-element_type=\"widget\" data-e-type=\"widget\" data-settings=\"{&quot;cards_columns&quot;:&quot;1&quot;,&quot;cards_columns_tablet&quot;:&quot;2&quot;,&quot;cards_columns_mobile&quot;:&quot;1&quot;,&quot;cards_row_gap&quot;:{&quot;unit&quot;:&quot;px&quot;,&quot;size&quot;:35,&quot;sizes&quot;:[]},&quot;cards_row_gap_tablet&quot;:{&quot;unit&quot;:&quot;px&quot;,&quot;size&quot;:&quot;&quot;,&quot;sizes&quot;:[]},&quot;cards_row_gap_mobile&quot;:{&quot;unit&quot;:&quot;px&quot;,&quot;size&quot;:&quot;&quot;,&quot;sizes&quot;:[]}}\" data-widget_type=\"posts.cards\">\n\t\t\t\t<div class=\"elementor-widget-container\">\n\t\t\t\t\t\t\t<div class=\"elementor-posts-container elementor-posts elementor-posts--skin-cards elementor-grid\" role=\"list\">\n\t\t\t\t<article class=\"elementor-post elementor-grid-item post-50285 post type-post status-publish format-standard hentry category-articles-ca category-noticies\" role=\"listitem\">\n\t\t\t<div class=\"elementor-post__card\">\n\t\t\t\t<div class=\"elementor-post__text\">\n\t\t\t\t<h3 class=\"elementor-post__title\">\n\t\t\t<a href=\"https:\/\/www.eagora.app\/ca\/tasabasuras\/\" >\n\t\t\t\tTasa de Basuras i eAgora: ajuntaments que ja ho fan f\u00e0cil\t\t\t<\/a>\n\t\t<\/h3>\n\t\t\t\t<div class=\"elementor-post__excerpt\">\n\t\t\t<p>A partir d&#8217;abril de 2025, els ajuntaments han d&#8217;aplicar la nova taxa d&#8217;escombraries amb bonificacions per als qui gestionin correctament els seus residus. Aquesta mesura<\/p>\n\t\t<\/div>\n\t\t\n\t\t<a class=\"elementor-post__read-more\" href=\"https:\/\/www.eagora.app\/ca\/tasabasuras\/\" aria-label=\"Read more about Tasa de Basuras i eAgora: ajuntaments que ja ho fan f\u00e0cil\" tabindex=\"-1\" >\n\t\t\tContinuar llegint \u00bb\t\t<\/a>\n\n\t\t\t\t<\/div>\n\t\t\t\t<div class=\"elementor-post__meta-data\">\n\t\t\t\t\t<span class=\"elementor-post-date\">\n\t\t\t5 de febrer de 2025\t\t<\/span>\n\t\t\t\t<\/div>\n\t\t\t\t\t<\/div>\n\t\t<\/article>\n\t\t\t\t<\/div>\n\t\t\n\t\t\t\t\t\t<\/div>\n\t\t\t\t<\/div>\n\t\t\t\t<div class=\"elementor-element elementor-element-46881013 conocimiento elementor-grid-3 elementor-grid-tablet-2 elementor-grid-mobile-1 elementor-posts--thumbnail-top elementor-posts__hover-gradient load-more-align-center elementor-widget elementor-widget-posts\" data-id=\"46881013\" data-element_type=\"widget\" data-e-type=\"widget\" data-settings=\"{&quot;pagination_type&quot;:&quot;load_more_on_click&quot;,&quot;cards_row_gap&quot;:{&quot;unit&quot;:&quot;px&quot;,&quot;size&quot;:40,&quot;sizes&quot;:[]},&quot;cards_columns&quot;:&quot;3&quot;,&quot;cards_columns_tablet&quot;:&quot;2&quot;,&quot;cards_columns_mobile&quot;:&quot;1&quot;,&quot;cards_row_gap_tablet&quot;:{&quot;unit&quot;:&quot;px&quot;,&quot;size&quot;:&quot;&quot;,&quot;sizes&quot;:[]},&quot;cards_row_gap_mobile&quot;:{&quot;unit&quot;:&quot;px&quot;,&quot;size&quot;:&quot;&quot;,&quot;sizes&quot;:[]},&quot;load_more_spinner&quot;:{&quot;value&quot;:&quot;fas fa-spinner&quot;,&quot;library&quot;:&quot;fa-solid&quot;}}\" data-widget_type=\"posts.cards\">\n\t\t\t\t<div class=\"elementor-widget-container\">\n\t\t\t\t\t\t\t<div class=\"elementor-posts-container elementor-posts elementor-posts--skin-cards elementor-grid\" role=\"list\">\n\t\t\t\t<article class=\"elementor-post elementor-grid-item post-50299 post type-post status-publish format-standard hentry category-articles-ca category-noticies category-tutorials\" role=\"listitem\">\n\t\t\t<div class=\"elementor-post__card\">\n\t\t\t\t<div class=\"elementor-post__text\">\n\t\t\t\t<h3 class=\"elementor-post__title\">\n\t\t\t<a href=\"https:\/\/www.eagora.app\/ca\/carnestoltes-setmanasanta\/\" >\n\t\t\t\tCarnestoltes i Setmana Santa sense complicacions: gesti\u00f3, entrades i comunicaci\u00f3 en eAgora\t\t\t<\/a>\n\t\t<\/h3>\n\t\t\t\t<div class=\"elementor-post__excerpt\">\n\t\t\t<p>Les grans festivitats com a Carnestoltes i Setmana Santa no sols atreuen la ciutadania, sin\u00f3 tamb\u00e9 a turistes i visitants. Gestionar tota la informaci\u00f3, coordinar<\/p>\n\t\t<\/div>\n\t\t\n\t\t<a class=\"elementor-post__read-more\" href=\"https:\/\/www.eagora.app\/ca\/carnestoltes-setmanasanta\/\" aria-label=\"Read more about Carnestoltes i Setmana Santa sense complicacions: gesti\u00f3, entrades i comunicaci\u00f3 en eAgora\" tabindex=\"-1\" >\n\t\t\tContinuar llegint \u00bb\t\t<\/a>\n\n\t\t\t\t<\/div>\n\t\t\t\t<div class=\"elementor-post__meta-data\">\n\t\t\t\t\t<span class=\"elementor-post-date\">\n\t\t\t5 de febrer de 2025\t\t<\/span>\n\t\t\t\t<\/div>\n\t\t\t\t\t<\/div>\n\t\t<\/article>\n\t\t\t\t<article class=\"elementor-post elementor-grid-item post-23216 post type-post status-publish format-standard has-post-thumbnail hentry category-articles-ca\" role=\"listitem\">\n\t\t\t<div class=\"elementor-post__card\">\n\t\t\t\t<a class=\"elementor-post__thumbnail__link\" href=\"https:\/\/www.eagora.app\/ca\/conocimiento\/kit-digital-a-eagora-impulsant-la-transformacio-digital-de-les-empreses\/\" tabindex=\"-1\" ><div class=\"elementor-post__thumbnail\"><img decoding=\"async\" width=\"300\" height=\"141\" src=\"https:\/\/www.eagora.app\/wp-content\/uploads\/2024\/02\/KIT_DIGITAL_EAGORA-300x141.jpg\" class=\"attachment-medium size-medium wp-image-23092\" alt=\"Kit Digital\" srcset=\"https:\/\/www.eagora.app\/wp-content\/uploads\/2024\/02\/KIT_DIGITAL_EAGORA-300x141.jpg 300w, https:\/\/www.eagora.app\/wp-content\/uploads\/2024\/02\/KIT_DIGITAL_EAGORA-1024x480.jpg 1024w, https:\/\/www.eagora.app\/wp-content\/uploads\/2024\/02\/KIT_DIGITAL_EAGORA-768x360.jpg 768w, https:\/\/www.eagora.app\/wp-content\/uploads\/2024\/02\/KIT_DIGITAL_EAGORA-1536x720.jpg 1536w, https:\/\/www.eagora.app\/wp-content\/uploads\/2024\/02\/KIT_DIGITAL_EAGORA-600x281.jpg 600w, https:\/\/www.eagora.app\/wp-content\/uploads\/2024\/02\/KIT_DIGITAL_EAGORA.jpg 2030w\" sizes=\"(max-width: 300px) 100vw, 300px\" \/><\/div><\/a>\n\t\t\t\t<div class=\"elementor-post__badge\">Articles<\/div>\n\t\t\t\t<div class=\"elementor-post__text\">\n\t\t\t\t<h3 class=\"elementor-post__title\">\n\t\t\t<a href=\"https:\/\/www.eagora.app\/ca\/conocimiento\/kit-digital-a-eagora-impulsant-la-transformacio-digital-de-les-empreses\/\" >\n\t\t\t\tKit Digital a eAgora?: Impulsant la Transformaci\u00f3 Digital de les Empreses\t\t\t<\/a>\n\t\t<\/h3>\n\t\t\t\t<div class=\"elementor-post__excerpt\">\n\t\t\t<p>Impulsant la Transformaci\u00f3 Digital de les Empreses amb el Kit Digital eAgora En plena era digital, les empreses busquen constantment maneres d&#8217;adaptar-se i prosperar. Aqu\u00ed<\/p>\n\t\t<\/div>\n\t\t\n\t\t<a class=\"elementor-post__read-more\" href=\"https:\/\/www.eagora.app\/ca\/conocimiento\/kit-digital-a-eagora-impulsant-la-transformacio-digital-de-les-empreses\/\" aria-label=\"Read more about Kit Digital a eAgora?: Impulsant la Transformaci\u00f3 Digital de les Empreses\" tabindex=\"-1\" >\n\t\t\tContinuar llegint \u00bb\t\t<\/a>\n\n\t\t\t\t<\/div>\n\t\t\t\t<div class=\"elementor-post__meta-data\">\n\t\t\t\t\t<span class=\"elementor-post-date\">\n\t\t\t29 de febrer de 2024\t\t<\/span>\n\t\t\t\t<\/div>\n\t\t\t\t\t<\/div>\n\t\t<\/article>\n\t\t\t\t<article class=\"elementor-post elementor-grid-item post-21952 post type-post status-publish format-standard has-post-thumbnail hentry category-articles-ca\" role=\"listitem\">\n\t\t\t<div class=\"elementor-post__card\">\n\t\t\t\t<a class=\"elementor-post__thumbnail__link\" href=\"https:\/\/www.eagora.app\/ca\/conocimiento\/10-idees-per-a-recaptar-fons-per-nadal-i-la-plataforma-eagora-per-a-gestionar-ho\/\" tabindex=\"-1\" ><div class=\"elementor-post__thumbnail\"><img fetchpriority=\"high\" decoding=\"async\" width=\"300\" height=\"169\" src=\"https:\/\/www.eagora.app\/wp-content\/uploads\/2023\/12\/10-Ideas-para-recaudar-fondos-en-Navidad-y-la-plataforma-eAgora-para-gestionarlo-300x169.jpg\" class=\"attachment-medium size-medium wp-image-21847\" alt=\"10 Ideas para recaudar fondos en Navidad y la plataforma eAgora para gestionarlo\" srcset=\"https:\/\/www.eagora.app\/wp-content\/uploads\/2023\/12\/10-Ideas-para-recaudar-fondos-en-Navidad-y-la-plataforma-eAgora-para-gestionarlo-300x169.jpg 300w, https:\/\/www.eagora.app\/wp-content\/uploads\/2023\/12\/10-Ideas-para-recaudar-fondos-en-Navidad-y-la-plataforma-eAgora-para-gestionarlo-1024x576.jpg 1024w, https:\/\/www.eagora.app\/wp-content\/uploads\/2023\/12\/10-Ideas-para-recaudar-fondos-en-Navidad-y-la-plataforma-eAgora-para-gestionarlo-768x432.jpg 768w, https:\/\/www.eagora.app\/wp-content\/uploads\/2023\/12\/10-Ideas-para-recaudar-fondos-en-Navidad-y-la-plataforma-eAgora-para-gestionarlo-1536x864.jpg 1536w, https:\/\/www.eagora.app\/wp-content\/uploads\/2023\/12\/10-Ideas-para-recaudar-fondos-en-Navidad-y-la-plataforma-eAgora-para-gestionarlo-600x338.jpg 600w, https:\/\/www.eagora.app\/wp-content\/uploads\/2023\/12\/10-Ideas-para-recaudar-fondos-en-Navidad-y-la-plataforma-eAgora-para-gestionarlo.jpg 1920w\" sizes=\"(max-width: 300px) 100vw, 300px\" \/><\/div><\/a>\n\t\t\t\t<div class=\"elementor-post__badge\">Articles<\/div>\n\t\t\t\t<div class=\"elementor-post__text\">\n\t\t\t\t<h3 class=\"elementor-post__title\">\n\t\t\t<a href=\"https:\/\/www.eagora.app\/ca\/conocimiento\/10-idees-per-a-recaptar-fons-per-nadal-i-la-plataforma-eagora-per-a-gestionar-ho\/\" >\n\t\t\t\t10 Idees per a recaptar fons per Nadal i la plataforma eAgora per a gestionar-ho\t\t\t<\/a>\n\t\t<\/h3>\n\t\t\t\t<div class=\"elementor-post__excerpt\">\n\t\t\t<p>La temporada de Nadal \u00e9s el moment perfecte per a compartir alegria i generar un impacte positiu. \u00c9s per aix\u00f2 que moltes organitzacions aprofiten per<\/p>\n\t\t<\/div>\n\t\t\n\t\t<a class=\"elementor-post__read-more\" href=\"https:\/\/www.eagora.app\/ca\/conocimiento\/10-idees-per-a-recaptar-fons-per-nadal-i-la-plataforma-eagora-per-a-gestionar-ho\/\" aria-label=\"Read more about 10 Idees per a recaptar fons per Nadal i la plataforma eAgora per a gestionar-ho\" tabindex=\"-1\" >\n\t\t\tContinuar llegint \u00bb\t\t<\/a>\n\n\t\t\t\t<\/div>\n\t\t\t\t<div class=\"elementor-post__meta-data\">\n\t\t\t\t\t<span class=\"elementor-post-date\">\n\t\t\t27 de desembre de 2023\t\t<\/span>\n\t\t\t\t<\/div>\n\t\t\t\t\t<\/div>\n\t\t<\/article>\n\t\t\t\t<article class=\"elementor-post elementor-grid-item post-21827 post type-post status-publish format-standard has-post-thumbnail hentry category-articles-ca\" role=\"listitem\">\n\t\t\t<div class=\"elementor-post__card\">\n\t\t\t\t<a class=\"elementor-post__thumbnail__link\" href=\"https:\/\/www.eagora.app\/ca\/conocimiento\/carnet-de-soci-digital-la-revolucio-en-la-gestio-associativa-amb-innovacio-i-comoditat\/\" tabindex=\"-1\" ><div class=\"elementor-post__thumbnail\"><img loading=\"lazy\" decoding=\"async\" width=\"300\" height=\"169\" src=\"https:\/\/www.eagora.app\/wp-content\/uploads\/2023\/12\/Carnet-de-Socio-Digital-La-revolucion-en-la-gestion-asociativa-con-innovacion-y-comodidad-300x169.jpg\" class=\"attachment-medium size-medium wp-image-21814\" alt=\"Carnet de Socio Digital: La revoluci\u00f3n en la gesti\u00f3n asociativa con innovaci\u00f3n y comodidad\" srcset=\"https:\/\/www.eagora.app\/wp-content\/uploads\/2023\/12\/Carnet-de-Socio-Digital-La-revolucion-en-la-gestion-asociativa-con-innovacion-y-comodidad-300x169.jpg 300w, https:\/\/www.eagora.app\/wp-content\/uploads\/2023\/12\/Carnet-de-Socio-Digital-La-revolucion-en-la-gestion-asociativa-con-innovacion-y-comodidad-1024x576.jpg 1024w, https:\/\/www.eagora.app\/wp-content\/uploads\/2023\/12\/Carnet-de-Socio-Digital-La-revolucion-en-la-gestion-asociativa-con-innovacion-y-comodidad-768x432.jpg 768w, https:\/\/www.eagora.app\/wp-content\/uploads\/2023\/12\/Carnet-de-Socio-Digital-La-revolucion-en-la-gestion-asociativa-con-innovacion-y-comodidad-1536x864.jpg 1536w, https:\/\/www.eagora.app\/wp-content\/uploads\/2023\/12\/Carnet-de-Socio-Digital-La-revolucion-en-la-gestion-asociativa-con-innovacion-y-comodidad-600x338.jpg 600w, https:\/\/www.eagora.app\/wp-content\/uploads\/2023\/12\/Carnet-de-Socio-Digital-La-revolucion-en-la-gestion-asociativa-con-innovacion-y-comodidad.jpg 1920w\" sizes=\"(max-width: 300px) 100vw, 300px\" \/><\/div><\/a>\n\t\t\t\t<div class=\"elementor-post__badge\">Articles<\/div>\n\t\t\t\t<div class=\"elementor-post__text\">\n\t\t\t\t<h3 class=\"elementor-post__title\">\n\t\t\t<a href=\"https:\/\/www.eagora.app\/ca\/conocimiento\/carnet-de-soci-digital-la-revolucio-en-la-gestio-associativa-amb-innovacio-i-comoditat\/\" >\n\t\t\t\tCarnet de Soci Digital: La revoluci\u00f3 en la gesti\u00f3 associativa amb innovaci\u00f3 i comoditat\t\t\t<\/a>\n\t\t<\/h3>\n\t\t\t\t<div class=\"elementor-post__excerpt\">\n\t\t\t<p>La gesti\u00f3 de socis en qualsevol organitzaci\u00f3 ha aconseguit un nou nivell d&#8217;efici\u00e8ncia i comoditat amb la introducci\u00f3 del Carnet de Soci Digital. En aquest<\/p>\n\t\t<\/div>\n\t\t\n\t\t<a class=\"elementor-post__read-more\" href=\"https:\/\/www.eagora.app\/ca\/conocimiento\/carnet-de-soci-digital-la-revolucio-en-la-gestio-associativa-amb-innovacio-i-comoditat\/\" aria-label=\"Read more about Carnet de Soci Digital: La revoluci\u00f3 en la gesti\u00f3 associativa amb innovaci\u00f3 i comoditat\" tabindex=\"-1\" >\n\t\t\tContinuar llegint \u00bb\t\t<\/a>\n\n\t\t\t\t<\/div>\n\t\t\t\t<div class=\"elementor-post__meta-data\">\n\t\t\t\t\t<span class=\"elementor-post-date\">\n\t\t\t21 de desembre de 2023\t\t<\/span>\n\t\t\t\t<\/div>\n\t\t\t\t\t<\/div>\n\t\t<\/article>\n\t\t\t\t<article class=\"elementor-post elementor-grid-item post-21728 post type-post status-publish format-standard has-post-thumbnail hentry category-articles-ca\" role=\"listitem\">\n\t\t\t<div class=\"elementor-post__card\">\n\t\t\t\t<a class=\"elementor-post__thumbnail__link\" href=\"https:\/\/www.eagora.app\/ca\/conocimiento\/estrategies-infallibles-per-a-augmentar-lassistencia-als-teus-esdeveniments\/\" tabindex=\"-1\" ><div class=\"elementor-post__thumbnail\"><img loading=\"lazy\" decoding=\"async\" width=\"300\" height=\"169\" src=\"https:\/\/www.eagora.app\/wp-content\/uploads\/2023\/12\/Estrategias-infalibles-para-aumentar-la-asistencia-a-tus-eventos-300x169.jpg\" class=\"attachment-medium size-medium wp-image-21706\" alt=\"Estrategias infalibles para aumentar la asistencia a tus eventos\" srcset=\"https:\/\/www.eagora.app\/wp-content\/uploads\/2023\/12\/Estrategias-infalibles-para-aumentar-la-asistencia-a-tus-eventos-300x169.jpg 300w, https:\/\/www.eagora.app\/wp-content\/uploads\/2023\/12\/Estrategias-infalibles-para-aumentar-la-asistencia-a-tus-eventos-1024x576.jpg 1024w, https:\/\/www.eagora.app\/wp-content\/uploads\/2023\/12\/Estrategias-infalibles-para-aumentar-la-asistencia-a-tus-eventos-768x432.jpg 768w, https:\/\/www.eagora.app\/wp-content\/uploads\/2023\/12\/Estrategias-infalibles-para-aumentar-la-asistencia-a-tus-eventos-1536x864.jpg 1536w, https:\/\/www.eagora.app\/wp-content\/uploads\/2023\/12\/Estrategias-infalibles-para-aumentar-la-asistencia-a-tus-eventos-600x338.jpg 600w, https:\/\/www.eagora.app\/wp-content\/uploads\/2023\/12\/Estrategias-infalibles-para-aumentar-la-asistencia-a-tus-eventos.jpg 1920w\" sizes=\"(max-width: 300px) 100vw, 300px\" \/><\/div><\/a>\n\t\t\t\t<div class=\"elementor-post__badge\">Articles<\/div>\n\t\t\t\t<div class=\"elementor-post__text\">\n\t\t\t\t<h3 class=\"elementor-post__title\">\n\t\t\t<a href=\"https:\/\/www.eagora.app\/ca\/conocimiento\/estrategies-infallibles-per-a-augmentar-lassistencia-als-teus-esdeveniments\/\" >\n\t\t\t\tEstrat\u00e8gies infal\u00b7libles per a augmentar l&#8217;assist\u00e8ncia als teus esdeveniments\t\t\t<\/a>\n\t\t<\/h3>\n\t\t\t\t<div class=\"elementor-post__excerpt\">\n\t\t\t<p>Organitzar un esdeveniment reeixit va m\u00e9s enll\u00e0 de tenir una excel\u00b7lent proposta; la clau est\u00e0 a assegurar-se que l&#8217;audi\u00e8ncia adequada sigui present per a gaudir-ho.<\/p>\n\t\t<\/div>\n\t\t\n\t\t<a class=\"elementor-post__read-more\" href=\"https:\/\/www.eagora.app\/ca\/conocimiento\/estrategies-infallibles-per-a-augmentar-lassistencia-als-teus-esdeveniments\/\" aria-label=\"Read more about Estrat\u00e8gies infal\u00b7libles per a augmentar l&#8217;assist\u00e8ncia als teus esdeveniments\" tabindex=\"-1\" >\n\t\t\tContinuar llegint \u00bb\t\t<\/a>\n\n\t\t\t\t<\/div>\n\t\t\t\t<div class=\"elementor-post__meta-data\">\n\t\t\t\t\t<span class=\"elementor-post-date\">\n\t\t\t14 de desembre de 2023\t\t<\/span>\n\t\t\t\t<\/div>\n\t\t\t\t\t<\/div>\n\t\t<\/article>\n\t\t\t\t<article class=\"elementor-post elementor-grid-item post-21277 post type-post status-publish format-standard has-post-thumbnail hentry category-articles-ca\" role=\"listitem\">\n\t\t\t<div class=\"elementor-post__card\">\n\t\t\t\t<a class=\"elementor-post__thumbnail__link\" href=\"https:\/\/www.eagora.app\/ca\/conocimiento\/cooperacio-entre-ajuntaments-de-diferents-paisos\/\" tabindex=\"-1\" ><div class=\"elementor-post__thumbnail\"><img loading=\"lazy\" decoding=\"async\" width=\"300\" height=\"169\" src=\"https:\/\/www.eagora.app\/wp-content\/uploads\/2023\/11\/BLOG-portadas-posts-40-300x169.jpg\" class=\"attachment-medium size-medium wp-image-21254\" alt=\"\" srcset=\"https:\/\/www.eagora.app\/wp-content\/uploads\/2023\/11\/BLOG-portadas-posts-40-300x169.jpg 300w, https:\/\/www.eagora.app\/wp-content\/uploads\/2023\/11\/BLOG-portadas-posts-40-1024x576.jpg 1024w, https:\/\/www.eagora.app\/wp-content\/uploads\/2023\/11\/BLOG-portadas-posts-40-768x432.jpg 768w, https:\/\/www.eagora.app\/wp-content\/uploads\/2023\/11\/BLOG-portadas-posts-40-1536x864.jpg 1536w, https:\/\/www.eagora.app\/wp-content\/uploads\/2023\/11\/BLOG-portadas-posts-40-600x338.jpg 600w, https:\/\/www.eagora.app\/wp-content\/uploads\/2023\/11\/BLOG-portadas-posts-40.jpg 1920w\" sizes=\"(max-width: 300px) 100vw, 300px\" \/><\/div><\/a>\n\t\t\t\t<div class=\"elementor-post__badge\">Articles<\/div>\n\t\t\t\t<div class=\"elementor-post__text\">\n\t\t\t\t<h3 class=\"elementor-post__title\">\n\t\t\t<a href=\"https:\/\/www.eagora.app\/ca\/conocimiento\/cooperacio-entre-ajuntaments-de-diferents-paisos\/\" >\n\t\t\t\tCooperaci\u00f3 entre ajuntaments de diferents pa\u00efsos\t\t\t<\/a>\n\t\t<\/h3>\n\t\t\t\t<div class=\"elementor-post__excerpt\">\n\t\t\t<p>Cooperaci\u00f3 entre ajuntaments de diferents pa\u00efsos &nbsp; &nbsp; La cooperaci\u00f3 entre ajuntaments de diferents pa\u00efsos \u00e9s un fenomen que ha pres rellev\u00e0ncia a l&#8217;esfera internacional.<\/p>\n\t\t<\/div>\n\t\t\n\t\t<a class=\"elementor-post__read-more\" href=\"https:\/\/www.eagora.app\/ca\/conocimiento\/cooperacio-entre-ajuntaments-de-diferents-paisos\/\" aria-label=\"Read more about Cooperaci\u00f3 entre ajuntaments de diferents pa\u00efsos\" tabindex=\"-1\" >\n\t\t\tContinuar llegint \u00bb\t\t<\/a>\n\n\t\t\t\t<\/div>\n\t\t\t\t<div class=\"elementor-post__meta-data\">\n\t\t\t\t\t<span class=\"elementor-post-date\">\n\t\t\t28 de novembre de 2023\t\t<\/span>\n\t\t\t\t<\/div>\n\t\t\t\t\t<\/div>\n\t\t<\/article>\n\t\t\t\t<article class=\"elementor-post elementor-grid-item post-21095 post type-post status-publish format-standard has-post-thumbnail hentry category-articles-ca\" role=\"listitem\">\n\t\t\t<div class=\"elementor-post__card\">\n\t\t\t\t<a class=\"elementor-post__thumbnail__link\" href=\"https:\/\/www.eagora.app\/ca\/conocimiento\/el-problema-de-la-despoblacio-rural-solucions-i-tendencies\/\" tabindex=\"-1\" ><div class=\"elementor-post__thumbnail\"><img loading=\"lazy\" decoding=\"async\" width=\"300\" height=\"169\" src=\"https:\/\/www.eagora.app\/wp-content\/uploads\/2023\/11\/BLOG-portadas-posts-36-300x169.jpg\" class=\"attachment-medium size-medium wp-image-21058\" alt=\"\" srcset=\"https:\/\/www.eagora.app\/wp-content\/uploads\/2023\/11\/BLOG-portadas-posts-36-300x169.jpg 300w, https:\/\/www.eagora.app\/wp-content\/uploads\/2023\/11\/BLOG-portadas-posts-36-1024x576.jpg 1024w, https:\/\/www.eagora.app\/wp-content\/uploads\/2023\/11\/BLOG-portadas-posts-36-768x432.jpg 768w, https:\/\/www.eagora.app\/wp-content\/uploads\/2023\/11\/BLOG-portadas-posts-36-1536x864.jpg 1536w, https:\/\/www.eagora.app\/wp-content\/uploads\/2023\/11\/BLOG-portadas-posts-36-600x338.jpg 600w, https:\/\/www.eagora.app\/wp-content\/uploads\/2023\/11\/BLOG-portadas-posts-36.jpg 1920w\" sizes=\"(max-width: 300px) 100vw, 300px\" \/><\/div><\/a>\n\t\t\t\t<div class=\"elementor-post__badge\">Articles<\/div>\n\t\t\t\t<div class=\"elementor-post__text\">\n\t\t\t\t<h3 class=\"elementor-post__title\">\n\t\t\t<a href=\"https:\/\/www.eagora.app\/ca\/conocimiento\/el-problema-de-la-despoblacio-rural-solucions-i-tendencies\/\" >\n\t\t\t\tEl problema de la despoblaci\u00f3 rural: solucions i tend\u00e8ncies\t\t\t<\/a>\n\t\t<\/h3>\n\t\t\t\t<div class=\"elementor-post__excerpt\">\n\t\t\t<p>El problema de la despoblaci\u00f3 rural: solucions i tend\u00e8ncies &nbsp; &nbsp; &nbsp; El problema de la despoblaci\u00f3 rural: solucions i tend\u00e8ncies La despoblaci\u00f3 rural representa<\/p>\n\t\t<\/div>\n\t\t\n\t\t<a class=\"elementor-post__read-more\" href=\"https:\/\/www.eagora.app\/ca\/conocimiento\/el-problema-de-la-despoblacio-rural-solucions-i-tendencies\/\" aria-label=\"Read more about El problema de la despoblaci\u00f3 rural: solucions i tend\u00e8ncies\" tabindex=\"-1\" >\n\t\t\tContinuar llegint \u00bb\t\t<\/a>\n\n\t\t\t\t<\/div>\n\t\t\t\t<div class=\"elementor-post__meta-data\">\n\t\t\t\t\t<span class=\"elementor-post-date\">\n\t\t\t23 de novembre de 2023\t\t<\/span>\n\t\t\t\t<\/div>\n\t\t\t\t\t<\/div>\n\t\t<\/article>\n\t\t\t\t<article class=\"elementor-post elementor-grid-item post-20931 post type-post status-publish format-standard has-post-thumbnail hentry category-articles-ca\" role=\"listitem\">\n\t\t\t<div class=\"elementor-post__card\">\n\t\t\t\t<a class=\"elementor-post__thumbnail__link\" href=\"https:\/\/www.eagora.app\/ca\/conocimiento\/gestio-de-residus-consells-per-reduir-els-costos-als-ajuntaments\/\" tabindex=\"-1\" ><div class=\"elementor-post__thumbnail\"><img loading=\"lazy\" decoding=\"async\" width=\"300\" height=\"169\" src=\"https:\/\/www.eagora.app\/wp-content\/uploads\/2023\/11\/BLOG-portadas-posts-30-300x169.jpg\" class=\"attachment-medium size-medium wp-image-20882\" alt=\"\" srcset=\"https:\/\/www.eagora.app\/wp-content\/uploads\/2023\/11\/BLOG-portadas-posts-30-300x169.jpg 300w, https:\/\/www.eagora.app\/wp-content\/uploads\/2023\/11\/BLOG-portadas-posts-30-1024x576.jpg 1024w, https:\/\/www.eagora.app\/wp-content\/uploads\/2023\/11\/BLOG-portadas-posts-30-768x432.jpg 768w, https:\/\/www.eagora.app\/wp-content\/uploads\/2023\/11\/BLOG-portadas-posts-30-1536x864.jpg 1536w, https:\/\/www.eagora.app\/wp-content\/uploads\/2023\/11\/BLOG-portadas-posts-30-600x338.jpg 600w, https:\/\/www.eagora.app\/wp-content\/uploads\/2023\/11\/BLOG-portadas-posts-30.jpg 1920w\" sizes=\"(max-width: 300px) 100vw, 300px\" \/><\/div><\/a>\n\t\t\t\t<div class=\"elementor-post__badge\">Articles<\/div>\n\t\t\t\t<div class=\"elementor-post__text\">\n\t\t\t\t<h3 class=\"elementor-post__title\">\n\t\t\t<a href=\"https:\/\/www.eagora.app\/ca\/conocimiento\/gestio-de-residus-consells-per-reduir-els-costos-als-ajuntaments\/\" >\n\t\t\t\tGesti\u00f3 de residus: consells per reduir els costos als ajuntaments\t\t\t<\/a>\n\t\t<\/h3>\n\t\t\t\t<div class=\"elementor-post__excerpt\">\n\t\t\t<p>Gesti\u00f3 de residus: consells per reduir els costos als ajuntaments &nbsp; Qu\u00e8 \u00e9s la Gesti\u00f3 de Residus? La gesti\u00f3 de residus inclou un conjunt integral<\/p>\n\t\t<\/div>\n\t\t\n\t\t<a class=\"elementor-post__read-more\" href=\"https:\/\/www.eagora.app\/ca\/conocimiento\/gestio-de-residus-consells-per-reduir-els-costos-als-ajuntaments\/\" aria-label=\"Read more about Gesti\u00f3 de residus: consells per reduir els costos als ajuntaments\" tabindex=\"-1\" >\n\t\t\tContinuar llegint \u00bb\t\t<\/a>\n\n\t\t\t\t<\/div>\n\t\t\t\t<div class=\"elementor-post__meta-data\">\n\t\t\t\t\t<span class=\"elementor-post-date\">\n\t\t\t16 de novembre de 2023\t\t<\/span>\n\t\t\t\t<\/div>\n\t\t\t\t\t<\/div>\n\t\t<\/article>\n\t\t\t\t<article class=\"elementor-post elementor-grid-item post-20867 post type-post status-publish format-standard has-post-thumbnail hentry category-articles-ca\" role=\"listitem\">\n\t\t\t<div class=\"elementor-post__card\">\n\t\t\t\t<a class=\"elementor-post__thumbnail__link\" href=\"https:\/\/www.eagora.app\/ca\/conocimiento\/com-rebre-donacions-de-forma-agil-i-legal\/\" tabindex=\"-1\" ><div class=\"elementor-post__thumbnail\"><img loading=\"lazy\" decoding=\"async\" width=\"300\" height=\"169\" src=\"https:\/\/www.eagora.app\/wp-content\/uploads\/2023\/11\/BLOG-portadas-posts-29-300x169.jpg\" class=\"attachment-medium size-medium wp-image-20858\" alt=\"\" srcset=\"https:\/\/www.eagora.app\/wp-content\/uploads\/2023\/11\/BLOG-portadas-posts-29-300x169.jpg 300w, https:\/\/www.eagora.app\/wp-content\/uploads\/2023\/11\/BLOG-portadas-posts-29-1024x576.jpg 1024w, https:\/\/www.eagora.app\/wp-content\/uploads\/2023\/11\/BLOG-portadas-posts-29-768x432.jpg 768w, https:\/\/www.eagora.app\/wp-content\/uploads\/2023\/11\/BLOG-portadas-posts-29-1536x864.jpg 1536w, https:\/\/www.eagora.app\/wp-content\/uploads\/2023\/11\/BLOG-portadas-posts-29-600x338.jpg 600w, https:\/\/www.eagora.app\/wp-content\/uploads\/2023\/11\/BLOG-portadas-posts-29.jpg 1920w\" sizes=\"(max-width: 300px) 100vw, 300px\" \/><\/div><\/a>\n\t\t\t\t<div class=\"elementor-post__badge\">Articles<\/div>\n\t\t\t\t<div class=\"elementor-post__text\">\n\t\t\t\t<h3 class=\"elementor-post__title\">\n\t\t\t<a href=\"https:\/\/www.eagora.app\/ca\/conocimiento\/com-rebre-donacions-de-forma-agil-i-legal\/\" >\n\t\t\t\tCom rebre donacions de forma \u00e0gil i legal\t\t\t<\/a>\n\t\t<\/h3>\n\t\t\t\t<div class=\"elementor-post__excerpt\">\n\t\t\t<p>Com rebre donacions de forma \u00e0gil i legal &nbsp; Les donacions s\u00f3n el motor que impulsa iniciatives diverses, des de projectes socials fins a emprenedories<\/p>\n\t\t<\/div>\n\t\t\n\t\t<a class=\"elementor-post__read-more\" href=\"https:\/\/www.eagora.app\/ca\/conocimiento\/com-rebre-donacions-de-forma-agil-i-legal\/\" aria-label=\"Read more about Com rebre donacions de forma \u00e0gil i legal\" tabindex=\"-1\" >\n\t\t\tContinuar llegint \u00bb\t\t<\/a>\n\n\t\t\t\t<\/div>\n\t\t\t\t<div class=\"elementor-post__meta-data\">\n\t\t\t\t\t<span class=\"elementor-post-date\">\n\t\t\t14 de novembre de 2023\t\t<\/span>\n\t\t\t\t<\/div>\n\t\t\t\t\t<\/div>\n\t\t<\/article>\n\t\t\t\t<\/div>\n\t\t\t\t\t<span class=\"e-load-more-spinner\">\n\t\t\t\t<i aria-hidden=\"true\" class=\"fas fa-spinner\"><\/i>\t\t\t<\/span>\n\t\t\n\t\t\t\t<div class=\"e-load-more-anchor\" data-page=\"1\" data-max-page=\"8\" data-next-page=\"https:\/\/www.eagora.app\/ca\/coneixement\/2\/\"><\/div>\n\t\t\t\t<div class=\"elementor-button-wrapper\">\n\t\t\t<a class=\"elementor-button elementor-size-sm\" role=\"button\">\n\t\t\t\t\t\t<span class=\"elementor-button-content-wrapper\">\n\t\t\t\t\t\t\t<span class=\"elementor-button-icon\">\n\t\t\t\t<i aria-hidden=\"true\" class=\"fas fa-arrow-down\"><\/i>\t\t\t<\/span>\n\t\t\t\t\t\t\t\t\t<span class=\"elementor-button-text\">Carregar m\u00e9s contingut<\/span>\n\t\t\t\t\t<\/span>\n\t\t\t\t\t<\/a>\n\t\t<\/div>\n\t\t\t\t<div class=\"e-load-more-message\"><\/div>\n\t\t\t\t\t\t<\/div>\n\t\t\t\t<\/div>\n\t\t\t\t\t<\/div>\n\t\t<\/div>\n\t\t\t\t\t<\/div>\n\t\t<\/section>\n\t\t\t\t<\/div>\n\t\t\n<\/div>\n\t\t\t\t\t\t\t\t\t<div class=\"elementor-tab-title elementor-tab-mobile-title\" aria-selected=\"false\" data-tab=\"4\" role=\"tab\" tabindex=\"-1\" aria-controls=\"elementor-tab-content-6174\" aria-expanded=\"false\">Tutorials<\/div>\n\t\t\t\t\t<div id=\"elementor-tab-content-6174\" class=\"elementor-tab-content elementor-clearfix\" data-tab=\"4\" role=\"tabpanel\" aria-labelledby=\"elementor-tab-title-6174\" tabindex=\"0\" hidden=\"hidden\">\t\t<div data-elementor-type=\"section\" data-elementor-id=\"7124\" class=\"elementor elementor-7124 elementor-3000\" data-elementor-post-type=\"elementor_library\">\n\t\t\t\t\t<section class=\"elementor-section elementor-top-section elementor-element elementor-element-3eea169c elementor-section-boxed elementor-section-height-default elementor-section-height-default\" data-id=\"3eea169c\" data-element_type=\"section\" data-e-type=\"section\" data-settings=\"{&quot;background_background&quot;:&quot;classic&quot;}\">\n\t\t\t\t\t\t<div class=\"elementor-container elementor-column-gap-default\">\n\t\t\t\t\t<div class=\"elementor-column elementor-col-100 elementor-top-column elementor-element elementor-element-db23c35\" data-id=\"db23c35\" data-element_type=\"column\" data-e-type=\"column\">\n\t\t\t<div class=\"elementor-widget-wrap elementor-element-populated\">\n\t\t\t\t\t\t<div class=\"elementor-element elementor-element-22f6bdde elementor-grid-1 conocimiento sticky elementor-grid-tablet-2 elementor-grid-mobile-1 elementor-posts--thumbnail-top elementor-posts__hover-gradient elementor-widget elementor-widget-posts\" data-id=\"22f6bdde\" data-element_type=\"widget\" data-e-type=\"widget\" data-settings=\"{&quot;cards_columns&quot;:&quot;1&quot;,&quot;cards_columns_tablet&quot;:&quot;2&quot;,&quot;cards_columns_mobile&quot;:&quot;1&quot;,&quot;cards_row_gap&quot;:{&quot;unit&quot;:&quot;px&quot;,&quot;size&quot;:35,&quot;sizes&quot;:[]},&quot;cards_row_gap_tablet&quot;:{&quot;unit&quot;:&quot;px&quot;,&quot;size&quot;:&quot;&quot;,&quot;sizes&quot;:[]},&quot;cards_row_gap_mobile&quot;:{&quot;unit&quot;:&quot;px&quot;,&quot;size&quot;:&quot;&quot;,&quot;sizes&quot;:[]}}\" data-widget_type=\"posts.cards\">\n\t\t\t\t<div class=\"elementor-widget-container\">\n\t\t\t\t\t\t\t<div class=\"elementor-posts-container elementor-posts elementor-posts--skin-cards elementor-grid\" role=\"list\">\n\t\t\t\t<article class=\"elementor-post elementor-grid-item post-50299 post type-post status-publish format-standard hentry category-articles-ca category-noticies category-tutorials\" role=\"listitem\">\n\t\t\t<div class=\"elementor-post__card\">\n\t\t\t\t<div class=\"elementor-post__text\">\n\t\t\t\t<h3 class=\"elementor-post__title\">\n\t\t\t<a href=\"https:\/\/www.eagora.app\/ca\/carnestoltes-setmanasanta\/\" >\n\t\t\t\tCarnestoltes i Setmana Santa sense complicacions: gesti\u00f3, entrades i comunicaci\u00f3 en eAgora\t\t\t<\/a>\n\t\t<\/h3>\n\t\t\t\t<div class=\"elementor-post__excerpt\">\n\t\t\t<p>Les grans festivitats com a Carnestoltes i Setmana Santa no sols atreuen la ciutadania, sin\u00f3 tamb\u00e9 a turistes i visitants. Gestionar tota la informaci\u00f3, coordinar<\/p>\n\t\t<\/div>\n\t\t\n\t\t<a class=\"elementor-post__read-more\" href=\"https:\/\/www.eagora.app\/ca\/carnestoltes-setmanasanta\/\" aria-label=\"Read more about Carnestoltes i Setmana Santa sense complicacions: gesti\u00f3, entrades i comunicaci\u00f3 en eAgora\" tabindex=\"-1\" >\n\t\t\tContinuar llegint \u00bb\t\t<\/a>\n\n\t\t\t\t<\/div>\n\t\t\t\t<div class=\"elementor-post__meta-data\">\n\t\t\t\t\t<span class=\"elementor-post-date\">\n\t\t\t5 de febrer de 2025\t\t<\/span>\n\t\t\t\t<\/div>\n\t\t\t\t\t<\/div>\n\t\t<\/article>\n\t\t\t\t<\/div>\n\t\t\n\t\t\t\t\t\t<\/div>\n\t\t\t\t<\/div>\n\t\t\t\t<div class=\"elementor-element elementor-element-26a4cc0a conocimiento elementor-grid-3 elementor-grid-tablet-2 elementor-grid-mobile-1 elementor-posts--thumbnail-top elementor-posts__hover-gradient load-more-align-center elementor-widget elementor-widget-posts\" data-id=\"26a4cc0a\" data-element_type=\"widget\" data-e-type=\"widget\" data-settings=\"{&quot;pagination_type&quot;:&quot;load_more_on_click&quot;,&quot;cards_row_gap&quot;:{&quot;unit&quot;:&quot;px&quot;,&quot;size&quot;:40,&quot;sizes&quot;:[]},&quot;cards_columns&quot;:&quot;3&quot;,&quot;cards_columns_tablet&quot;:&quot;2&quot;,&quot;cards_columns_mobile&quot;:&quot;1&quot;,&quot;cards_row_gap_tablet&quot;:{&quot;unit&quot;:&quot;px&quot;,&quot;size&quot;:&quot;&quot;,&quot;sizes&quot;:[]},&quot;cards_row_gap_mobile&quot;:{&quot;unit&quot;:&quot;px&quot;,&quot;size&quot;:&quot;&quot;,&quot;sizes&quot;:[]},&quot;load_more_spinner&quot;:{&quot;value&quot;:&quot;fas fa-spinner&quot;,&quot;library&quot;:&quot;fa-solid&quot;}}\" data-widget_type=\"posts.cards\">\n\t\t\t\t<div class=\"elementor-widget-container\">\n\t\t\t\t\t\t\t<div class=\"elementor-posts-container elementor-posts elementor-posts--skin-cards elementor-grid\" role=\"list\">\n\t\t\t\t<article class=\"elementor-post elementor-grid-item post-27985 post type-post status-publish format-standard has-post-thumbnail hentry category-tutorials\" role=\"listitem\">\n\t\t\t<div class=\"elementor-post__card\">\n\t\t\t\t<a class=\"elementor-post__thumbnail__link\" href=\"https:\/\/www.eagora.app\/ca\/conocimiento\/condicions-i-acord-dus-del-servei-de-tpv-eagora-per-a-venda-de-tiquets-mitjancant-la-plataforma-eagora\/\" tabindex=\"-1\" ><div class=\"elementor-post__thumbnail\"><img decoding=\"async\" width=\"300\" height=\"138\" src=\"https:\/\/www.eagora.app\/wp-content\/uploads\/2024\/04\/TPV_eAgora-1-300x138.jpg\" class=\"attachment-medium size-medium wp-image-27926\" alt=\"TPV_eAgora\" srcset=\"https:\/\/www.eagora.app\/wp-content\/uploads\/2024\/04\/TPV_eAgora-1-300x138.jpg 300w, https:\/\/www.eagora.app\/wp-content\/uploads\/2024\/04\/TPV_eAgora-1-1024x469.jpg 1024w, https:\/\/www.eagora.app\/wp-content\/uploads\/2024\/04\/TPV_eAgora-1-768x352.jpg 768w, https:\/\/www.eagora.app\/wp-content\/uploads\/2024\/04\/TPV_eAgora-1-600x275.jpg 600w, https:\/\/www.eagora.app\/wp-content\/uploads\/2024\/04\/TPV_eAgora-1.jpg 1200w\" sizes=\"(max-width: 300px) 100vw, 300px\" \/><\/div><\/a>\n\t\t\t\t<div class=\"elementor-post__badge\">Tutorials<\/div>\n\t\t\t\t<div class=\"elementor-post__text\">\n\t\t\t\t<h3 class=\"elementor-post__title\">\n\t\t\t<a href=\"https:\/\/www.eagora.app\/ca\/conocimiento\/condicions-i-acord-dus-del-servei-de-tpv-eagora-per-a-venda-de-tiquets-mitjancant-la-plataforma-eagora\/\" >\n\t\t\t\tCondicions i Acord d&#8217;\u00das Del Servei de Tpv eAgora per a Venda de Tiquets Mitjan\u00e7ant la Plataforma eAgora\t\t\t<\/a>\n\t\t<\/h3>\n\t\t\t\t<div class=\"elementor-post__excerpt\">\n\t\t\t<p>Condicions i acord d&#8217;\u00fas del servei de tpv eagora per a venda de tiquets mitjan\u00e7ant la plataforma eAgora \u00c9s objecte d&#8217;aquestes condicions determinar el servei<\/p>\n\t\t<\/div>\n\t\t\n\t\t<a class=\"elementor-post__read-more\" href=\"https:\/\/www.eagora.app\/ca\/conocimiento\/condicions-i-acord-dus-del-servei-de-tpv-eagora-per-a-venda-de-tiquets-mitjancant-la-plataforma-eagora\/\" aria-label=\"Read more about Condicions i Acord d&#8217;\u00das Del Servei de Tpv eAgora per a Venda de Tiquets Mitjan\u00e7ant la Plataforma eAgora\" tabindex=\"-1\" >\n\t\t\tContinuar llegint \u00bb\t\t<\/a>\n\n\t\t\t\t<\/div>\n\t\t\t\t<div class=\"elementor-post__meta-data\">\n\t\t\t\t\t<span class=\"elementor-post-date\">\n\t\t\t29 d&#8217;abril de 2024\t\t<\/span>\n\t\t\t\t<\/div>\n\t\t\t\t\t<\/div>\n\t\t<\/article>\n\t\t\t\t<article class=\"elementor-post elementor-grid-item post-21655 post type-post status-publish format-standard has-post-thumbnail hentry category-tutorials\" role=\"listitem\">\n\t\t\t<div class=\"elementor-post__card\">\n\t\t\t\t<a class=\"elementor-post__thumbnail__link\" href=\"https:\/\/www.eagora.app\/ca\/conocimiento\/com-eliminar-el-meu-compte-o-donar-me-de-baixa-dels-comunicats-a-eagora\/\" tabindex=\"-1\" ><div class=\"elementor-post__thumbnail\"><img loading=\"lazy\" decoding=\"async\" width=\"300\" height=\"169\" src=\"https:\/\/www.eagora.app\/wp-content\/uploads\/2023\/12\/Como-eliminar-mi-cuenta-o-darme-de-baja-de-los-comunicados-en-eAgora-300x169.jpg\" class=\"attachment-medium size-medium wp-image-21628\" alt=\"C\u00f3mo eliminar mi cuenta o darme de baja de los comunicados en eAgora\" srcset=\"https:\/\/www.eagora.app\/wp-content\/uploads\/2023\/12\/Como-eliminar-mi-cuenta-o-darme-de-baja-de-los-comunicados-en-eAgora-300x169.jpg 300w, https:\/\/www.eagora.app\/wp-content\/uploads\/2023\/12\/Como-eliminar-mi-cuenta-o-darme-de-baja-de-los-comunicados-en-eAgora-1024x576.jpg 1024w, https:\/\/www.eagora.app\/wp-content\/uploads\/2023\/12\/Como-eliminar-mi-cuenta-o-darme-de-baja-de-los-comunicados-en-eAgora-768x432.jpg 768w, https:\/\/www.eagora.app\/wp-content\/uploads\/2023\/12\/Como-eliminar-mi-cuenta-o-darme-de-baja-de-los-comunicados-en-eAgora-1536x864.jpg 1536w, https:\/\/www.eagora.app\/wp-content\/uploads\/2023\/12\/Como-eliminar-mi-cuenta-o-darme-de-baja-de-los-comunicados-en-eAgora-600x338.jpg 600w, https:\/\/www.eagora.app\/wp-content\/uploads\/2023\/12\/Como-eliminar-mi-cuenta-o-darme-de-baja-de-los-comunicados-en-eAgora.jpg 1920w\" sizes=\"(max-width: 300px) 100vw, 300px\" \/><\/div><\/a>\n\t\t\t\t<div class=\"elementor-post__badge\">Tutorials<\/div>\n\t\t\t\t<div class=\"elementor-post__text\">\n\t\t\t\t<h3 class=\"elementor-post__title\">\n\t\t\t<a href=\"https:\/\/www.eagora.app\/ca\/conocimiento\/com-eliminar-el-meu-compte-o-donar-me-de-baixa-dels-comunicats-a-eagora\/\" >\n\t\t\t\tCom eliminar el meu compte o donar-me de baixa dels comunicats a eAgora\t\t\t<\/a>\n\t\t<\/h3>\n\t\t\t\t<div class=\"elementor-post__excerpt\">\n\t\t\t<p>Si est\u00e0s llegint aquest post, \u00e9s possible que estiguis considerant donar-te de baixa d&#8217;eAgora. Ja sigui que estiguis buscant tancar el teu compte en l&#8217;app,<\/p>\n\t\t<\/div>\n\t\t\n\t\t<a class=\"elementor-post__read-more\" href=\"https:\/\/www.eagora.app\/ca\/conocimiento\/com-eliminar-el-meu-compte-o-donar-me-de-baixa-dels-comunicats-a-eagora\/\" aria-label=\"Read more about Com eliminar el meu compte o donar-me de baixa dels comunicats a eAgora\" tabindex=\"-1\" >\n\t\t\tContinuar llegint \u00bb\t\t<\/a>\n\n\t\t\t\t<\/div>\n\t\t\t\t<div class=\"elementor-post__meta-data\">\n\t\t\t\t\t<span class=\"elementor-post-date\">\n\t\t\t10 de desembre de 2023\t\t<\/span>\n\t\t\t\t<\/div>\n\t\t\t\t\t<\/div>\n\t\t<\/article>\n\t\t\t\t<article class=\"elementor-post elementor-grid-item post-20420 post type-post status-publish format-standard has-post-thumbnail hentry category-noticies category-tutorials\" role=\"listitem\">\n\t\t\t<div class=\"elementor-post__card\">\n\t\t\t\t<a class=\"elementor-post__thumbnail__link\" href=\"https:\/\/www.eagora.app\/ca\/conocimiento\/el-poder-de-compartir-enfortint-la-xarxa-comunitaria\/\" tabindex=\"-1\" ><div class=\"elementor-post__thumbnail\"><img loading=\"lazy\" decoding=\"async\" width=\"300\" height=\"169\" src=\"https:\/\/www.eagora.app\/wp-content\/uploads\/2023\/10\/BLOG-portadas-posts-3-300x169.png\" class=\"attachment-medium size-medium wp-image-20607\" alt=\"\" srcset=\"https:\/\/www.eagora.app\/wp-content\/uploads\/2023\/10\/BLOG-portadas-posts-3-300x169.png 300w, https:\/\/www.eagora.app\/wp-content\/uploads\/2023\/10\/BLOG-portadas-posts-3-1024x576.png 1024w, https:\/\/www.eagora.app\/wp-content\/uploads\/2023\/10\/BLOG-portadas-posts-3-768x432.png 768w, https:\/\/www.eagora.app\/wp-content\/uploads\/2023\/10\/BLOG-portadas-posts-3-1536x864.png 1536w, https:\/\/www.eagora.app\/wp-content\/uploads\/2023\/10\/BLOG-portadas-posts-3-600x338.png 600w, https:\/\/www.eagora.app\/wp-content\/uploads\/2023\/10\/BLOG-portadas-posts-3.png 1920w\" sizes=\"(max-width: 300px) 100vw, 300px\" \/><\/div><\/a>\n\t\t\t\t<div class=\"elementor-post__badge\">Not\u00edcies<\/div>\n\t\t\t\t<div class=\"elementor-post__text\">\n\t\t\t\t<h3 class=\"elementor-post__title\">\n\t\t\t<a href=\"https:\/\/www.eagora.app\/ca\/conocimiento\/el-poder-de-compartir-enfortint-la-xarxa-comunitaria\/\" >\n\t\t\t\tEl poder de compartir: enfortint la xarxa comunit\u00e0ria\t\t\t<\/a>\n\t\t<\/h3>\n\t\t\t\t<div class=\"elementor-post__excerpt\">\n\t\t\t<p>El poder de compartir: enfortint la xarxa comunit\u00e0ria &nbsp; Transformant Comunitats: El Poder de la Col\u00b7laboraci\u00f3 En un m\u00f3n cada cop m\u00e9s interconnectat, la col\u00b7laboraci\u00f3<\/p>\n\t\t<\/div>\n\t\t\n\t\t<a class=\"elementor-post__read-more\" href=\"https:\/\/www.eagora.app\/ca\/conocimiento\/el-poder-de-compartir-enfortint-la-xarxa-comunitaria\/\" aria-label=\"Read more about El poder de compartir: enfortint la xarxa comunit\u00e0ria\" tabindex=\"-1\" >\n\t\t\tContinuar llegint \u00bb\t\t<\/a>\n\n\t\t\t\t<\/div>\n\t\t\t\t<div class=\"elementor-post__meta-data\">\n\t\t\t\t\t<span class=\"elementor-post-date\">\n\t\t\t26 d&#8217;octubre de 2023\t\t<\/span>\n\t\t\t\t<\/div>\n\t\t\t\t\t<\/div>\n\t\t<\/article>\n\t\t\t\t<article class=\"elementor-post elementor-grid-item post-20239 post type-post status-publish format-standard has-post-thumbnail hentry category-noticies category-tutorials\" role=\"listitem\">\n\t\t\t<div class=\"elementor-post__card\">\n\t\t\t\t<a class=\"elementor-post__thumbnail__link\" href=\"https:\/\/www.eagora.app\/ca\/conocimiento\/troba-agores-properes-a-tu-amb-geolocalitzacio-a-eagora\/\" tabindex=\"-1\" ><div class=\"elementor-post__thumbnail\"><img loading=\"lazy\" decoding=\"async\" width=\"300\" height=\"169\" src=\"https:\/\/www.eagora.app\/wp-content\/uploads\/2023\/10\/BLOG-portadas-posts-300x169.png\" class=\"attachment-medium size-medium wp-image-20163\" alt=\"\" srcset=\"https:\/\/www.eagora.app\/wp-content\/uploads\/2023\/10\/BLOG-portadas-posts-300x169.png 300w, https:\/\/www.eagora.app\/wp-content\/uploads\/2023\/10\/BLOG-portadas-posts-1024x576.png 1024w, https:\/\/www.eagora.app\/wp-content\/uploads\/2023\/10\/BLOG-portadas-posts-768x432.png 768w, https:\/\/www.eagora.app\/wp-content\/uploads\/2023\/10\/BLOG-portadas-posts-1536x864.png 1536w, https:\/\/www.eagora.app\/wp-content\/uploads\/2023\/10\/BLOG-portadas-posts-600x338.png 600w, https:\/\/www.eagora.app\/wp-content\/uploads\/2023\/10\/BLOG-portadas-posts.png 1920w\" sizes=\"(max-width: 300px) 100vw, 300px\" \/><\/div><\/a>\n\t\t\t\t<div class=\"elementor-post__badge\">Not\u00edcies<\/div>\n\t\t\t\t<div class=\"elementor-post__text\">\n\t\t\t\t<h3 class=\"elementor-post__title\">\n\t\t\t<a href=\"https:\/\/www.eagora.app\/ca\/conocimiento\/troba-agores-properes-a-tu-amb-geolocalitzacio-a-eagora\/\" >\n\t\t\t\tTroba \u00e0gores properes a tu amb geolocalitzaci\u00f3 a eAgora\t\t\t<\/a>\n\t\t<\/h3>\n\t\t\t\t<div class=\"elementor-post__excerpt\">\n\t\t\t<p>Troba \u00e0gores properes a tu amb geolocalitzaci\u00f3 a eAgora &nbsp; L&#8217;aplicaci\u00f3 eAgora ha fet un pas endavant en la missi\u00f3 de connectar persones i entitats<\/p>\n\t\t<\/div>\n\t\t\n\t\t<a class=\"elementor-post__read-more\" href=\"https:\/\/www.eagora.app\/ca\/conocimiento\/troba-agores-properes-a-tu-amb-geolocalitzacio-a-eagora\/\" aria-label=\"Read more about Troba \u00e0gores properes a tu amb geolocalitzaci\u00f3 a eAgora\" tabindex=\"-1\" >\n\t\t\tContinuar llegint \u00bb\t\t<\/a>\n\n\t\t\t\t<\/div>\n\t\t\t\t<div class=\"elementor-post__meta-data\">\n\t\t\t\t\t<span class=\"elementor-post-date\">\n\t\t\t26 d&#8217;octubre de 2023\t\t<\/span>\n\t\t\t\t<\/div>\n\t\t\t\t\t<\/div>\n\t\t<\/article>\n\t\t\t\t<article class=\"elementor-post elementor-grid-item post-18196 post type-post status-publish format-standard has-post-thumbnail hentry category-tutorials\" role=\"listitem\">\n\t\t\t<div class=\"elementor-post__card\">\n\t\t\t\t<a class=\"elementor-post__thumbnail__link\" href=\"https:\/\/www.eagora.app\/ca\/conocimiento\/com-configurar-la-teva-agora-principal-per-defecte\/\" tabindex=\"-1\" ><div class=\"elementor-post__thumbnail\"><img loading=\"lazy\" decoding=\"async\" width=\"300\" height=\"169\" src=\"https:\/\/www.eagora.app\/wp-content\/uploads\/2023\/07\/Blog-portada-app-300x169.jpg\" class=\"attachment-medium size-medium wp-image-17573\" alt=\"\" srcset=\"https:\/\/www.eagora.app\/wp-content\/uploads\/2023\/07\/Blog-portada-app-300x169.jpg 300w, https:\/\/www.eagora.app\/wp-content\/uploads\/2023\/07\/Blog-portada-app-1024x576.jpg 1024w, https:\/\/www.eagora.app\/wp-content\/uploads\/2023\/07\/Blog-portada-app-768x432.jpg 768w, https:\/\/www.eagora.app\/wp-content\/uploads\/2023\/07\/Blog-portada-app-1536x864.jpg 1536w, https:\/\/www.eagora.app\/wp-content\/uploads\/2023\/07\/Blog-portada-app-600x338.jpg 600w, https:\/\/www.eagora.app\/wp-content\/uploads\/2023\/07\/Blog-portada-app.jpg 1920w\" sizes=\"(max-width: 300px) 100vw, 300px\" \/><\/div><\/a>\n\t\t\t\t<div class=\"elementor-post__badge\">Tutorials<\/div>\n\t\t\t\t<div class=\"elementor-post__text\">\n\t\t\t\t<h3 class=\"elementor-post__title\">\n\t\t\t<a href=\"https:\/\/www.eagora.app\/ca\/conocimiento\/com-configurar-la-teva-agora-principal-per-defecte\/\" >\n\t\t\t\tCom configurar la teva \u00e0gora principal per defecte\t\t\t<\/a>\n\t\t<\/h3>\n\t\t\t\t<div class=\"elementor-post__excerpt\">\n\t\t\t<p>Accedeix a la teva \u00e0gora principal autom\u00e0ticament per defecte Com configurar la teva \u00e0gora principal per defecte &nbsp; El m\u00e9s important per a tu, m\u00e9s<\/p>\n\t\t<\/div>\n\t\t\n\t\t<a class=\"elementor-post__read-more\" href=\"https:\/\/www.eagora.app\/ca\/conocimiento\/com-configurar-la-teva-agora-principal-per-defecte\/\" aria-label=\"Read more about Com configurar la teva \u00e0gora principal per defecte\" tabindex=\"-1\" >\n\t\t\tContinuar llegint \u00bb\t\t<\/a>\n\n\t\t\t\t<\/div>\n\t\t\t\t<div class=\"elementor-post__meta-data\">\n\t\t\t\t\t<span class=\"elementor-post-date\">\n\t\t\t10 d&#8217;octubre de 2023\t\t<\/span>\n\t\t\t\t<\/div>\n\t\t\t\t\t<\/div>\n\t\t<\/article>\n\t\t\t\t<article class=\"elementor-post elementor-grid-item post-19079 post type-post status-publish format-standard has-post-thumbnail hentry category-tutorials\" role=\"listitem\">\n\t\t\t<div class=\"elementor-post__card\">\n\t\t\t\t<a class=\"elementor-post__thumbnail__link\" href=\"https:\/\/www.eagora.app\/ca\/conocimiento\/afegeix-directoris-dentitats-i-serveis-del-teu-ajuntament-o-entitat-i-oblidat-de-les-dades-desactualitzades\/\" tabindex=\"-1\" ><div class=\"elementor-post__thumbnail\"><img loading=\"lazy\" decoding=\"async\" width=\"300\" height=\"169\" src=\"https:\/\/www.eagora.app\/wp-content\/uploads\/2023\/09\/BLOG-portadas-posts-20-300x169.jpg\" class=\"attachment-medium size-medium wp-image-18840\" alt=\"\" srcset=\"https:\/\/www.eagora.app\/wp-content\/uploads\/2023\/09\/BLOG-portadas-posts-20-300x169.jpg 300w, https:\/\/www.eagora.app\/wp-content\/uploads\/2023\/09\/BLOG-portadas-posts-20-1024x576.jpg 1024w, https:\/\/www.eagora.app\/wp-content\/uploads\/2023\/09\/BLOG-portadas-posts-20-768x432.jpg 768w, https:\/\/www.eagora.app\/wp-content\/uploads\/2023\/09\/BLOG-portadas-posts-20-1536x864.jpg 1536w, https:\/\/www.eagora.app\/wp-content\/uploads\/2023\/09\/BLOG-portadas-posts-20-600x338.jpg 600w, https:\/\/www.eagora.app\/wp-content\/uploads\/2023\/09\/BLOG-portadas-posts-20.jpg 1920w\" sizes=\"(max-width: 300px) 100vw, 300px\" \/><\/div><\/a>\n\t\t\t\t<div class=\"elementor-post__badge\">Tutorials<\/div>\n\t\t\t\t<div class=\"elementor-post__text\">\n\t\t\t\t<h3 class=\"elementor-post__title\">\n\t\t\t<a href=\"https:\/\/www.eagora.app\/ca\/conocimiento\/afegeix-directoris-dentitats-i-serveis-del-teu-ajuntament-o-entitat-i-oblidat-de-les-dades-desactualitzades\/\" >\n\t\t\t\tAfegeix directoris d&#8217;entitats i serveis del teu ajuntament o entitat i oblida&#8217;t de les dades desactualitzades\t\t\t<\/a>\n\t\t<\/h3>\n\t\t\t\t<div class=\"elementor-post__excerpt\">\n\t\t\t<p>Afegeix directoris d&#8217;entitats i serveis del teu ajuntament o entitat i oblida&#8217;t de les dades desactualitzades Com fer que a la teva \u00e0gora (ja siguis<\/p>\n\t\t<\/div>\n\t\t\n\t\t<a class=\"elementor-post__read-more\" href=\"https:\/\/www.eagora.app\/ca\/conocimiento\/afegeix-directoris-dentitats-i-serveis-del-teu-ajuntament-o-entitat-i-oblidat-de-les-dades-desactualitzades\/\" aria-label=\"Read more about Afegeix directoris d&#8217;entitats i serveis del teu ajuntament o entitat i oblida&#8217;t de les dades desactualitzades\" tabindex=\"-1\" >\n\t\t\tContinuar llegint \u00bb\t\t<\/a>\n\n\t\t\t\t<\/div>\n\t\t\t\t<div class=\"elementor-post__meta-data\">\n\t\t\t\t\t<span class=\"elementor-post-date\">\n\t\t\t4 de setembre de 2023\t\t<\/span>\n\t\t\t\t<\/div>\n\t\t\t\t\t<\/div>\n\t\t<\/article>\n\t\t\t\t<article class=\"elementor-post elementor-grid-item post-19076 post type-post status-publish format-standard has-post-thumbnail hentry category-tutorials\" role=\"listitem\">\n\t\t\t<div class=\"elementor-post__card\">\n\t\t\t\t<a class=\"elementor-post__thumbnail__link\" href=\"https:\/\/www.eagora.app\/ca\/conocimiento\/com-publicar-a-la-teva-agenda-i-al-mateix-temps-a-xarxes-a-lapartat-noticies-i-notificar-a-temps-real\/\" tabindex=\"-1\" ><div class=\"elementor-post__thumbnail\"><img loading=\"lazy\" decoding=\"async\" width=\"300\" height=\"169\" src=\"https:\/\/www.eagora.app\/wp-content\/uploads\/2023\/08\/BLOG-portadas-posts-11-300x169.jpg\" class=\"attachment-medium size-medium wp-image-19077\" alt=\"\" srcset=\"https:\/\/www.eagora.app\/wp-content\/uploads\/2023\/08\/BLOG-portadas-posts-11-300x169.jpg 300w, https:\/\/www.eagora.app\/wp-content\/uploads\/2023\/08\/BLOG-portadas-posts-11-1024x576.jpg 1024w, https:\/\/www.eagora.app\/wp-content\/uploads\/2023\/08\/BLOG-portadas-posts-11-768x432.jpg 768w, https:\/\/www.eagora.app\/wp-content\/uploads\/2023\/08\/BLOG-portadas-posts-11-1536x864.jpg 1536w, https:\/\/www.eagora.app\/wp-content\/uploads\/2023\/08\/BLOG-portadas-posts-11-600x338.jpg 600w, https:\/\/www.eagora.app\/wp-content\/uploads\/2023\/08\/BLOG-portadas-posts-11.jpg 1920w\" sizes=\"(max-width: 300px) 100vw, 300px\" \/><\/div><\/a>\n\t\t\t\t<div class=\"elementor-post__badge\">Tutorials<\/div>\n\t\t\t\t<div class=\"elementor-post__text\">\n\t\t\t\t<h3 class=\"elementor-post__title\">\n\t\t\t<a href=\"https:\/\/www.eagora.app\/ca\/conocimiento\/com-publicar-a-la-teva-agenda-i-al-mateix-temps-a-xarxes-a-lapartat-noticies-i-notificar-a-temps-real\/\" >\n\t\t\t\tCom publicar a la teva agenda i al mateix temps a xarxes, a l&#8217;apartat not\u00edcies i notificar a temps real\t\t\t<\/a>\n\t\t<\/h3>\n\t\t\t\t<div class=\"elementor-post__excerpt\">\n\t\t\t<p>Tenir al dia la teva agenda no ha de ser un mal de cap Publica a la teva agenda, publica en apartat not\u00edcies, comparteix a<\/p>\n\t\t<\/div>\n\t\t\n\t\t<a class=\"elementor-post__read-more\" href=\"https:\/\/www.eagora.app\/ca\/conocimiento\/com-publicar-a-la-teva-agenda-i-al-mateix-temps-a-xarxes-a-lapartat-noticies-i-notificar-a-temps-real\/\" aria-label=\"Read more about Com publicar a la teva agenda i al mateix temps a xarxes, a l&#8217;apartat not\u00edcies i notificar a temps real\" tabindex=\"-1\" >\n\t\t\tContinuar llegint \u00bb\t\t<\/a>\n\n\t\t\t\t<\/div>\n\t\t\t\t<div class=\"elementor-post__meta-data\">\n\t\t\t\t\t<span class=\"elementor-post-date\">\n\t\t\t1 de setembre de 2023\t\t<\/span>\n\t\t\t\t<\/div>\n\t\t\t\t\t<\/div>\n\t\t<\/article>\n\t\t\t\t<article class=\"elementor-post elementor-grid-item post-14830 post type-post status-publish format-standard has-post-thumbnail hentry category-tutorials\" role=\"listitem\">\n\t\t\t<div class=\"elementor-post__card\">\n\t\t\t\t<a class=\"elementor-post__thumbnail__link\" href=\"https:\/\/www.eagora.app\/ca\/conocimiento\/avantatges-dels-moduls-denquestes-i-votacio\/\" tabindex=\"-1\" ><div class=\"elementor-post__thumbnail\"><img loading=\"lazy\" decoding=\"async\" width=\"300\" height=\"169\" src=\"https:\/\/www.eagora.app\/wp-content\/uploads\/2023\/04\/EAGORA-portada-blog-300x169.png\" class=\"attachment-medium size-medium wp-image-13903\" alt=\"\" srcset=\"https:\/\/www.eagora.app\/wp-content\/uploads\/2023\/04\/EAGORA-portada-blog-300x169.png 300w, https:\/\/www.eagora.app\/wp-content\/uploads\/2023\/04\/EAGORA-portada-blog-1024x576.png 1024w, https:\/\/www.eagora.app\/wp-content\/uploads\/2023\/04\/EAGORA-portada-blog-768x432.png 768w, https:\/\/www.eagora.app\/wp-content\/uploads\/2023\/04\/EAGORA-portada-blog-1536x864.png 1536w, https:\/\/www.eagora.app\/wp-content\/uploads\/2023\/04\/EAGORA-portada-blog-600x338.png 600w, https:\/\/www.eagora.app\/wp-content\/uploads\/2023\/04\/EAGORA-portada-blog.png 1920w\" sizes=\"(max-width: 300px) 100vw, 300px\" \/><\/div><\/a>\n\t\t\t\t<div class=\"elementor-post__badge\">Tutorials<\/div>\n\t\t\t\t<div class=\"elementor-post__text\">\n\t\t\t\t<h3 class=\"elementor-post__title\">\n\t\t\t<a href=\"https:\/\/www.eagora.app\/ca\/conocimiento\/avantatges-dels-moduls-denquestes-i-votacio\/\" >\n\t\t\t\tAvantatges dels m\u00f2duls d&#8217;Enquestes i Votaci\u00f3\t\t\t<\/a>\n\t\t<\/h3>\n\t\t\t\t<div class=\"elementor-post__excerpt\">\n\t\t\t<p>Des de eAgora sempre sabem l&#8217;important que \u00e9s per a qualsevol entitat i organitzaci\u00f3 poder facilitar la participaci\u00f3 i con\u00e8ixer l&#8217;opini\u00f3 de la seva gent,<\/p>\n\t\t<\/div>\n\t\t\n\t\t<a class=\"elementor-post__read-more\" href=\"https:\/\/www.eagora.app\/ca\/conocimiento\/avantatges-dels-moduls-denquestes-i-votacio\/\" aria-label=\"Read more about Avantatges dels m\u00f2duls d&#8217;Enquestes i Votaci\u00f3\" tabindex=\"-1\" >\n\t\t\tContinuar llegint \u00bb\t\t<\/a>\n\n\t\t\t\t<\/div>\n\t\t\t\t<div class=\"elementor-post__meta-data\">\n\t\t\t\t\t<span class=\"elementor-post-date\">\n\t\t\t3 de maig de 2023\t\t<\/span>\n\t\t\t\t<\/div>\n\t\t\t\t\t<\/div>\n\t\t<\/article>\n\t\t\t\t<article class=\"elementor-post elementor-grid-item post-14505 post type-post status-publish format-standard has-post-thumbnail hentry category-tutorials\" role=\"listitem\">\n\t\t\t<div class=\"elementor-post__card\">\n\t\t\t\t<a class=\"elementor-post__thumbnail__link\" href=\"https:\/\/www.eagora.app\/ca\/conocimiento\/per-a-que-serveix-el-modul-de-pressupostos-participatius\/\" tabindex=\"-1\" ><div class=\"elementor-post__thumbnail\"><img loading=\"lazy\" decoding=\"async\" width=\"300\" height=\"169\" src=\"https:\/\/www.eagora.app\/wp-content\/uploads\/2023\/05\/Portada-BLOG-procesos-participativos-300x169.png\" class=\"attachment-medium size-medium wp-image-14134\" alt=\"Procesos Participativos\" srcset=\"https:\/\/www.eagora.app\/wp-content\/uploads\/2023\/05\/Portada-BLOG-procesos-participativos-300x169.png 300w, https:\/\/www.eagora.app\/wp-content\/uploads\/2023\/05\/Portada-BLOG-procesos-participativos-1024x576.png 1024w, https:\/\/www.eagora.app\/wp-content\/uploads\/2023\/05\/Portada-BLOG-procesos-participativos-768x432.png 768w, https:\/\/www.eagora.app\/wp-content\/uploads\/2023\/05\/Portada-BLOG-procesos-participativos-1536x864.png 1536w, https:\/\/www.eagora.app\/wp-content\/uploads\/2023\/05\/Portada-BLOG-procesos-participativos-600x338.png 600w, https:\/\/www.eagora.app\/wp-content\/uploads\/2023\/05\/Portada-BLOG-procesos-participativos.png 1920w\" sizes=\"(max-width: 300px) 100vw, 300px\" \/><\/div><\/a>\n\t\t\t\t<div class=\"elementor-post__badge\">Tutorials<\/div>\n\t\t\t\t<div class=\"elementor-post__text\">\n\t\t\t\t<h3 class=\"elementor-post__title\">\n\t\t\t<a href=\"https:\/\/www.eagora.app\/ca\/conocimiento\/per-a-que-serveix-el-modul-de-pressupostos-participatius\/\" >\n\t\t\t\tPer a qu\u00e8 serveix el m\u00f2dul de Pressupostos Participatius?\t\t\t<\/a>\n\t\t<\/h3>\n\t\t\t\t<div class=\"elementor-post__excerpt\">\n\t\t\t<p>Tant si ets un ajuntament com una altra mena d&#8217;organitzaci\u00f3 o entitat, els pressupostos anuals s\u00f3n importants per a assegurar una gesti\u00f3 \u00f2ptima durant tot<\/p>\n\t\t<\/div>\n\t\t\n\t\t<a class=\"elementor-post__read-more\" href=\"https:\/\/www.eagora.app\/ca\/conocimiento\/per-a-que-serveix-el-modul-de-pressupostos-participatius\/\" aria-label=\"Read more about Per a qu\u00e8 serveix el m\u00f2dul de Pressupostos Participatius?\" tabindex=\"-1\" >\n\t\t\tContinuar llegint \u00bb\t\t<\/a>\n\n\t\t\t\t<\/div>\n\t\t\t\t<div class=\"elementor-post__meta-data\">\n\t\t\t\t\t<span class=\"elementor-post-date\">\n\t\t\t3 de maig de 2023\t\t<\/span>\n\t\t\t\t<\/div>\n\t\t\t\t\t<\/div>\n\t\t<\/article>\n\t\t\t\t<\/div>\n\t\t\t\t\t<span class=\"e-load-more-spinner\">\n\t\t\t\t<i aria-hidden=\"true\" class=\"fas fa-spinner\"><\/i>\t\t\t<\/span>\n\t\t\n\t\t\t\t<div class=\"e-load-more-anchor\" data-page=\"1\" data-max-page=\"2\" data-next-page=\"https:\/\/www.eagora.app\/ca\/coneixement\/2\/\"><\/div>\n\t\t\t\t<div class=\"elementor-button-wrapper\">\n\t\t\t<a class=\"elementor-button elementor-size-sm\" role=\"button\">\n\t\t\t\t\t\t<span class=\"elementor-button-content-wrapper\">\n\t\t\t\t\t\t\t<span class=\"elementor-button-icon\">\n\t\t\t\t<i aria-hidden=\"true\" class=\"fas fa-arrow-down\"><\/i>\t\t\t<\/span>\n\t\t\t\t\t\t\t\t\t<span class=\"elementor-button-text\">Carregar m\u00e9s contingut<\/span>\n\t\t\t\t\t<\/span>\n\t\t\t\t\t<\/a>\n\t\t<\/div>\n\t\t\t\t<div class=\"e-load-more-message\"><\/div>\n\t\t\t\t\t\t<\/div>\n\t\t\t\t<\/div>\n\t\t\t\t\t<\/div>\n\t\t<\/div>\n\t\t\t\t\t<\/div>\n\t\t<\/section>\n\t\t\t\t<\/div>\n\t\t\n<\/div>\n\t\t\t\t\t\t\t\t\t<div class=\"elementor-tab-title elementor-tab-mobile-title\" aria-selected=\"false\" data-tab=\"5\" role=\"tab\" tabindex=\"-1\" aria-controls=\"elementor-tab-content-6175\" aria-expanded=\"false\">Clipping premsa<\/div>\n\t\t\t\t\t<div id=\"elementor-tab-content-6175\" class=\"elementor-tab-content elementor-clearfix\" data-tab=\"5\" role=\"tabpanel\" aria-labelledby=\"elementor-tab-title-6175\" tabindex=\"0\" hidden=\"hidden\">\t\t<div data-elementor-type=\"section\" data-elementor-id=\"7122\" class=\"elementor elementor-7122 elementor-3004\" data-elementor-post-type=\"elementor_library\">\n\t\t\t\t\t<section class=\"elementor-section elementor-top-section elementor-element elementor-element-175ba9d3 elementor-section-boxed elementor-section-height-default elementor-section-height-default\" data-id=\"175ba9d3\" data-element_type=\"section\" data-e-type=\"section\" data-settings=\"{&quot;background_background&quot;:&quot;classic&quot;}\">\n\t\t\t\t\t\t<div class=\"elementor-container elementor-column-gap-default\">\n\t\t\t\t\t<div class=\"elementor-column elementor-col-100 elementor-top-column elementor-element elementor-element-59c4210e\" data-id=\"59c4210e\" data-element_type=\"column\" data-e-type=\"column\">\n\t\t\t<div class=\"elementor-widget-wrap elementor-element-populated\">\n\t\t\t\t\t\t<div class=\"elementor-element elementor-element-5913b602 elementor-grid-1 conocimiento sticky elementor-grid-tablet-2 elementor-grid-mobile-1 elementor-posts--thumbnail-top elementor-posts__hover-gradient elementor-widget elementor-widget-posts\" data-id=\"5913b602\" data-element_type=\"widget\" data-e-type=\"widget\" data-settings=\"{&quot;cards_columns&quot;:&quot;1&quot;,&quot;cards_columns_tablet&quot;:&quot;2&quot;,&quot;cards_columns_mobile&quot;:&quot;1&quot;,&quot;cards_row_gap&quot;:{&quot;unit&quot;:&quot;px&quot;,&quot;size&quot;:35,&quot;sizes&quot;:[]},&quot;cards_row_gap_tablet&quot;:{&quot;unit&quot;:&quot;px&quot;,&quot;size&quot;:&quot;&quot;,&quot;sizes&quot;:[]},&quot;cards_row_gap_mobile&quot;:{&quot;unit&quot;:&quot;px&quot;,&quot;size&quot;:&quot;&quot;,&quot;sizes&quot;:[]}}\" data-widget_type=\"posts.cards\">\n\t\t\t\t<div class=\"elementor-widget-container\">\n\t\t\t\t\t\t\t<div class=\"elementor-posts-container elementor-posts elementor-posts--skin-cards elementor-grid\" role=\"list\">\n\t\t\t\t<article class=\"elementor-post elementor-grid-item post-18193 post type-post status-publish format-standard has-post-thumbnail hentry category-premsa\" role=\"listitem\">\n\t\t\t<div class=\"elementor-post__card\">\n\t\t\t\t<a class=\"elementor-post__thumbnail__link\" href=\"https:\/\/www.eagora.app\/ca\/conocimiento\/obertura-del-balco-de-lajuntament-del-vendrell-per-la-festa-major\/\" tabindex=\"-1\" ><div class=\"elementor-post__thumbnail\"><img loading=\"lazy\" decoding=\"async\" width=\"300\" height=\"169\" src=\"https:\/\/www.eagora.app\/wp-content\/uploads\/2023\/07\/1200_1687866554Mariona_Figueras-300x169.jpg\" class=\"attachment-medium size-medium wp-image-17366\" alt=\"\" srcset=\"https:\/\/www.eagora.app\/wp-content\/uploads\/2023\/07\/1200_1687866554Mariona_Figueras-300x169.jpg 300w, https:\/\/www.eagora.app\/wp-content\/uploads\/2023\/07\/1200_1687866554Mariona_Figueras-1024x576.jpg 1024w, https:\/\/www.eagora.app\/wp-content\/uploads\/2023\/07\/1200_1687866554Mariona_Figueras-768x432.jpg 768w, https:\/\/www.eagora.app\/wp-content\/uploads\/2023\/07\/1200_1687866554Mariona_Figueras-600x338.jpg 600w, https:\/\/www.eagora.app\/wp-content\/uploads\/2023\/07\/1200_1687866554Mariona_Figueras.jpg 1200w\" sizes=\"(max-width: 300px) 100vw, 300px\" \/><\/div><\/a>\n\t\t\t\t<div class=\"elementor-post__badge\">Premsa<\/div>\n\t\t\t\t<div class=\"elementor-post__text\">\n\t\t\t\t<h3 class=\"elementor-post__title\">\n\t\t\t<a href=\"https:\/\/www.eagora.app\/ca\/conocimiento\/obertura-del-balco-de-lajuntament-del-vendrell-per-la-festa-major\/\" >\n\t\t\t\tObertura del Balc\u00f3 de l&#8217;Ajuntament del Vendrell per la Festa Major\t\t\t<\/a>\n\t\t<\/h3>\n\t\t\t\t<div class=\"elementor-post__excerpt\">\n\t\t\t<p>Del 3 al 19 de juliol es poden omplir les butlletes per prendre part al sorteig El balc\u00f3 de l&#8217;Ajuntament del Vendrell tornar\u00e0 a obrir<\/p>\n\t\t<\/div>\n\t\t\n\t\t<a class=\"elementor-post__read-more\" href=\"https:\/\/www.eagora.app\/ca\/conocimiento\/obertura-del-balco-de-lajuntament-del-vendrell-per-la-festa-major\/\" aria-label=\"Read more about Obertura del Balc\u00f3 de l&#8217;Ajuntament del Vendrell per la Festa Major\" tabindex=\"-1\" >\n\t\t\tContinuar llegint \u00bb\t\t<\/a>\n\n\t\t\t\t<\/div>\n\t\t\t\t<div class=\"elementor-post__meta-data\">\n\t\t\t\t\t<span class=\"elementor-post-date\">\n\t\t\t18 de juliol de 2023\t\t<\/span>\n\t\t\t\t<\/div>\n\t\t\t\t\t<\/div>\n\t\t<\/article>\n\t\t\t\t<\/div>\n\t\t\n\t\t\t\t\t\t<\/div>\n\t\t\t\t<\/div>\n\t\t\t\t<div class=\"elementor-element elementor-element-3956ab67 conocimiento elementor-grid-3 elementor-grid-tablet-2 elementor-grid-mobile-1 elementor-posts--thumbnail-top elementor-posts__hover-gradient load-more-align-center elementor-widget elementor-widget-posts\" data-id=\"3956ab67\" data-element_type=\"widget\" data-e-type=\"widget\" data-settings=\"{&quot;pagination_type&quot;:&quot;load_more_on_click&quot;,&quot;cards_row_gap&quot;:{&quot;unit&quot;:&quot;px&quot;,&quot;size&quot;:40,&quot;sizes&quot;:[]},&quot;cards_columns&quot;:&quot;3&quot;,&quot;cards_columns_tablet&quot;:&quot;2&quot;,&quot;cards_columns_mobile&quot;:&quot;1&quot;,&quot;cards_row_gap_tablet&quot;:{&quot;unit&quot;:&quot;px&quot;,&quot;size&quot;:&quot;&quot;,&quot;sizes&quot;:[]},&quot;cards_row_gap_mobile&quot;:{&quot;unit&quot;:&quot;px&quot;,&quot;size&quot;:&quot;&quot;,&quot;sizes&quot;:[]},&quot;load_more_spinner&quot;:{&quot;value&quot;:&quot;fas fa-spinner&quot;,&quot;library&quot;:&quot;fa-solid&quot;}}\" data-widget_type=\"posts.cards\">\n\t\t\t\t<div class=\"elementor-widget-container\">\n\t\t\t\t\t\t\t<div class=\"elementor-posts-container elementor-posts elementor-posts--skin-cards elementor-grid\" role=\"list\">\n\t\t\t\t<article class=\"elementor-post elementor-grid-item post-13729 post type-post status-publish format-standard has-post-thumbnail hentry category-premsa\" role=\"listitem\">\n\t\t\t<div class=\"elementor-post__card\">\n\t\t\t\t<a class=\"elementor-post__thumbnail__link\" href=\"https:\/\/www.eagora.app\/ca\/conocimiento\/eagora-es-una-plataforma-al-servei-entre-el-ciutada-i-ladministracio-publica\/\" tabindex=\"-1\" ><div class=\"elementor-post__thumbnail\"><img loading=\"lazy\" decoding=\"async\" width=\"300\" height=\"264\" src=\"https:\/\/www.eagora.app\/wp-content\/uploads\/2023\/04\/eAgora-es-una-plataforma-al-servicio-entre-el-ciudadano-y-la-administracion-publica-300x264.jpg\" class=\"attachment-medium size-medium wp-image-13720\" alt=\"eAgora es una plataforma al servicio entre el ciudadano y la administracio\u0301n pu\u0301blica\" srcset=\"https:\/\/www.eagora.app\/wp-content\/uploads\/2023\/04\/eAgora-es-una-plataforma-al-servicio-entre-el-ciudadano-y-la-administracion-publica-300x264.jpg 300w, https:\/\/www.eagora.app\/wp-content\/uploads\/2023\/04\/eAgora-es-una-plataforma-al-servicio-entre-el-ciudadano-y-la-administracion-publica-768x677.jpg 768w, https:\/\/www.eagora.app\/wp-content\/uploads\/2023\/04\/eAgora-es-una-plataforma-al-servicio-entre-el-ciudadano-y-la-administracion-publica-600x529.jpg 600w, https:\/\/www.eagora.app\/wp-content\/uploads\/2023\/04\/eAgora-es-una-plataforma-al-servicio-entre-el-ciudadano-y-la-administracion-publica.jpg 800w\" sizes=\"(max-width: 300px) 100vw, 300px\" \/><\/div><\/a>\n\t\t\t\t<div class=\"elementor-post__badge\">Premsa<\/div>\n\t\t\t\t<div class=\"elementor-post__text\">\n\t\t\t\t<h3 class=\"elementor-post__title\">\n\t\t\t<a href=\"https:\/\/www.eagora.app\/ca\/conocimiento\/eagora-es-una-plataforma-al-servei-entre-el-ciutada-i-ladministracio-publica\/\" >\n\t\t\t\teAgora \u00e9s una plataforma al servei entre el ciutad\u00e0 i l&#8217;administraci\u00f3 p\u00fablica\t\t\t<\/a>\n\t\t<\/h3>\n\t\t\t\t<div class=\"elementor-post__excerpt\">\n\t\t\t<p>FONT: Granada Social Granada Social va tenir una recent conversa amb Mart\u00edn Garrido Ram\u00edrez, CEO i cofundador d&#8217;eAgora, una plataforma digital que connecta ciutats i<\/p>\n\t\t<\/div>\n\t\t\n\t\t<a class=\"elementor-post__read-more\" href=\"https:\/\/www.eagora.app\/ca\/conocimiento\/eagora-es-una-plataforma-al-servei-entre-el-ciutada-i-ladministracio-publica\/\" aria-label=\"Read more about eAgora \u00e9s una plataforma al servei entre el ciutad\u00e0 i l&#8217;administraci\u00f3 p\u00fablica\" tabindex=\"-1\" >\n\t\t\tContinuar llegint \u00bb\t\t<\/a>\n\n\t\t\t\t<\/div>\n\t\t\t\t<div class=\"elementor-post__meta-data\">\n\t\t\t\t\t<span class=\"elementor-post-date\">\n\t\t\t18 d&#8217;abril de 2023\t\t<\/span>\n\t\t\t\t<\/div>\n\t\t\t\t\t<\/div>\n\t\t<\/article>\n\t\t\t\t<article class=\"elementor-post elementor-grid-item post-13703 post type-post status-publish format-standard has-post-thumbnail hentry category-premsa\" role=\"listitem\">\n\t\t\t<div class=\"elementor-post__card\">\n\t\t\t\t<a class=\"elementor-post__thumbnail__link\" href=\"https:\/\/www.eagora.app\/ca\/conocimiento\/projectes-seleccionats-a-benicassim-activa-2023\/\" tabindex=\"-1\" ><div class=\"elementor-post__thumbnail\"><img loading=\"lazy\" decoding=\"async\" width=\"300\" height=\"253\" src=\"https:\/\/www.eagora.app\/wp-content\/uploads\/2023\/04\/benicasim-activa-23-300x253.jpg\" class=\"attachment-medium size-medium wp-image-13695\" alt=\"Proyectos seleccionados en \u2018Benic\u00e0ssim Activa 2023\u2019\" srcset=\"https:\/\/www.eagora.app\/wp-content\/uploads\/2023\/04\/benicasim-activa-23-300x253.jpg 300w, https:\/\/www.eagora.app\/wp-content\/uploads\/2023\/04\/benicasim-activa-23-768x647.jpg 768w, https:\/\/www.eagora.app\/wp-content\/uploads\/2023\/04\/benicasim-activa-23-600x506.jpg 600w, https:\/\/www.eagora.app\/wp-content\/uploads\/2023\/04\/benicasim-activa-23.jpg 800w\" sizes=\"(max-width: 300px) 100vw, 300px\" \/><\/div><\/a>\n\t\t\t\t<div class=\"elementor-post__badge\">Premsa<\/div>\n\t\t\t\t<div class=\"elementor-post__text\">\n\t\t\t\t<h3 class=\"elementor-post__title\">\n\t\t\t<a href=\"https:\/\/www.eagora.app\/ca\/conocimiento\/projectes-seleccionats-a-benicassim-activa-2023\/\" >\n\t\t\t\tProjectes seleccionats a \u2018Benic\u00e0ssim Activa 2023\u2019\t\t\t<\/a>\n\t\t<\/h3>\n\t\t\t\t<div class=\"elementor-post__excerpt\">\n\t\t\t<p>FONT: Castell\u00f3n diario El 65% dels projectes emprenedors de \u2018Benic\u00e0ssim Activa\u2019 en els \u00faltims cinc anys s\u00f3n de dones. El registre de Benic\u00e0ssim Activa es<\/p>\n\t\t<\/div>\n\t\t\n\t\t<a class=\"elementor-post__read-more\" href=\"https:\/\/www.eagora.app\/ca\/conocimiento\/projectes-seleccionats-a-benicassim-activa-2023\/\" aria-label=\"Read more about Projectes seleccionats a \u2018Benic\u00e0ssim Activa 2023\u2019\" tabindex=\"-1\" >\n\t\t\tContinuar llegint \u00bb\t\t<\/a>\n\n\t\t\t\t<\/div>\n\t\t\t\t<div class=\"elementor-post__meta-data\">\n\t\t\t\t\t<span class=\"elementor-post-date\">\n\t\t\t18 d&#8217;abril de 2023\t\t<\/span>\n\t\t\t\t<\/div>\n\t\t\t\t\t<\/div>\n\t\t<\/article>\n\t\t\t\t<article class=\"elementor-post elementor-grid-item post-14541 post type-post status-publish format-standard hentry category-premsa\" role=\"listitem\">\n\t\t\t<div class=\"elementor-post__card\">\n\t\t\t\t<div class=\"elementor-post__text\">\n\t\t\t\t<h3 class=\"elementor-post__title\">\n\t\t\t<a href=\"https:\/\/www.eagora.app\/ca\/conocimiento\/eurecat-i-diputacio-faciliten-recursos-per-aplicar-leconomia-circular-a-la-cadena-de-valor-turistica\/\" >\n\t\t\t\tEurecat i Diputaci\u00f3 faciliten recursos per aplicar l\u2019economia circular a la cadena de valor tur\u00edstica\t\t\t<\/a>\n\t\t<\/h3>\n\t\t\t\t<div class=\"elementor-post__excerpt\">\n\t\t\t<p>El centre tecnol\u00f2gic\u00a0Eurecat\u00a0i el Patronat de Turisme de la Diputaci\u00f3 de Tarragona han facilitat a empreses i gestors tur\u00edstics p\u00fablics i privats de la Costa<\/p>\n\t\t<\/div>\n\t\t\n\t\t<a class=\"elementor-post__read-more\" href=\"https:\/\/www.eagora.app\/ca\/conocimiento\/eurecat-i-diputacio-faciliten-recursos-per-aplicar-leconomia-circular-a-la-cadena-de-valor-turistica\/\" aria-label=\"Read more about Eurecat i Diputaci\u00f3 faciliten recursos per aplicar l\u2019economia circular a la cadena de valor tur\u00edstica\" tabindex=\"-1\" >\n\t\t\tContinuar llegint \u00bb\t\t<\/a>\n\n\t\t\t\t<\/div>\n\t\t\t\t<div class=\"elementor-post__meta-data\">\n\t\t\t\t\t<span class=\"elementor-post-date\">\n\t\t\t21 de juny de 2022\t\t<\/span>\n\t\t\t\t<\/div>\n\t\t\t\t\t<\/div>\n\t\t<\/article>\n\t\t\t\t<article class=\"elementor-post elementor-grid-item post-14548 post type-post status-publish format-standard has-post-thumbnail hentry category-premsa\" role=\"listitem\">\n\t\t\t<div class=\"elementor-post__card\">\n\t\t\t\t<a class=\"elementor-post__thumbnail__link\" href=\"https:\/\/www.eagora.app\/ca\/conocimiento\/els-alcaldes-del-futur-hauran-de-governar-amb-el-mobil-a-la-ma\/\" tabindex=\"-1\" ><div class=\"elementor-post__thumbnail\"><img loading=\"lazy\" decoding=\"async\" width=\"300\" height=\"169\" src=\"https:\/\/www.eagora.app\/wp-content\/uploads\/2023\/05\/RAC1-NOTICIA-300x169.jpeg\" class=\"attachment-medium size-medium wp-image-14549\" alt=\"\" srcset=\"https:\/\/www.eagora.app\/wp-content\/uploads\/2023\/05\/RAC1-NOTICIA-300x169.jpeg 300w, https:\/\/www.eagora.app\/wp-content\/uploads\/2023\/05\/RAC1-NOTICIA-1024x578.jpeg 1024w, https:\/\/www.eagora.app\/wp-content\/uploads\/2023\/05\/RAC1-NOTICIA-768x434.jpeg 768w, https:\/\/www.eagora.app\/wp-content\/uploads\/2023\/05\/RAC1-NOTICIA-600x339.jpeg 600w, https:\/\/www.eagora.app\/wp-content\/uploads\/2023\/05\/RAC1-NOTICIA.jpeg 1126w\" sizes=\"(max-width: 300px) 100vw, 300px\" \/><\/div><\/a>\n\t\t\t\t<div class=\"elementor-post__badge\">Premsa<\/div>\n\t\t\t\t<div class=\"elementor-post__text\">\n\t\t\t\t<h3 class=\"elementor-post__title\">\n\t\t\t<a href=\"https:\/\/www.eagora.app\/ca\/conocimiento\/els-alcaldes-del-futur-hauran-de-governar-amb-el-mobil-a-la-ma\/\" >\n\t\t\t\t\u201cEls alcaldes del futur hauran de governar amb el m\u00f2bil a la m\u00e0\u201d\t\t\t<\/a>\n\t\t<\/h3>\n\t\t\t\t<div class=\"elementor-post__excerpt\">\n\t\t\t<p>Qui tingui vocaci\u00f3 de servei al seu poble i vulgui presentar-se d\u2019alcalde o regidor al seu municipi, que tingui clar que\u00a0la manera de governar actual<\/p>\n\t\t<\/div>\n\t\t\n\t\t<a class=\"elementor-post__read-more\" href=\"https:\/\/www.eagora.app\/ca\/conocimiento\/els-alcaldes-del-futur-hauran-de-governar-amb-el-mobil-a-la-ma\/\" aria-label=\"Read more about \u201cEls alcaldes del futur hauran de governar amb el m\u00f2bil a la m\u00e0\u201d\" tabindex=\"-1\" >\n\t\t\tContinuar llegint \u00bb\t\t<\/a>\n\n\t\t\t\t<\/div>\n\t\t\t\t<div class=\"elementor-post__meta-data\">\n\t\t\t\t\t<span class=\"elementor-post-date\">\n\t\t\t5 de juny de 2022\t\t<\/span>\n\t\t\t\t<\/div>\n\t\t\t\t\t<\/div>\n\t\t<\/article>\n\t\t\t\t<article class=\"elementor-post elementor-grid-item post-14509 post type-post status-publish format-standard has-post-thumbnail hentry category-premsa\" role=\"listitem\">\n\t\t\t<div class=\"elementor-post__card\">\n\t\t\t\t<a class=\"elementor-post__thumbnail__link\" href=\"https:\/\/www.eagora.app\/ca\/conocimiento\/limpuls-duna-estrategia-deconomia-circular-permet-incrementar-el-retorn-social-i-economic-del-turisme\/\" tabindex=\"-1\" ><div class=\"elementor-post__thumbnail\"><img loading=\"lazy\" decoding=\"async\" width=\"300\" height=\"200\" src=\"https:\/\/www.eagora.app\/wp-content\/uploads\/2023\/05\/ponents_jornadaEconomiaCircularLABIIT-300x200.jpg\" class=\"attachment-medium size-medium wp-image-14510\" alt=\"\" srcset=\"https:\/\/www.eagora.app\/wp-content\/uploads\/2023\/05\/ponents_jornadaEconomiaCircularLABIIT-300x200.jpg 300w, https:\/\/www.eagora.app\/wp-content\/uploads\/2023\/05\/ponents_jornadaEconomiaCircularLABIIT-1024x682.jpg 1024w, https:\/\/www.eagora.app\/wp-content\/uploads\/2023\/05\/ponents_jornadaEconomiaCircularLABIIT-768x512.jpg 768w, https:\/\/www.eagora.app\/wp-content\/uploads\/2023\/05\/ponents_jornadaEconomiaCircularLABIIT-600x400.jpg 600w, https:\/\/www.eagora.app\/wp-content\/uploads\/2023\/05\/ponents_jornadaEconomiaCircularLABIIT.jpg 1378w\" sizes=\"(max-width: 300px) 100vw, 300px\" \/><\/div><\/a>\n\t\t\t\t<div class=\"elementor-post__badge\">Premsa<\/div>\n\t\t\t\t<div class=\"elementor-post__text\">\n\t\t\t\t<h3 class=\"elementor-post__title\">\n\t\t\t<a href=\"https:\/\/www.eagora.app\/ca\/conocimiento\/limpuls-duna-estrategia-deconomia-circular-permet-incrementar-el-retorn-social-i-economic-del-turisme\/\" >\n\t\t\t\tL\u2019impuls d\u2019una estrat\u00e8gia d\u2019economia circular permet incrementar el retorn social i econ\u00f2mic del turisme\t\t\t<\/a>\n\t\t<\/h3>\n\t\t\t\t<div class=\"elementor-post__excerpt\">\n\t\t\t<p>La jornada \u201cEconomia circular i turisme: un nou full de ruta?\u201d, celebrada aquest dimecres a l\u2019Auditori Diputaci\u00f3, s\u2019ha adre\u00e7at a empreses i organitzacions tur\u00edstiques de<\/p>\n\t\t<\/div>\n\t\t\n\t\t<a class=\"elementor-post__read-more\" href=\"https:\/\/www.eagora.app\/ca\/conocimiento\/limpuls-duna-estrategia-deconomia-circular-permet-incrementar-el-retorn-social-i-economic-del-turisme\/\" aria-label=\"Read more about L\u2019impuls d\u2019una estrat\u00e8gia d\u2019economia circular permet incrementar el retorn social i econ\u00f2mic del turisme\" tabindex=\"-1\" >\n\t\t\tContinuar llegint \u00bb\t\t<\/a>\n\n\t\t\t\t<\/div>\n\t\t\t\t<div class=\"elementor-post__meta-data\">\n\t\t\t\t\t<span class=\"elementor-post-date\">\n\t\t\t1 de juny de 2022\t\t<\/span>\n\t\t\t\t<\/div>\n\t\t\t\t\t<\/div>\n\t\t<\/article>\n\t\t\t\t<article class=\"elementor-post elementor-grid-item post-14521 post type-post status-publish format-standard has-post-thumbnail hentry category-premsa\" role=\"listitem\">\n\t\t\t<div class=\"elementor-post__card\">\n\t\t\t\t<a class=\"elementor-post__thumbnail__link\" href=\"https:\/\/www.eagora.app\/ca\/conocimiento\/la-ciutadania-daltafulla-podra-reportar-incidencies-a-la-via-publica-a-traves-de-laplicacio-eagora\/\" tabindex=\"-1\" ><div class=\"elementor-post__thumbnail\"><img loading=\"lazy\" decoding=\"async\" width=\"300\" height=\"141\" src=\"https:\/\/www.eagora.app\/wp-content\/uploads\/2023\/05\/Notica-Altafulla-300x141.png\" class=\"attachment-medium size-medium wp-image-14522\" alt=\"\" srcset=\"https:\/\/www.eagora.app\/wp-content\/uploads\/2023\/05\/Notica-Altafulla-300x141.png 300w, https:\/\/www.eagora.app\/wp-content\/uploads\/2023\/05\/Notica-Altafulla.png 520w\" sizes=\"(max-width: 300px) 100vw, 300px\" \/><\/div><\/a>\n\t\t\t\t<div class=\"elementor-post__badge\">Premsa<\/div>\n\t\t\t\t<div class=\"elementor-post__text\">\n\t\t\t\t<h3 class=\"elementor-post__title\">\n\t\t\t<a href=\"https:\/\/www.eagora.app\/ca\/conocimiento\/la-ciutadania-daltafulla-podra-reportar-incidencies-a-la-via-publica-a-traves-de-laplicacio-eagora\/\" >\n\t\t\t\tLa ciutadania d\u2019Altafulla podr\u00e0 reportar incid\u00e8ncies a la via p\u00fablica a trav\u00e9s de l\u2019aplicaci\u00f3 eAgora\t\t\t<\/a>\n\t\t<\/h3>\n\t\t\t\t<div class=\"elementor-post__excerpt\">\n\t\t\t<p>Una paperera trencada o un fanal que no funciona s\u00f3n alguns dels desperfectes a la via p\u00fablica que ja es poden comunicar directament a trav\u00e9s<\/p>\n\t\t<\/div>\n\t\t\n\t\t<a class=\"elementor-post__read-more\" href=\"https:\/\/www.eagora.app\/ca\/conocimiento\/la-ciutadania-daltafulla-podra-reportar-incidencies-a-la-via-publica-a-traves-de-laplicacio-eagora\/\" aria-label=\"Read more about La ciutadania d\u2019Altafulla podr\u00e0 reportar incid\u00e8ncies a la via p\u00fablica a trav\u00e9s de l\u2019aplicaci\u00f3 eAgora\" tabindex=\"-1\" >\n\t\t\tContinuar llegint \u00bb\t\t<\/a>\n\n\t\t\t\t<\/div>\n\t\t\t\t<div class=\"elementor-post__meta-data\">\n\t\t\t\t\t<span class=\"elementor-post-date\">\n\t\t\t4 de maig de 2022\t\t<\/span>\n\t\t\t\t<\/div>\n\t\t\t\t\t<\/div>\n\t\t<\/article>\n\t\t\t\t<article class=\"elementor-post elementor-grid-item post-14582 post type-post status-publish format-standard has-post-thumbnail hentry category-premsa\" role=\"listitem\">\n\t\t\t<div class=\"elementor-post__card\">\n\t\t\t\t<a class=\"elementor-post__thumbnail__link\" href=\"https:\/\/www.eagora.app\/ca\/conocimiento\/vila-rodona-posa-en-marxa-una-nova-app-per-apropar-el-govern-municipal-a-la-ciutadania\/\" tabindex=\"-1\" ><div class=\"elementor-post__thumbnail\"><img loading=\"lazy\" decoding=\"async\" width=\"300\" height=\"166\" src=\"https:\/\/www.eagora.app\/wp-content\/uploads\/2023\/05\/rodona-300x166.jpg\" class=\"attachment-medium size-medium wp-image-14583\" alt=\"\" srcset=\"https:\/\/www.eagora.app\/wp-content\/uploads\/2023\/05\/rodona-300x166.jpg 300w, https:\/\/www.eagora.app\/wp-content\/uploads\/2023\/05\/rodona-600x331.jpg 600w, https:\/\/www.eagora.app\/wp-content\/uploads\/2023\/05\/rodona.jpg 643w\" sizes=\"(max-width: 300px) 100vw, 300px\" \/><\/div><\/a>\n\t\t\t\t<div class=\"elementor-post__badge\">Premsa<\/div>\n\t\t\t\t<div class=\"elementor-post__text\">\n\t\t\t\t<h3 class=\"elementor-post__title\">\n\t\t\t<a href=\"https:\/\/www.eagora.app\/ca\/conocimiento\/vila-rodona-posa-en-marxa-una-nova-app-per-apropar-el-govern-municipal-a-la-ciutadania\/\" >\n\t\t\t\tVila-rodona posa en marxa una nova app per apropar el govern municipal a la ciutadania\t\t\t<\/a>\n\t\t<\/h3>\n\t\t\t\t<div class=\"elementor-post__excerpt\">\n\t\t\t<p>L\u2019Ajuntament de Vila-Rodona fa un pas m\u00e9s en l\u2019\u00e0mbit de la transpar\u00e8ncia i posa en marxa\u00a0 l\u2019app eAgora, una\u00a0nova eina tecnol\u00f2gica que t\u00e9 per objectiu\u00a0facilitar<\/p>\n\t\t<\/div>\n\t\t\n\t\t<a class=\"elementor-post__read-more\" href=\"https:\/\/www.eagora.app\/ca\/conocimiento\/vila-rodona-posa-en-marxa-una-nova-app-per-apropar-el-govern-municipal-a-la-ciutadania\/\" aria-label=\"Read more about Vila-rodona posa en marxa una nova app per apropar el govern municipal a la ciutadania\" tabindex=\"-1\" >\n\t\t\tContinuar llegint \u00bb\t\t<\/a>\n\n\t\t\t\t<\/div>\n\t\t\t\t<div class=\"elementor-post__meta-data\">\n\t\t\t\t\t<span class=\"elementor-post-date\">\n\t\t\t21 de febrer de 2022\t\t<\/span>\n\t\t\t\t<\/div>\n\t\t\t\t\t<\/div>\n\t\t<\/article>\n\t\t\t\t<article class=\"elementor-post elementor-grid-item post-14566 post type-post status-publish format-standard hentry category-premsa\" role=\"listitem\">\n\t\t\t<div class=\"elementor-post__card\">\n\t\t\t\t<div class=\"elementor-post__text\">\n\t\t\t\t<h3 class=\"elementor-post__title\">\n\t\t\t<a href=\"https:\/\/www.eagora.app\/ca\/conocimiento\/pollenca-es-digitalitza\/\" >\n\t\t\t\tPollen\u00e7a es digitalitza\t\t\t<\/a>\n\t\t<\/h3>\n\t\t\t\t<div class=\"elementor-post__excerpt\">\n\t\t\t<p>L\u2019Ajuntament ha anunciat avui mat\u00ed que est\u00e0 treballant amb\u00a0eAgora, una aplicaci\u00f3 m\u00f2bil per fomentar la participaci\u00f3 ciutadana. A la nota de premsa facilitada per l\u2019Ajuntament<\/p>\n\t\t<\/div>\n\t\t\n\t\t<a class=\"elementor-post__read-more\" href=\"https:\/\/www.eagora.app\/ca\/conocimiento\/pollenca-es-digitalitza\/\" aria-label=\"Read more about Pollen\u00e7a es digitalitza\" tabindex=\"-1\" >\n\t\t\tContinuar llegint \u00bb\t\t<\/a>\n\n\t\t\t\t<\/div>\n\t\t\t\t<div class=\"elementor-post__meta-data\">\n\t\t\t\t\t<span class=\"elementor-post-date\">\n\t\t\t14 de gener de 2022\t\t<\/span>\n\t\t\t\t<\/div>\n\t\t\t\t\t<\/div>\n\t\t<\/article>\n\t\t\t\t<article class=\"elementor-post elementor-grid-item post-14590 post type-post status-publish format-standard has-post-thumbnail hentry category-premsa\" role=\"listitem\">\n\t\t\t<div class=\"elementor-post__card\">\n\t\t\t\t<a class=\"elementor-post__thumbnail__link\" href=\"https:\/\/www.eagora.app\/ca\/conocimiento\/premis-empren-2021-nou-impuls-a-lemprenedoria-local\/\" tabindex=\"-1\" ><div class=\"elementor-post__thumbnail\"><img loading=\"lazy\" decoding=\"async\" width=\"300\" height=\"191\" src=\"https:\/\/www.eagora.app\/wp-content\/uploads\/2023\/05\/Premis-Empren-2021-300x191.png\" class=\"attachment-medium size-medium wp-image-14591\" alt=\"\" srcset=\"https:\/\/www.eagora.app\/wp-content\/uploads\/2023\/05\/Premis-Empren-2021-300x191.png 300w, https:\/\/www.eagora.app\/wp-content\/uploads\/2023\/05\/Premis-Empren-2021-768x490.png 768w, https:\/\/www.eagora.app\/wp-content\/uploads\/2023\/05\/Premis-Empren-2021-600x383.png 600w, https:\/\/www.eagora.app\/wp-content\/uploads\/2023\/05\/Premis-Empren-2021.png 939w\" sizes=\"(max-width: 300px) 100vw, 300px\" \/><\/div><\/a>\n\t\t\t\t<div class=\"elementor-post__badge\">Premsa<\/div>\n\t\t\t\t<div class=\"elementor-post__text\">\n\t\t\t\t<h3 class=\"elementor-post__title\">\n\t\t\t<a href=\"https:\/\/www.eagora.app\/ca\/conocimiento\/premis-empren-2021-nou-impuls-a-lemprenedoria-local\/\" >\n\t\t\t\tPremis Empr\u00e8n 2021: nou impuls a l&#8217;emprenedoria local\t\t\t<\/a>\n\t\t<\/h3>\n\t\t\t\t<div class=\"elementor-post__excerpt\">\n\t\t\t<p>Els Premis Empr\u00e8n de la Diputaci\u00f3 de Tarragona impulsen nous projectes empresarials nascuts al Camp de Tarragona, les Terres de l&#8217;Ebre i el Baix Pened\u00e8s.<\/p>\n\t\t<\/div>\n\t\t\n\t\t<a class=\"elementor-post__read-more\" href=\"https:\/\/www.eagora.app\/ca\/conocimiento\/premis-empren-2021-nou-impuls-a-lemprenedoria-local\/\" aria-label=\"Read more about Premis Empr\u00e8n 2021: nou impuls a l&#8217;emprenedoria local\" tabindex=\"-1\" >\n\t\t\tContinuar llegint \u00bb\t\t<\/a>\n\n\t\t\t\t<\/div>\n\t\t\t\t<div class=\"elementor-post__meta-data\">\n\t\t\t\t\t<span class=\"elementor-post-date\">\n\t\t\t3 de desembre de 2021\t\t<\/span>\n\t\t\t\t<\/div>\n\t\t\t\t\t<\/div>\n\t\t<\/article>\n\t\t\t\t<\/div>\n\t\t\t\t\t<span class=\"e-load-more-spinner\">\n\t\t\t\t<i aria-hidden=\"true\" class=\"fas fa-spinner\"><\/i>\t\t\t<\/span>\n\t\t\n\t\t\t\t<div class=\"e-load-more-anchor\" data-page=\"1\" data-max-page=\"2\" data-next-page=\"https:\/\/www.eagora.app\/ca\/coneixement\/2\/\"><\/div>\n\t\t\t\t<div class=\"elementor-button-wrapper\">\n\t\t\t<a class=\"elementor-button elementor-size-sm\" role=\"button\">\n\t\t\t\t\t\t<span class=\"elementor-button-content-wrapper\">\n\t\t\t\t\t\t\t<span class=\"elementor-button-icon\">\n\t\t\t\t<i aria-hidden=\"true\" class=\"fas fa-arrow-down\"><\/i>\t\t\t<\/span>\n\t\t\t\t\t\t\t\t\t<span class=\"elementor-button-text\">Carregar m\u00e9s contingut<\/span>\n\t\t\t\t\t<\/span>\n\t\t\t\t\t<\/a>\n\t\t<\/div>\n\t\t\t\t<div class=\"e-load-more-message\"><\/div>\n\t\t\t\t\t\t<\/div>\n\t\t\t\t<\/div>\n\t\t\t\t\t<\/div>\n\t\t<\/div>\n\t\t\t\t\t<\/div>\n\t\t<\/section>\n\t\t\t\t<\/div>\n\t\t\n<\/div>\n\t\t\t\t\t\t\t\t\t<div class=\"elementor-tab-title elementor-tab-mobile-title\" aria-selected=\"false\" data-tab=\"6\" role=\"tab\" tabindex=\"-1\" aria-controls=\"elementor-tab-content-6176\" aria-expanded=\"false\">Casos d'\u00e8xit<\/div>\n\t\t\t\t\t<div id=\"elementor-tab-content-6176\" class=\"elementor-tab-content elementor-clearfix\" data-tab=\"6\" role=\"tabpanel\" aria-labelledby=\"elementor-tab-title-6176\" tabindex=\"0\" hidden=\"hidden\">\t\t<div data-elementor-type=\"section\" data-elementor-id=\"7120\" class=\"elementor elementor-7120 elementor-3007\" data-elementor-post-type=\"elementor_library\">\n\t\t\t\t\t<section class=\"elementor-section elementor-top-section elementor-element elementor-element-2854cbe4 elementor-section-boxed elementor-section-height-default elementor-section-height-default\" data-id=\"2854cbe4\" data-element_type=\"section\" data-e-type=\"section\" data-settings=\"{&quot;background_background&quot;:&quot;classic&quot;}\">\n\t\t\t\t\t\t<div class=\"elementor-container elementor-column-gap-default\">\n\t\t\t\t\t<div class=\"elementor-column elementor-col-100 elementor-top-column elementor-element elementor-element-ff1eba\" data-id=\"ff1eba\" data-element_type=\"column\" data-e-type=\"column\">\n\t\t\t<div class=\"elementor-widget-wrap elementor-element-populated\">\n\t\t\t\t\t\t<div class=\"elementor-element elementor-element-7b0a5e85 elementor-grid-1 conocimiento sticky elementor-grid-tablet-2 elementor-grid-mobile-1 elementor-posts--thumbnail-top elementor-posts__hover-gradient elementor-widget elementor-widget-posts\" data-id=\"7b0a5e85\" data-element_type=\"widget\" data-e-type=\"widget\" data-settings=\"{&quot;cards_columns&quot;:&quot;1&quot;,&quot;cards_columns_tablet&quot;:&quot;2&quot;,&quot;cards_columns_mobile&quot;:&quot;1&quot;,&quot;cards_row_gap&quot;:{&quot;unit&quot;:&quot;px&quot;,&quot;size&quot;:35,&quot;sizes&quot;:[]},&quot;cards_row_gap_tablet&quot;:{&quot;unit&quot;:&quot;px&quot;,&quot;size&quot;:&quot;&quot;,&quot;sizes&quot;:[]},&quot;cards_row_gap_mobile&quot;:{&quot;unit&quot;:&quot;px&quot;,&quot;size&quot;:&quot;&quot;,&quot;sizes&quot;:[]}}\" data-widget_type=\"posts.cards\">\n\t\t\t\t<div class=\"elementor-widget-container\">\n\t\t\t\t\t\t\t<div class=\"elementor-posts-container elementor-posts elementor-posts--skin-cards elementor-grid\" role=\"list\">\n\t\t\t\t<article class=\"elementor-post elementor-grid-item post-21127 post type-post status-publish format-standard has-post-thumbnail hentry category-casos-dexit\" role=\"listitem\">\n\t\t\t<div class=\"elementor-post__card\">\n\t\t\t\t<a class=\"elementor-post__thumbnail__link\" href=\"https:\/\/www.eagora.app\/ca\/conocimiento\/pili-garcia-coordinadora-demun-fm-a-lidereslocalchangers\/\" tabindex=\"-1\" ><div class=\"elementor-post__thumbnail\"><img loading=\"lazy\" decoding=\"async\" width=\"300\" height=\"169\" src=\"https:\/\/www.eagora.app\/wp-content\/uploads\/2023\/11\/VIDEOS-portada-lidereslocalchangers-300x169.png\" class=\"attachment-medium size-medium wp-image-21123\" alt=\"\" srcset=\"https:\/\/www.eagora.app\/wp-content\/uploads\/2023\/11\/VIDEOS-portada-lidereslocalchangers-300x169.png 300w, https:\/\/www.eagora.app\/wp-content\/uploads\/2023\/11\/VIDEOS-portada-lidereslocalchangers-1024x576.png 1024w, https:\/\/www.eagora.app\/wp-content\/uploads\/2023\/11\/VIDEOS-portada-lidereslocalchangers-768x432.png 768w, https:\/\/www.eagora.app\/wp-content\/uploads\/2023\/11\/VIDEOS-portada-lidereslocalchangers-1536x864.png 1536w, https:\/\/www.eagora.app\/wp-content\/uploads\/2023\/11\/VIDEOS-portada-lidereslocalchangers-600x338.png 600w, https:\/\/www.eagora.app\/wp-content\/uploads\/2023\/11\/VIDEOS-portada-lidereslocalchangers.png 1920w\" sizes=\"(max-width: 300px) 100vw, 300px\" \/><\/div><\/a>\n\t\t\t\t<div class=\"elementor-post__badge\">Casos d&#039;\u00e8xit<\/div>\n\t\t\t\t<div class=\"elementor-post__text\">\n\t\t\t\t<h3 class=\"elementor-post__title\">\n\t\t\t<a href=\"https:\/\/www.eagora.app\/ca\/conocimiento\/pili-garcia-coordinadora-demun-fm-a-lidereslocalchangers\/\" >\n\t\t\t\tPili Garcia, Coordinadora d&#8217;EMUN FM, a #L\u00edderesLocalChangers\t\t\t<\/a>\n\t\t<\/h3>\n\t\t\t\t<div class=\"elementor-post__excerpt\">\n\t\t\t<p>Entrevista amb Pili Garcia a L\u00edders Local Changers #12 &nbsp; Hola a totes! En aquest cap\u00edtol #12 de #L\u00edderesLocalChangers us presentem una entrevista molt entretinguda<\/p>\n\t\t<\/div>\n\t\t\n\t\t<a class=\"elementor-post__read-more\" href=\"https:\/\/www.eagora.app\/ca\/conocimiento\/pili-garcia-coordinadora-demun-fm-a-lidereslocalchangers\/\" aria-label=\"Read more about Pili Garcia, Coordinadora d&#8217;EMUN FM, a #L\u00edderesLocalChangers\" tabindex=\"-1\" >\n\t\t\tContinuar llegint \u00bb\t\t<\/a>\n\n\t\t\t\t<\/div>\n\t\t\t\t<div class=\"elementor-post__meta-data\">\n\t\t\t\t\t<span class=\"elementor-post-date\">\n\t\t\t24 de novembre de 2023\t\t<\/span>\n\t\t\t\t<\/div>\n\t\t\t\t\t<\/div>\n\t\t<\/article>\n\t\t\t\t<\/div>\n\t\t\n\t\t\t\t\t\t<\/div>\n\t\t\t\t<\/div>\n\t\t\t\t<div class=\"elementor-element elementor-element-2de6652d conocimiento elementor-grid-3 elementor-grid-tablet-2 elementor-grid-mobile-1 elementor-posts--thumbnail-top elementor-posts__hover-gradient load-more-align-center elementor-widget elementor-widget-posts\" data-id=\"2de6652d\" data-element_type=\"widget\" data-e-type=\"widget\" data-settings=\"{&quot;pagination_type&quot;:&quot;load_more_on_click&quot;,&quot;cards_row_gap&quot;:{&quot;unit&quot;:&quot;px&quot;,&quot;size&quot;:40,&quot;sizes&quot;:[]},&quot;cards_columns&quot;:&quot;3&quot;,&quot;cards_columns_tablet&quot;:&quot;2&quot;,&quot;cards_columns_mobile&quot;:&quot;1&quot;,&quot;cards_row_gap_tablet&quot;:{&quot;unit&quot;:&quot;px&quot;,&quot;size&quot;:&quot;&quot;,&quot;sizes&quot;:[]},&quot;cards_row_gap_mobile&quot;:{&quot;unit&quot;:&quot;px&quot;,&quot;size&quot;:&quot;&quot;,&quot;sizes&quot;:[]},&quot;load_more_spinner&quot;:{&quot;value&quot;:&quot;fas fa-spinner&quot;,&quot;library&quot;:&quot;fa-solid&quot;}}\" data-widget_type=\"posts.cards\">\n\t\t\t\t<div class=\"elementor-widget-container\">\n\t\t\t\t\t\t\t<div class=\"elementor-posts-container elementor-posts elementor-posts--skin-cards elementor-grid\" role=\"list\">\n\t\t\t\t<article class=\"elementor-post elementor-grid-item post-20932 post type-post status-publish format-standard has-post-thumbnail hentry category-casos-dexit\" role=\"listitem\">\n\t\t\t<div class=\"elementor-post__card\">\n\t\t\t\t<a class=\"elementor-post__thumbnail__link\" href=\"https:\/\/www.eagora.app\/ca\/conocimiento\/local-changers-que-ens-inspiren-processos-participatius-per-anomenar-nous-carrers-altafulla\/\" tabindex=\"-1\" ><div class=\"elementor-post__thumbnail\"><img loading=\"lazy\" decoding=\"async\" width=\"300\" height=\"169\" src=\"https:\/\/www.eagora.app\/wp-content\/uploads\/2023\/11\/BLOG-portadas-posts-31-300x169.jpg\" class=\"attachment-medium size-medium wp-image-20902\" alt=\"\" srcset=\"https:\/\/www.eagora.app\/wp-content\/uploads\/2023\/11\/BLOG-portadas-posts-31-300x169.jpg 300w, https:\/\/www.eagora.app\/wp-content\/uploads\/2023\/11\/BLOG-portadas-posts-31-1024x576.jpg 1024w, https:\/\/www.eagora.app\/wp-content\/uploads\/2023\/11\/BLOG-portadas-posts-31-768x432.jpg 768w, https:\/\/www.eagora.app\/wp-content\/uploads\/2023\/11\/BLOG-portadas-posts-31-1536x864.jpg 1536w, https:\/\/www.eagora.app\/wp-content\/uploads\/2023\/11\/BLOG-portadas-posts-31-600x338.jpg 600w, https:\/\/www.eagora.app\/wp-content\/uploads\/2023\/11\/BLOG-portadas-posts-31.jpg 1920w\" sizes=\"(max-width: 300px) 100vw, 300px\" \/><\/div><\/a>\n\t\t\t\t<div class=\"elementor-post__badge\">Casos d&#039;\u00e8xit<\/div>\n\t\t\t\t<div class=\"elementor-post__text\">\n\t\t\t\t<h3 class=\"elementor-post__title\">\n\t\t\t<a href=\"https:\/\/www.eagora.app\/ca\/conocimiento\/local-changers-que-ens-inspiren-processos-participatius-per-anomenar-nous-carrers-altafulla\/\" >\n\t\t\t\tLocal Changers que ens inspiren: processos participatius per anomenar nous carrers #ALTAFULLA\t\t\t<\/a>\n\t\t<\/h3>\n\t\t\t\t<div class=\"elementor-post__excerpt\">\n\t\t\t<p>Processos participatius per nomenar nous carrers a Altafulla &nbsp; Enhorabona a l&#8217;Ajuntament d&#8217;Altafulla per Promoure la Participaci\u00f3 Ciutadana a la Nominaci\u00f3 de Carrers amb eAgora!<\/p>\n\t\t<\/div>\n\t\t\n\t\t<a class=\"elementor-post__read-more\" href=\"https:\/\/www.eagora.app\/ca\/conocimiento\/local-changers-que-ens-inspiren-processos-participatius-per-anomenar-nous-carrers-altafulla\/\" aria-label=\"Read more about Local Changers que ens inspiren: processos participatius per anomenar nous carrers #ALTAFULLA\" tabindex=\"-1\" >\n\t\t\tContinuar llegint \u00bb\t\t<\/a>\n\n\t\t\t\t<\/div>\n\t\t\t\t<div class=\"elementor-post__meta-data\">\n\t\t\t\t\t<span class=\"elementor-post-date\">\n\t\t\t16 de novembre de 2023\t\t<\/span>\n\t\t\t\t<\/div>\n\t\t\t\t\t<\/div>\n\t\t<\/article>\n\t\t\t\t<article class=\"elementor-post elementor-grid-item post-20632 post type-post status-publish format-standard has-post-thumbnail hentry category-casos-dexit\" role=\"listitem\">\n\t\t\t<div class=\"elementor-post__card\">\n\t\t\t\t<a class=\"elementor-post__thumbnail__link\" href=\"https:\/\/www.eagora.app\/ca\/conocimiento\/carles-brull-alcalde-de-falset-i-merce-fucho-tecnica-de-comunicacio-a-lidereslocalchangers\/\" tabindex=\"-1\" ><div class=\"elementor-post__thumbnail\"><img loading=\"lazy\" decoding=\"async\" width=\"300\" height=\"169\" src=\"https:\/\/www.eagora.app\/wp-content\/uploads\/2023\/10\/VIDEOS-portada-lidereslocalchangers-300x169.jpg\" class=\"attachment-medium size-medium wp-image-20463\" alt=\"\" srcset=\"https:\/\/www.eagora.app\/wp-content\/uploads\/2023\/10\/VIDEOS-portada-lidereslocalchangers-300x169.jpg 300w, https:\/\/www.eagora.app\/wp-content\/uploads\/2023\/10\/VIDEOS-portada-lidereslocalchangers-1024x576.jpg 1024w, https:\/\/www.eagora.app\/wp-content\/uploads\/2023\/10\/VIDEOS-portada-lidereslocalchangers-768x432.jpg 768w, https:\/\/www.eagora.app\/wp-content\/uploads\/2023\/10\/VIDEOS-portada-lidereslocalchangers-1536x864.jpg 1536w, https:\/\/www.eagora.app\/wp-content\/uploads\/2023\/10\/VIDEOS-portada-lidereslocalchangers-600x338.jpg 600w, https:\/\/www.eagora.app\/wp-content\/uploads\/2023\/10\/VIDEOS-portada-lidereslocalchangers.jpg 1920w\" sizes=\"(max-width: 300px) 100vw, 300px\" \/><\/div><\/a>\n\t\t\t\t<div class=\"elementor-post__badge\">Casos d&#039;\u00e8xit<\/div>\n\t\t\t\t<div class=\"elementor-post__text\">\n\t\t\t\t<h3 class=\"elementor-post__title\">\n\t\t\t<a href=\"https:\/\/www.eagora.app\/ca\/conocimiento\/carles-brull-alcalde-de-falset-i-merce-fucho-tecnica-de-comunicacio-a-lidereslocalchangers\/\" >\n\t\t\t\tCarles Brull, Alcalde de Falset, i Merc\u00e8 Fucho, T\u00e8cnica de Comunicaci\u00f3, a #L\u00edderesLocalChangers\t\t\t<\/a>\n\t\t<\/h3>\n\t\t\t\t<div class=\"elementor-post__excerpt\">\n\t\t\t<p>Entrevista amb Carles Brull, Alcalde de Falset i Merc\u00e8 Fucho &nbsp; Avui, en aquest cap\u00edtol #11 de L\u00edders Local Changers, tenim el privilegi de conversar<\/p>\n\t\t<\/div>\n\t\t\n\t\t<a class=\"elementor-post__read-more\" href=\"https:\/\/www.eagora.app\/ca\/conocimiento\/carles-brull-alcalde-de-falset-i-merce-fucho-tecnica-de-comunicacio-a-lidereslocalchangers\/\" aria-label=\"Read more about Carles Brull, Alcalde de Falset, i Merc\u00e8 Fucho, T\u00e8cnica de Comunicaci\u00f3, a #L\u00edderesLocalChangers\" tabindex=\"-1\" >\n\t\t\tContinuar llegint \u00bb\t\t<\/a>\n\n\t\t\t\t<\/div>\n\t\t\t\t<div class=\"elementor-post__meta-data\">\n\t\t\t\t\t<span class=\"elementor-post-date\">\n\t\t\t31 d&#8217;octubre de 2023\t\t<\/span>\n\t\t\t\t<\/div>\n\t\t\t\t\t<\/div>\n\t\t<\/article>\n\t\t\t\t<article class=\"elementor-post elementor-grid-item post-19080 post type-post status-publish format-standard has-post-thumbnail hentry category-casos-dexit\" role=\"listitem\">\n\t\t\t<div class=\"elementor-post__card\">\n\t\t\t\t<a class=\"elementor-post__thumbnail__link\" href=\"https:\/\/www.eagora.app\/ca\/conocimiento\/montse-chinchilla-presidenta-del-club-oratoria-malaga-a-lidereslocalchangers\/\" tabindex=\"-1\" ><div class=\"elementor-post__thumbnail\"><img loading=\"lazy\" decoding=\"async\" width=\"300\" height=\"169\" src=\"https:\/\/www.eagora.app\/wp-content\/uploads\/2023\/09\/portada-300x169.jpg\" class=\"attachment-medium size-medium wp-image-18870\" alt=\"\" srcset=\"https:\/\/www.eagora.app\/wp-content\/uploads\/2023\/09\/portada-300x169.jpg 300w, https:\/\/www.eagora.app\/wp-content\/uploads\/2023\/09\/portada-1024x576.jpg 1024w, https:\/\/www.eagora.app\/wp-content\/uploads\/2023\/09\/portada-768x432.jpg 768w, https:\/\/www.eagora.app\/wp-content\/uploads\/2023\/09\/portada-1536x864.jpg 1536w, https:\/\/www.eagora.app\/wp-content\/uploads\/2023\/09\/portada-600x338.jpg 600w, https:\/\/www.eagora.app\/wp-content\/uploads\/2023\/09\/portada.jpg 1920w\" sizes=\"(max-width: 300px) 100vw, 300px\" \/><\/div><\/a>\n\t\t\t\t<div class=\"elementor-post__badge\">Casos d&#039;\u00e8xit<\/div>\n\t\t\t\t<div class=\"elementor-post__text\">\n\t\t\t\t<h3 class=\"elementor-post__title\">\n\t\t\t<a href=\"https:\/\/www.eagora.app\/ca\/conocimiento\/montse-chinchilla-presidenta-del-club-oratoria-malaga-a-lidereslocalchangers\/\" >\n\t\t\t\tMontse Chinchilla, Presidenta del Club Orat\u00f2ria M\u00e0laga, a #L\u00edderesLocalChangers\t\t\t<\/a>\n\t\t<\/h3>\n\t\t\t\t<div class=\"elementor-post__excerpt\">\n\t\t\t<p>Entrevista amb Montse Chinchilla a L\u00edders Local Changers Hola a tots! En aquest des\u00e8 cap\u00edtol de #L\u00edderesLocalChangers, us compartim una entrevista inspiradora amb la Montse<\/p>\n\t\t<\/div>\n\t\t\n\t\t<a class=\"elementor-post__read-more\" href=\"https:\/\/www.eagora.app\/ca\/conocimiento\/montse-chinchilla-presidenta-del-club-oratoria-malaga-a-lidereslocalchangers\/\" aria-label=\"Read more about Montse Chinchilla, Presidenta del Club Orat\u00f2ria M\u00e0laga, a #L\u00edderesLocalChangers\" tabindex=\"-1\" >\n\t\t\tContinuar llegint \u00bb\t\t<\/a>\n\n\t\t\t\t<\/div>\n\t\t\t\t<div class=\"elementor-post__meta-data\">\n\t\t\t\t\t<span class=\"elementor-post-date\">\n\t\t\t5 de setembre de 2023\t\t<\/span>\n\t\t\t\t<\/div>\n\t\t\t\t\t<\/div>\n\t\t<\/article>\n\t\t\t\t<article class=\"elementor-post elementor-grid-item post-18200 post type-post status-publish format-standard has-post-thumbnail hentry category-casos-dexit\" role=\"listitem\">\n\t\t\t<div class=\"elementor-post__card\">\n\t\t\t\t<a class=\"elementor-post__thumbnail__link\" href=\"https:\/\/www.eagora.app\/ca\/conocimiento\/cesar-perez-president-de-lafa-joan-plana-a-liderslocalchangers\/\" tabindex=\"-1\" ><div class=\"elementor-post__thumbnail\"><img loading=\"lazy\" decoding=\"async\" width=\"300\" height=\"169\" src=\"https:\/\/www.eagora.app\/wp-content\/uploads\/2023\/08\/VIDEOS-portada-lidereslocalchangers-300x169.jpg\" class=\"attachment-medium size-medium wp-image-18102\" alt=\"\" srcset=\"https:\/\/www.eagora.app\/wp-content\/uploads\/2023\/08\/VIDEOS-portada-lidereslocalchangers-300x169.jpg 300w, https:\/\/www.eagora.app\/wp-content\/uploads\/2023\/08\/VIDEOS-portada-lidereslocalchangers-1024x576.jpg 1024w, https:\/\/www.eagora.app\/wp-content\/uploads\/2023\/08\/VIDEOS-portada-lidereslocalchangers-768x432.jpg 768w, https:\/\/www.eagora.app\/wp-content\/uploads\/2023\/08\/VIDEOS-portada-lidereslocalchangers-1536x864.jpg 1536w, https:\/\/www.eagora.app\/wp-content\/uploads\/2023\/08\/VIDEOS-portada-lidereslocalchangers-600x338.jpg 600w, https:\/\/www.eagora.app\/wp-content\/uploads\/2023\/08\/VIDEOS-portada-lidereslocalchangers.jpg 1920w\" sizes=\"(max-width: 300px) 100vw, 300px\" \/><\/div><\/a>\n\t\t\t\t<div class=\"elementor-post__badge\">Casos d&#039;\u00e8xit<\/div>\n\t\t\t\t<div class=\"elementor-post__text\">\n\t\t\t\t<h3 class=\"elementor-post__title\">\n\t\t\t<a href=\"https:\/\/www.eagora.app\/ca\/conocimiento\/cesar-perez-president-de-lafa-joan-plana-a-liderslocalchangers\/\" >\n\t\t\t\tC\u00e9sar P\u00e9rez, President de l&#8217;AFA Joan Plana, a #L\u00eddersLocalChangers\t\t\t<\/a>\n\t\t<\/h3>\n\t\t\t\t<div class=\"elementor-post__excerpt\">\n\t\t\t<p>Salutacions a tots! Avui, al nov\u00e8 episodi de #L\u00eddersLocalChangers, ens submergim en una inspiradora entrevista amb C\u00e9sar P\u00e9rez, el president d&#8217;AFA Joan Plana. Aquesta Associaci\u00f3<\/p>\n\t\t<\/div>\n\t\t\n\t\t<a class=\"elementor-post__read-more\" href=\"https:\/\/www.eagora.app\/ca\/conocimiento\/cesar-perez-president-de-lafa-joan-plana-a-liderslocalchangers\/\" aria-label=\"Read more about C\u00e9sar P\u00e9rez, President de l&#8217;AFA Joan Plana, a #L\u00eddersLocalChangers\" tabindex=\"-1\" >\n\t\t\tContinuar llegint \u00bb\t\t<\/a>\n\n\t\t\t\t<\/div>\n\t\t\t\t<div class=\"elementor-post__meta-data\">\n\t\t\t\t\t<span class=\"elementor-post-date\">\n\t\t\t16 d&#8217;agost de 2023\t\t<\/span>\n\t\t\t\t<\/div>\n\t\t\t\t\t<\/div>\n\t\t<\/article>\n\t\t\t\t<article class=\"elementor-post elementor-grid-item post-18198 post type-post status-publish format-standard has-post-thumbnail hentry category-casos-dexit\" role=\"listitem\">\n\t\t\t<div class=\"elementor-post__card\">\n\t\t\t\t<a class=\"elementor-post__thumbnail__link\" href=\"https:\/\/www.eagora.app\/ca\/conocimiento\/jordi-molinera-alcalde-de-lajuntament-daltafulla-a-lideresquedescubrimos\/\" tabindex=\"-1\" ><div class=\"elementor-post__thumbnail\"><img loading=\"lazy\" decoding=\"async\" width=\"300\" height=\"169\" src=\"https:\/\/www.eagora.app\/wp-content\/uploads\/2023\/07\/VIDEOS-portada-lideresquedescubrimos-300x169.jpg\" class=\"attachment-medium size-medium wp-image-17621\" alt=\"\" srcset=\"https:\/\/www.eagora.app\/wp-content\/uploads\/2023\/07\/VIDEOS-portada-lideresquedescubrimos-300x169.jpg 300w, https:\/\/www.eagora.app\/wp-content\/uploads\/2023\/07\/VIDEOS-portada-lideresquedescubrimos-1024x576.jpg 1024w, https:\/\/www.eagora.app\/wp-content\/uploads\/2023\/07\/VIDEOS-portada-lideresquedescubrimos-768x432.jpg 768w, https:\/\/www.eagora.app\/wp-content\/uploads\/2023\/07\/VIDEOS-portada-lideresquedescubrimos-1536x864.jpg 1536w, https:\/\/www.eagora.app\/wp-content\/uploads\/2023\/07\/VIDEOS-portada-lideresquedescubrimos-600x338.jpg 600w, https:\/\/www.eagora.app\/wp-content\/uploads\/2023\/07\/VIDEOS-portada-lideresquedescubrimos.jpg 1920w\" sizes=\"(max-width: 300px) 100vw, 300px\" \/><\/div><\/a>\n\t\t\t\t<div class=\"elementor-post__badge\">Casos d&#039;\u00e8xit<\/div>\n\t\t\t\t<div class=\"elementor-post__text\">\n\t\t\t\t<h3 class=\"elementor-post__title\">\n\t\t\t<a href=\"https:\/\/www.eagora.app\/ca\/conocimiento\/jordi-molinera-alcalde-de-lajuntament-daltafulla-a-lideresquedescubrimos\/\" >\n\t\t\t\tJordi Molinera, Alcalde de l&#8217;Ajuntament d&#8217;Altafulla, a #L\u00edderesQueDescubrimos\t\t\t<\/a>\n\t\t<\/h3>\n\t\t\t\t<div class=\"elementor-post__excerpt\">\n\t\t\t<p>\ud83d\udce2 Entrevista Exclusiva amb Jordi Molinera, Alcalde d&#8217;Altafulla! \ud83c\udf99\ufe0f\ud83c\udfdb\ufe0f Avui tenim el privilegi de conversar amb Jordi Molinera, l?alcalde d?Altafulla, que ens explica sobre la<\/p>\n\t\t<\/div>\n\t\t\n\t\t<a class=\"elementor-post__read-more\" href=\"https:\/\/www.eagora.app\/ca\/conocimiento\/jordi-molinera-alcalde-de-lajuntament-daltafulla-a-lideresquedescubrimos\/\" aria-label=\"Read more about Jordi Molinera, Alcalde de l&#8217;Ajuntament d&#8217;Altafulla, a #L\u00edderesQueDescubrimos\" tabindex=\"-1\" >\n\t\t\tContinuar llegint \u00bb\t\t<\/a>\n\n\t\t\t\t<\/div>\n\t\t\t\t<div class=\"elementor-post__meta-data\">\n\t\t\t\t\t<span class=\"elementor-post-date\">\n\t\t\t28 de juliol de 2023\t\t<\/span>\n\t\t\t\t<\/div>\n\t\t\t\t\t<\/div>\n\t\t<\/article>\n\t\t\t\t<article class=\"elementor-post elementor-grid-item post-17294 post type-post status-publish format-standard has-post-thumbnail hentry category-casos-dexit\" role=\"listitem\">\n\t\t\t<div class=\"elementor-post__card\">\n\t\t\t\t<a class=\"elementor-post__thumbnail__link\" href=\"https:\/\/www.eagora.app\/ca\/conocimiento\/liders-que-ens-inspiren-campanya-en-suport-a-lesclerosi-multiple-elsalamus\/\" tabindex=\"-1\" ><div class=\"elementor-post__thumbnail\"><img loading=\"lazy\" decoding=\"async\" width=\"300\" height=\"169\" src=\"https:\/\/www.eagora.app\/wp-content\/uploads\/2023\/07\/campana-22FEM-MULLAT22-en-apoyo-a-la-Esclerosis-multiple-1-300x169.jpg\" class=\"attachment-medium size-medium wp-image-17286\" alt=\"campa\u00f1a &quot;FEM MULLA&#039;T&quot; en apoyo a la Esclerosis m\u00faltiple\" srcset=\"https:\/\/www.eagora.app\/wp-content\/uploads\/2023\/07\/campana-22FEM-MULLAT22-en-apoyo-a-la-Esclerosis-multiple-1-300x169.jpg 300w, https:\/\/www.eagora.app\/wp-content\/uploads\/2023\/07\/campana-22FEM-MULLAT22-en-apoyo-a-la-Esclerosis-multiple-1-1024x576.jpg 1024w, https:\/\/www.eagora.app\/wp-content\/uploads\/2023\/07\/campana-22FEM-MULLAT22-en-apoyo-a-la-Esclerosis-multiple-1-768x432.jpg 768w, https:\/\/www.eagora.app\/wp-content\/uploads\/2023\/07\/campana-22FEM-MULLAT22-en-apoyo-a-la-Esclerosis-multiple-1-1536x864.jpg 1536w, https:\/\/www.eagora.app\/wp-content\/uploads\/2023\/07\/campana-22FEM-MULLAT22-en-apoyo-a-la-Esclerosis-multiple-1-600x338.jpg 600w, https:\/\/www.eagora.app\/wp-content\/uploads\/2023\/07\/campana-22FEM-MULLAT22-en-apoyo-a-la-Esclerosis-multiple-1.jpg 1920w\" sizes=\"(max-width: 300px) 100vw, 300px\" \/><\/div><\/a>\n\t\t\t\t<div class=\"elementor-post__badge\">Casos d&#039;\u00e8xit<\/div>\n\t\t\t\t<div class=\"elementor-post__text\">\n\t\t\t\t<h3 class=\"elementor-post__title\">\n\t\t\t<a href=\"https:\/\/www.eagora.app\/ca\/conocimiento\/liders-que-ens-inspiren-campanya-en-suport-a-lesclerosi-multiple-elsalamus\/\" >\n\t\t\t\tL\u00edders que ens inspiren: campanya en suport a l&#8217;Esclerosi m\u00faltiple #ELSALAMUS\t\t\t<\/a>\n\t\t<\/h3>\n\t\t\t\t<div class=\"elementor-post__excerpt\">\n\t\t\t<p>Felicitats a l&#8217;Ajuntament dels Alam\u00fas per la incre\u00efble campanya &#8220;FEM MULLA&#8217;T&#8221; en suport a l&#8217;Esclerosi m\u00faltiple!<\/p>\n\t\t<\/div>\n\t\t\n\t\t<a class=\"elementor-post__read-more\" href=\"https:\/\/www.eagora.app\/ca\/conocimiento\/liders-que-ens-inspiren-campanya-en-suport-a-lesclerosi-multiple-elsalamus\/\" aria-label=\"Read more about L\u00edders que ens inspiren: campanya en suport a l&#8217;Esclerosi m\u00faltiple #ELSALAMUS\" tabindex=\"-1\" >\n\t\t\tContinuar llegint \u00bb\t\t<\/a>\n\n\t\t\t\t<\/div>\n\t\t\t\t<div class=\"elementor-post__meta-data\">\n\t\t\t\t\t<span class=\"elementor-post-date\">\n\t\t\t14 de juliol de 2023\t\t<\/span>\n\t\t\t\t<\/div>\n\t\t\t\t\t<\/div>\n\t\t<\/article>\n\t\t\t\t<article class=\"elementor-post elementor-grid-item post-17235 post type-post status-publish format-standard has-post-thumbnail hentry category-casos-dexit\" role=\"listitem\">\n\t\t\t<div class=\"elementor-post__card\">\n\t\t\t\t<a class=\"elementor-post__thumbnail__link\" href=\"https:\/\/www.eagora.app\/ca\/conocimiento\/miguel-martinez-responsable-dpto-dinformatica-a-lajuntament-dayora-en-lidersquedescobrim\/\" tabindex=\"-1\" ><div class=\"elementor-post__thumbnail\"><img loading=\"lazy\" decoding=\"async\" width=\"300\" height=\"169\" src=\"https:\/\/www.eagora.app\/wp-content\/uploads\/2023\/07\/Miguel-Martinez-Responsable-Dpto.-de-Informatica-en-el-Ayuntamiento-de-Ayora-en-LideresQueDescubrimos-300x169.jpg\" class=\"attachment-medium size-medium wp-image-17228\" alt=\"Miguel Mart\u00ednez, Responsable Dpto. de Inform\u00e1tica en el Ayuntamiento de Ayora, en #L\u00edderesQueDescubrimos\" srcset=\"https:\/\/www.eagora.app\/wp-content\/uploads\/2023\/07\/Miguel-Martinez-Responsable-Dpto.-de-Informatica-en-el-Ayuntamiento-de-Ayora-en-LideresQueDescubrimos-300x169.jpg 300w, https:\/\/www.eagora.app\/wp-content\/uploads\/2023\/07\/Miguel-Martinez-Responsable-Dpto.-de-Informatica-en-el-Ayuntamiento-de-Ayora-en-LideresQueDescubrimos-1024x576.jpg 1024w, https:\/\/www.eagora.app\/wp-content\/uploads\/2023\/07\/Miguel-Martinez-Responsable-Dpto.-de-Informatica-en-el-Ayuntamiento-de-Ayora-en-LideresQueDescubrimos-768x432.jpg 768w, https:\/\/www.eagora.app\/wp-content\/uploads\/2023\/07\/Miguel-Martinez-Responsable-Dpto.-de-Informatica-en-el-Ayuntamiento-de-Ayora-en-LideresQueDescubrimos-1536x864.jpg 1536w, https:\/\/www.eagora.app\/wp-content\/uploads\/2023\/07\/Miguel-Martinez-Responsable-Dpto.-de-Informatica-en-el-Ayuntamiento-de-Ayora-en-LideresQueDescubrimos-600x338.jpg 600w, https:\/\/www.eagora.app\/wp-content\/uploads\/2023\/07\/Miguel-Martinez-Responsable-Dpto.-de-Informatica-en-el-Ayuntamiento-de-Ayora-en-LideresQueDescubrimos.jpg 1920w\" sizes=\"(max-width: 300px) 100vw, 300px\" \/><\/div><\/a>\n\t\t\t\t<div class=\"elementor-post__badge\">Casos d&#039;\u00e8xit<\/div>\n\t\t\t\t<div class=\"elementor-post__text\">\n\t\t\t\t<h3 class=\"elementor-post__title\">\n\t\t\t<a href=\"https:\/\/www.eagora.app\/ca\/conocimiento\/miguel-martinez-responsable-dpto-dinformatica-a-lajuntament-dayora-en-lidersquedescobrim\/\" >\n\t\t\t\tMiguel Mart\u00ednez, Responsable Dpto. d&#8217;Inform\u00e0tica a l&#8217;Ajuntament d&#8217;Ayora, en #L\u00eddersQueDescobrim\t\t\t<\/a>\n\t\t<\/h3>\n\t\t\t\t<div class=\"elementor-post__excerpt\">\n\t\t\t<p>Avui et presentem a Miguel Mart\u00ednez, Responsable d&#8217;Inform\u00e0tica a l&#8217;Ajuntament d&#8217;Ayora! Descobreix com eAgora els ha ajudat a mantenir una comunicaci\u00f3 directa i en temps<\/p>\n\t\t<\/div>\n\t\t\n\t\t<a class=\"elementor-post__read-more\" href=\"https:\/\/www.eagora.app\/ca\/conocimiento\/miguel-martinez-responsable-dpto-dinformatica-a-lajuntament-dayora-en-lidersquedescobrim\/\" aria-label=\"Read more about Miguel Mart\u00ednez, Responsable Dpto. d&#8217;Inform\u00e0tica a l&#8217;Ajuntament d&#8217;Ayora, en #L\u00eddersQueDescobrim\" tabindex=\"-1\" >\n\t\t\tContinuar llegint \u00bb\t\t<\/a>\n\n\t\t\t\t<\/div>\n\t\t\t\t<div class=\"elementor-post__meta-data\">\n\t\t\t\t\t<span class=\"elementor-post-date\">\n\t\t\t13 de juliol de 2023\t\t<\/span>\n\t\t\t\t<\/div>\n\t\t\t\t\t<\/div>\n\t\t<\/article>\n\t\t\t\t<article class=\"elementor-post elementor-grid-item post-17031 post type-post status-publish format-standard has-post-thumbnail hentry category-casos-dexit\" role=\"listitem\">\n\t\t\t<div class=\"elementor-post__card\">\n\t\t\t\t<a class=\"elementor-post__thumbnail__link\" href=\"https:\/\/www.eagora.app\/ca\/conocimiento\/liders-que-ens-inspiren-xxxv-festa-del-basquet-lleidata-lesborgesblanques\/\" tabindex=\"-1\" ><div class=\"elementor-post__thumbnail\"><img loading=\"lazy\" decoding=\"async\" width=\"300\" height=\"169\" src=\"https:\/\/www.eagora.app\/wp-content\/uploads\/2023\/07\/XXXV-Fiesta-del-basquet-leridano-300x169.jpg\" class=\"attachment-medium size-medium wp-image-17014\" alt=\"XXXV Fiesta del b\u00e1squet leridano\" srcset=\"https:\/\/www.eagora.app\/wp-content\/uploads\/2023\/07\/XXXV-Fiesta-del-basquet-leridano-300x169.jpg 300w, https:\/\/www.eagora.app\/wp-content\/uploads\/2023\/07\/XXXV-Fiesta-del-basquet-leridano-1024x576.jpg 1024w, https:\/\/www.eagora.app\/wp-content\/uploads\/2023\/07\/XXXV-Fiesta-del-basquet-leridano-768x432.jpg 768w, https:\/\/www.eagora.app\/wp-content\/uploads\/2023\/07\/XXXV-Fiesta-del-basquet-leridano-1536x864.jpg 1536w, https:\/\/www.eagora.app\/wp-content\/uploads\/2023\/07\/XXXV-Fiesta-del-basquet-leridano-600x338.jpg 600w, https:\/\/www.eagora.app\/wp-content\/uploads\/2023\/07\/XXXV-Fiesta-del-basquet-leridano.jpg 1920w\" sizes=\"(max-width: 300px) 100vw, 300px\" \/><\/div><\/a>\n\t\t\t\t<div class=\"elementor-post__badge\">Casos d&#039;\u00e8xit<\/div>\n\t\t\t\t<div class=\"elementor-post__text\">\n\t\t\t\t<h3 class=\"elementor-post__title\">\n\t\t\t<a href=\"https:\/\/www.eagora.app\/ca\/conocimiento\/liders-que-ens-inspiren-xxxv-festa-del-basquet-lleidata-lesborgesblanques\/\" >\n\t\t\t\tL\u00edders que ens inspiren: XXXV Festa del b\u00e1squet lleidat\u00e0 #LESBORGESBLANQUES\t\t\t<\/a>\n\t\t<\/h3>\n\t\t\t\t<div class=\"elementor-post__excerpt\">\n\t\t\t<p>Avui ens hem emocionat en #L\u00eddersQueEnsInspiren amb l&#8217;Ajuntament de les Borges Blanques pel seu preci\u00f3s homenatge esportiu! &nbsp; La XXXV Festa del B\u00e0squet Lleidat\u00e0 \u00e9s<\/p>\n\t\t<\/div>\n\t\t\n\t\t<a class=\"elementor-post__read-more\" href=\"https:\/\/www.eagora.app\/ca\/conocimiento\/liders-que-ens-inspiren-xxxv-festa-del-basquet-lleidata-lesborgesblanques\/\" aria-label=\"Read more about L\u00edders que ens inspiren: XXXV Festa del b\u00e1squet lleidat\u00e0 #LESBORGESBLANQUES\" tabindex=\"-1\" >\n\t\t\tContinuar llegint \u00bb\t\t<\/a>\n\n\t\t\t\t<\/div>\n\t\t\t\t<div class=\"elementor-post__meta-data\">\n\t\t\t\t\t<span class=\"elementor-post-date\">\n\t\t\t7 de juliol de 2023\t\t<\/span>\n\t\t\t\t<\/div>\n\t\t\t\t\t<\/div>\n\t\t<\/article>\n\t\t\t\t<article class=\"elementor-post elementor-grid-item post-18190 post type-post status-publish format-standard has-post-thumbnail hentry category-casos-dexit\" role=\"listitem\">\n\t\t\t<div class=\"elementor-post__card\">\n\t\t\t\t<a class=\"elementor-post__thumbnail__link\" href=\"https:\/\/www.eagora.app\/ca\/conocimiento\/oriol-escursell-fundador-de-nilak-a-lidersquedescubrim\/\" tabindex=\"-1\" ><div class=\"elementor-post__thumbnail\"><img loading=\"lazy\" decoding=\"async\" width=\"300\" height=\"169\" src=\"https:\/\/www.eagora.app\/wp-content\/uploads\/2023\/07\/VIDEOS-portada-lideresquedescubrimos-4-300x169.jpg\" class=\"attachment-medium size-medium wp-image-16900\" alt=\"V\u00cdDEOS - portada #lideresquedescubrimos-6\" srcset=\"https:\/\/www.eagora.app\/wp-content\/uploads\/2023\/07\/VIDEOS-portada-lideresquedescubrimos-4-300x169.jpg 300w, https:\/\/www.eagora.app\/wp-content\/uploads\/2023\/07\/VIDEOS-portada-lideresquedescubrimos-4-1024x576.jpg 1024w, https:\/\/www.eagora.app\/wp-content\/uploads\/2023\/07\/VIDEOS-portada-lideresquedescubrimos-4-768x432.jpg 768w, https:\/\/www.eagora.app\/wp-content\/uploads\/2023\/07\/VIDEOS-portada-lideresquedescubrimos-4-1536x864.jpg 1536w, https:\/\/www.eagora.app\/wp-content\/uploads\/2023\/07\/VIDEOS-portada-lideresquedescubrimos-4-600x338.jpg 600w, https:\/\/www.eagora.app\/wp-content\/uploads\/2023\/07\/VIDEOS-portada-lideresquedescubrimos-4.jpg 1920w\" sizes=\"(max-width: 300px) 100vw, 300px\" \/><\/div><\/a>\n\t\t\t\t<div class=\"elementor-post__badge\">Casos d&#039;\u00e8xit<\/div>\n\t\t\t\t<div class=\"elementor-post__text\">\n\t\t\t\t<h3 class=\"elementor-post__title\">\n\t\t\t<a href=\"https:\/\/www.eagora.app\/ca\/conocimiento\/oriol-escursell-fundador-de-nilak-a-lidersquedescubrim\/\" >\n\t\t\t\tOriol Escursell, Fundador de Nilak, a #L\u00eddersQueDescubrim\t\t\t<\/a>\n\t\t<\/h3>\n\t\t\t\t<div class=\"elementor-post__excerpt\">\n\t\t\t<p>Avui coneixem l&#8217;experi\u00e8ncia d&#8217;Oriol Escursell, fundador de Nilak, que considera eAgora com un mitj\u00e0 de comunicaci\u00f3 fonamental&#8230; equiparable als bans! \ud83d\udce2 &nbsp; Nilak \u00e9s un<\/p>\n\t\t<\/div>\n\t\t\n\t\t<a class=\"elementor-post__read-more\" href=\"https:\/\/www.eagora.app\/ca\/conocimiento\/oriol-escursell-fundador-de-nilak-a-lidersquedescubrim\/\" aria-label=\"Read more about Oriol Escursell, Fundador de Nilak, a #L\u00eddersQueDescubrim\" tabindex=\"-1\" >\n\t\t\tContinuar llegint \u00bb\t\t<\/a>\n\n\t\t\t\t<\/div>\n\t\t\t\t<div class=\"elementor-post__meta-data\">\n\t\t\t\t\t<span class=\"elementor-post-date\">\n\t\t\t4 de juliol de 2023\t\t<\/span>\n\t\t\t\t<\/div>\n\t\t\t\t\t<\/div>\n\t\t<\/article>\n\t\t\t\t<\/div>\n\t\t\t\t\t<span class=\"e-load-more-spinner\">\n\t\t\t\t<i aria-hidden=\"true\" class=\"fas fa-spinner\"><\/i>\t\t\t<\/span>\n\t\t\n\t\t\t\t<div class=\"e-load-more-anchor\" data-page=\"1\" data-max-page=\"3\" data-next-page=\"https:\/\/www.eagora.app\/ca\/coneixement\/2\/\"><\/div>\n\t\t\t\t<div class=\"elementor-button-wrapper\">\n\t\t\t<a class=\"elementor-button elementor-size-sm\" role=\"button\">\n\t\t\t\t\t\t<span class=\"elementor-button-content-wrapper\">\n\t\t\t\t\t\t\t<span class=\"elementor-button-icon\">\n\t\t\t\t<i aria-hidden=\"true\" class=\"fas fa-arrow-down\"><\/i>\t\t\t<\/span>\n\t\t\t\t\t\t\t\t\t<span class=\"elementor-button-text\">Carregar m\u00e9s contingut<\/span>\n\t\t\t\t\t<\/span>\n\t\t\t\t\t<\/a>\n\t\t<\/div>\n\t\t\t\t<div class=\"e-load-more-message\"><\/div>\n\t\t\t\t\t\t<\/div>\n\t\t\t\t<\/div>\n\t\t\t\t\t<\/div>\n\t\t<\/div>\n\t\t\t\t\t<\/div>\n\t\t<\/section>\n\t\t\t\t<\/div>\n\t\t\n<\/div>\n\t\t\t\t\t\t\t<\/div>\n\t\t<\/div>\n\t\t\t\t\t\t<\/div>\n\t\t\t\t<\/div>\n\t\t\t\t\t<\/div>\n\t\t<\/div>\n\t\t\t\t\t<\/div>\n\t\t<\/section>\n\t\t\t\t\t<\/div>\n\t\t<\/div>\n\t\t\t\t\t<\/div>\n\t\t<\/section>\n\t\t\t\t<\/div>\n\t\t","protected":false},"excerpt":{"rendered":"<p>Coneixement El coneixement \u00e9s un dels pilars d&#8217;aquesta comunitat, descobreix la biblioteca de l&#8217;\u00c0gora i fes-la teva. Tots Not\u00edcies Articles Tutorials Clipping premsa Casos d&#8217;\u00e8xit Tots Art\u00edculos Los grandes retos de nuestras ciudades M\u00e1s del 80% de la poblaci\u00f3n en Espa\u00f1a vive en ciudades o zonas urbanas y seg\u00fan Naciones Unidas, este porcentaje se elevar\u00e1 [&hellip;]<\/p>\n","protected":false},"author":1,"featured_media":0,"parent":0,"menu_order":0,"comment_status":"closed","ping_status":"closed","template":"","meta":{"content-type":"","_joinchat":[],"footnotes":""},"class_list":["post-7698","page","type-page","status-publish","hentry"],"yoast_head":"<!-- This site is optimized with the Yoast SEO Premium plugin v27.0 (Yoast SEO v27.0) - https:\/\/yoast.com\/product\/yoast-seo-premium-wordpress\/ -->\n<title>Coneixement - eAgora<\/title>\n<meta name=\"robots\" content=\"index, follow, max-snippet:-1, max-image-preview:large, max-video-preview:-1\" \/>\n<link rel=\"canonical\" href=\"https:\/\/www.eagora.app\/ca\/coneixement\/\" \/>\n<meta property=\"og:locale\" content=\"ca_ES\" \/>\n<meta property=\"og:type\" content=\"article\" \/>\n<meta property=\"og:title\" content=\"Coneixement\" \/>\n<meta property=\"og:description\" content=\"Coneixement El coneixement \u00e9s un dels pilars d&#8217;aquesta comunitat, descobreix la biblioteca de l&#8217;\u00c0gora i fes-la teva. Tots Not\u00edcies Articles Tutorials Clipping premsa Casos d&#8217;\u00e8xit Tots Art\u00edculos Los grandes retos de nuestras ciudades M\u00e1s del 80% de la poblaci\u00f3n en Espa\u00f1a vive en ciudades o zonas urbanas y seg\u00fan Naciones Unidas, este porcentaje se elevar\u00e1 [&hellip;]\" \/>\n<meta property=\"og:url\" content=\"https:\/\/www.eagora.app\/ca\/coneixement\/\" \/>\n<meta property=\"og:site_name\" content=\"eAgora\" \/>\n<meta property=\"article:publisher\" content=\"https:\/\/www.facebook.com\/eAgoraApp\" \/>\n<meta property=\"article:modified_time\" content=\"2023-02-06T14:51:33+00:00\" \/>\n<meta property=\"og:image\" content=\"https:\/\/eagora.app\/wp-content\/uploads\/2022\/12\/post-prueba-6-300x200.jpg\" \/>\n<meta name=\"twitter:card\" content=\"summary_large_image\" \/>\n<meta name=\"twitter:site\" content=\"@EagoraApp\" \/>\n<meta name=\"twitter:label1\" content=\"Temps estimat de lectura\" \/>\n\t<meta name=\"twitter:data1\" content=\"5 minuts\" \/>\n<script type=\"application\/ld+json\" class=\"yoast-schema-graph\">{\"@context\":\"https:\/\/schema.org\",\"@graph\":[{\"@type\":\"WebPage\",\"@id\":\"https:\/\/www.eagora.app\/ca\/coneixement\/\",\"url\":\"https:\/\/www.eagora.app\/ca\/coneixement\/\",\"name\":\"Coneixement - eAgora\",\"isPartOf\":{\"@id\":\"https:\/\/www.eagora.app\/ca\/#website\"},\"primaryImageOfPage\":{\"@id\":\"https:\/\/www.eagora.app\/ca\/coneixement\/#primaryimage\"},\"image\":{\"@id\":\"https:\/\/www.eagora.app\/ca\/coneixement\/#primaryimage\"},\"thumbnailUrl\":\"https:\/\/eagora.app\/wp-content\/uploads\/2022\/12\/post-prueba-6-300x200.jpg\",\"datePublished\":\"2023-01-10T18:47:34+00:00\",\"dateModified\":\"2023-02-06T14:51:33+00:00\",\"breadcrumb\":{\"@id\":\"https:\/\/www.eagora.app\/ca\/coneixement\/#breadcrumb\"},\"inLanguage\":\"ca\",\"potentialAction\":[{\"@type\":\"ReadAction\",\"target\":[\"https:\/\/www.eagora.app\/ca\/coneixement\/\"]}]},{\"@type\":\"ImageObject\",\"inLanguage\":\"ca\",\"@id\":\"https:\/\/www.eagora.app\/ca\/coneixement\/#primaryimage\",\"url\":\"https:\/\/eagora.app\/wp-content\/uploads\/2022\/12\/post-prueba-6-300x200.jpg\",\"contentUrl\":\"https:\/\/eagora.app\/wp-content\/uploads\/2022\/12\/post-prueba-6-300x200.jpg\"},{\"@type\":\"BreadcrumbList\",\"@id\":\"https:\/\/www.eagora.app\/ca\/coneixement\/#breadcrumb\",\"itemListElement\":[{\"@type\":\"ListItem\",\"position\":1,\"name\":\"Inicio\",\"item\":\"https:\/\/www.eagora.app\/ca\/\"},{\"@type\":\"ListItem\",\"position\":2,\"name\":\"Coneixement\"}]},{\"@type\":\"WebSite\",\"@id\":\"https:\/\/www.eagora.app\/ca\/#website\",\"url\":\"https:\/\/www.eagora.app\/ca\/\",\"name\":\"eAgora\",\"description\":\"La plataforma que nos conecta\",\"publisher\":{\"@id\":\"https:\/\/www.eagora.app\/ca\/#organization\"},\"potentialAction\":[{\"@type\":\"SearchAction\",\"target\":{\"@type\":\"EntryPoint\",\"urlTemplate\":\"https:\/\/www.eagora.app\/ca\/?s={search_term_string}\"},\"query-input\":{\"@type\":\"PropertyValueSpecification\",\"valueRequired\":true,\"valueName\":\"search_term_string\"}}],\"inLanguage\":\"ca\"},{\"@type\":\"Organization\",\"@id\":\"https:\/\/www.eagora.app\/ca\/#organization\",\"name\":\"eAgora\",\"url\":\"https:\/\/www.eagora.app\/ca\/\",\"logo\":{\"@type\":\"ImageObject\",\"inLanguage\":\"ca\",\"@id\":\"https:\/\/www.eagora.app\/ca\/#\/schema\/logo\/image\/\",\"url\":\"https:\/\/www.eagora.app\/wp-content\/uploads\/2023\/02\/logo-eagora-emails.jpg\",\"contentUrl\":\"https:\/\/www.eagora.app\/wp-content\/uploads\/2023\/02\/logo-eagora-emails.jpg\",\"width\":550,\"height\":146,\"caption\":\"eAgora\"},\"image\":{\"@id\":\"https:\/\/www.eagora.app\/ca\/#\/schema\/logo\/image\/\"},\"sameAs\":[\"https:\/\/www.facebook.com\/eAgoraApp\",\"https:\/\/x.com\/EagoraApp\",\"https:\/\/www.instagram.com\/eagora.app\/\",\"https:\/\/www.linkedin.com\/company\/eagora\",\"https:\/\/www.youtube.com\/@eAgoraApp\"]}]}<\/script>\n<!-- \/ Yoast SEO Premium plugin. -->","yoast_head_json":{"title":"Coneixement - eAgora","robots":{"index":"index","follow":"follow","max-snippet":"max-snippet:-1","max-image-preview":"max-image-preview:large","max-video-preview":"max-video-preview:-1"},"canonical":"https:\/\/www.eagora.app\/ca\/coneixement\/","og_locale":"ca_ES","og_type":"article","og_title":"Coneixement","og_description":"Coneixement El coneixement \u00e9s un dels pilars d&#8217;aquesta comunitat, descobreix la biblioteca de l&#8217;\u00c0gora i fes-la teva. Tots Not\u00edcies Articles Tutorials Clipping premsa Casos d&#8217;\u00e8xit Tots Art\u00edculos Los grandes retos de nuestras ciudades M\u00e1s del 80% de la poblaci\u00f3n en Espa\u00f1a vive en ciudades o zonas urbanas y seg\u00fan Naciones Unidas, este porcentaje se elevar\u00e1 [&hellip;]","og_url":"https:\/\/www.eagora.app\/ca\/coneixement\/","og_site_name":"eAgora","article_publisher":"https:\/\/www.facebook.com\/eAgoraApp","article_modified_time":"2023-02-06T14:51:33+00:00","og_image":[{"url":"https:\/\/eagora.app\/wp-content\/uploads\/2022\/12\/post-prueba-6-300x200.jpg","type":"","width":"","height":""}],"twitter_card":"summary_large_image","twitter_site":"@EagoraApp","twitter_misc":{"Temps estimat de lectura":"5 minuts"},"schema":{"@context":"https:\/\/schema.org","@graph":[{"@type":"WebPage","@id":"https:\/\/www.eagora.app\/ca\/coneixement\/","url":"https:\/\/www.eagora.app\/ca\/coneixement\/","name":"Coneixement - eAgora","isPartOf":{"@id":"https:\/\/www.eagora.app\/ca\/#website"},"primaryImageOfPage":{"@id":"https:\/\/www.eagora.app\/ca\/coneixement\/#primaryimage"},"image":{"@id":"https:\/\/www.eagora.app\/ca\/coneixement\/#primaryimage"},"thumbnailUrl":"https:\/\/eagora.app\/wp-content\/uploads\/2022\/12\/post-prueba-6-300x200.jpg","datePublished":"2023-01-10T18:47:34+00:00","dateModified":"2023-02-06T14:51:33+00:00","breadcrumb":{"@id":"https:\/\/www.eagora.app\/ca\/coneixement\/#breadcrumb"},"inLanguage":"ca","potentialAction":[{"@type":"ReadAction","target":["https:\/\/www.eagora.app\/ca\/coneixement\/"]}]},{"@type":"ImageObject","inLanguage":"ca","@id":"https:\/\/www.eagora.app\/ca\/coneixement\/#primaryimage","url":"https:\/\/eagora.app\/wp-content\/uploads\/2022\/12\/post-prueba-6-300x200.jpg","contentUrl":"https:\/\/eagora.app\/wp-content\/uploads\/2022\/12\/post-prueba-6-300x200.jpg"},{"@type":"BreadcrumbList","@id":"https:\/\/www.eagora.app\/ca\/coneixement\/#breadcrumb","itemListElement":[{"@type":"ListItem","position":1,"name":"Inicio","item":"https:\/\/www.eagora.app\/ca\/"},{"@type":"ListItem","position":2,"name":"Coneixement"}]},{"@type":"WebSite","@id":"https:\/\/www.eagora.app\/ca\/#website","url":"https:\/\/www.eagora.app\/ca\/","name":"eAgora","description":"La plataforma que nos conecta","publisher":{"@id":"https:\/\/www.eagora.app\/ca\/#organization"},"potentialAction":[{"@type":"SearchAction","target":{"@type":"EntryPoint","urlTemplate":"https:\/\/www.eagora.app\/ca\/?s={search_term_string}"},"query-input":{"@type":"PropertyValueSpecification","valueRequired":true,"valueName":"search_term_string"}}],"inLanguage":"ca"},{"@type":"Organization","@id":"https:\/\/www.eagora.app\/ca\/#organization","name":"eAgora","url":"https:\/\/www.eagora.app\/ca\/","logo":{"@type":"ImageObject","inLanguage":"ca","@id":"https:\/\/www.eagora.app\/ca\/#\/schema\/logo\/image\/","url":"https:\/\/www.eagora.app\/wp-content\/uploads\/2023\/02\/logo-eagora-emails.jpg","contentUrl":"https:\/\/www.eagora.app\/wp-content\/uploads\/2023\/02\/logo-eagora-emails.jpg","width":550,"height":146,"caption":"eAgora"},"image":{"@id":"https:\/\/www.eagora.app\/ca\/#\/schema\/logo\/image\/"},"sameAs":["https:\/\/www.facebook.com\/eAgoraApp","https:\/\/x.com\/EagoraApp","https:\/\/www.instagram.com\/eagora.app\/","https:\/\/www.linkedin.com\/company\/eagora","https:\/\/www.youtube.com\/@eAgoraApp"]}]}},"jetpack_sharing_enabled":true,"_links":{"self":[{"href":"https:\/\/www.eagora.app\/ca\/wp-json\/wp\/v2\/pages\/7698","targetHints":{"allow":["GET"]}}],"collection":[{"href":"https:\/\/www.eagora.app\/ca\/wp-json\/wp\/v2\/pages"}],"about":[{"href":"https:\/\/www.eagora.app\/ca\/wp-json\/wp\/v2\/types\/page"}],"author":[{"embeddable":true,"href":"https:\/\/www.eagora.app\/ca\/wp-json\/wp\/v2\/users\/1"}],"replies":[{"embeddable":true,"href":"https:\/\/www.eagora.app\/ca\/wp-json\/wp\/v2\/comments?post=7698"}],"version-history":[{"count":0,"href":"https:\/\/www.eagora.app\/ca\/wp-json\/wp\/v2\/pages\/7698\/revisions"}],"wp:attachment":[{"href":"https:\/\/www.eagora.app\/ca\/wp-json\/wp\/v2\/media?parent=7698"}],"curies":[{"name":"wp","href":"https:\/\/api.w.org\/{rel}","templated":true}]}}